{"id":77339,"date":"2023-02-28T00:51:26","date_gmt":"2023-02-27T23:51:26","guid":{"rendered":"http:\/\/shop.bantam.ch\/produit\/climatiseur-aventa-compact-distributeur-dair-small-inclus\/"},"modified":"2026-05-02T22:20:44","modified_gmt":"2026-05-02T20:20:44","slug":"climatiseur-aventa-compact-distributeur-dair-small-inclus","status":"publish","type":"product","link":"https:\/\/shop.bantam.ch\/fr\/produit\/climatiseur-aventa-compact-distributeur-dair-small-inclus\/","title":{"rendered":"Climatiseur Aventa compact, distributeur d\u2019air small inclus"},"content":{"rendered":"<p>Le mod\u00e8le compact Aventa est dimensionn\u00e9 pour s&rsquo;adapter \u00e0 n&rsquo;importe quel toit de v\u00e9hicule. En m\u00eame temps, c&rsquo;est le climatiseur de toit le plus l\u00e9ger et le plus silencieux sur le march\u00e9. Une excellente puissance de refroidissement va sans dire.<\/p>\n<p>Pratique : montage simple et rapide de l&rsquo;installation de climatisation par les cadres de montage universels<br \/>Souple : Gamme modulaire de produits Aventa adapt\u00e9e \u00e0 tous les v\u00e9hicules\u00a0: de la fourgonnette au camping-car liner<br \/>Approuv\u00e9 : L&rsquo;obligation de garantie vous donne droit \u00e0 un appareil neuf.<br \/>Utilisation connect\u00e9e : Int\u00e9gration facile dans le syst\u00e8me Truma iNet <br \/>L&rsquo;air froid circule dans tout l&rsquo;int\u00e9rieur via le petit diffuseur d&rsquo;air. Les quatre diffuseurs peuvent \u00eatre r\u00e9gl\u00e9s individuellement et r\u00e9partir le flux d&rsquo;air de mani\u00e8re homog\u00e8ne et sans courants d&rsquo;air dans le v\u00e9hicule.<\/p>\n<p>Aucun espace lat\u00e9ral ne doit \u00eatre pris en compte pour le petit diffuseur d&rsquo;air Cet \u00e9tat de fait et les dimensions compactes permettent des options de conception beaucoup plus souples dans la construction de meubles. Il faut veiller \u00e0 ce qu&rsquo;il n&rsquo;y ait pas d&rsquo;obstacle \u00e0 l&rsquo;\u00e9vacuation de l&rsquo;air devant et derri\u00e8re les diffuseurs d&rsquo;air.<br \/>Une fra\u00eecheur en toute confiance&#8230;<br \/>l\u00e9ger, silencieux et puissant<br \/>Les climatiseurs de toit Truma Aventa compact et Aventa compact plus sont configur\u00e9s pour s&rsquo;adapter \u00e0 presque tous les toits de v\u00e9hicules. Ils sont en m\u00eame temps les plus l\u00e9gers et les plus silencieux.<br \/>Climatiseurs de toit disponibles sur le march\u00e9. Leur excellente puissance frigorifique et leur diffuseur d&rsquo;air r\u00e9glable s\u00e9par\u00e9ment font d&rsquo;eux le premier choix<br \/>pour tous les v\u00e9hicules de loisirs.<br \/>Compact : le climatiseur de toit le plus l\u00e9ger sur le march\u00e9*<br \/>Universel : convient \u00e0 tous les v\u00e9hicules de loisirs<br \/>Confortable : fonctionne en mode tr\u00e8s silencieux<br \/>Hautement performant : refroidit plus rapidement que tout autre climatiseur de toit*<br \/>Intelligent : commande confortable de la climatisation et de la climatisation automatique par l&rsquo;interm\u00e9diaire de l&rsquo;appli<br \/>*dans leur classe de performance<\/p>\n<p>La temp\u00e9rature et le niveau de puissance du ventilateur sont r\u00e9gl\u00e9s via la t\u00e9l\u00e9commande ou, en option, sur le Truma CP plus ou dans l\u2019appli Truma (en combinaison avec l&rsquo;iNet Box de Truma). Le Combi Truma muni du panneau de commande CP plus Truma est d\u00e9j\u00e0 pr\u00e9sent dans la plupart des v\u00e9hicules, de sorte que le syst\u00e8me de climatisation Aventa peut \u00eatre facilement int\u00e9gr\u00e9 dans le syst\u00e8me existant. La climatisation automatique est command\u00e9e par le CP plus Truma ou l&rsquo;appli Truma.<\/p>\n<p>\u00a0<\/p>\n<ul>\n<li>Consommation de courant en mode refroidissement\u00a0: 2,8\u00a0A<\/li>\n<li>Dimensions ext\u00e9rieures : 785 x 265 x 560 mm (l x h x p)<\/li>\n<li>Dimensions int\u00e9rieures : 556 x 46 x 496 mm (l x h x p)<\/li>\n<li>D\u00e9coupe de toit : 380 x 350 mm et 400 x 400 mm (l x p)<\/li>\n<li>\u00c9paisseur de toit\u00a0: 25 &#8211; 50 mm (avec adaptateur d\u2019\u00e9paisseur de toit jusqu\u2019\u00e0 110 mm)<\/li>\n<li>Performance de refroidissement : 1700 W\/5800 BTU\/h<\/li>\n<li>Puissance absorb\u00e9e : 650 W<\/li>\n<\/ul>\n<p>\u00a0<\/p>\n","protected":false},"excerpt":{"rendered":"<p>Le mod\u00e8le compact Aventa est dimensionn\u00e9 pour s&rsquo;adapter \u00e0 n&rsquo;importe quel toit de v\u00e9hicule. En m\u00eame temps, c&rsquo;est le climatiseur de toit le plus l\u00e9ger et le plus silencieux sur le march\u00e9. Une excellente puissance de refroidissement va sans dire. Pratique : montage simple et rapide de l&rsquo;installation de climatisation par les cadres de montage [&hellip;]<\/p>\n","protected":false},"featured_media":77335,"template":"","meta":{"_acf_changed":false},"product_featured_cat":[],"product_brand":[3026],"product_cat":[4089],"product_tag":[],"class_list":{"0":"post-77339","1":"product","2":"type-product","3":"status-publish","4":"has-post-thumbnail","6":"product_brand-truma","7":"product_cat-climatisations","9":"first","10":"instock","11":"featured","12":"taxable","13":"shipping-taxable","14":"purchasable","15":"product-type-variable"},"acf":[],"yoast_head":"<!-- This site is optimized with the Yoast SEO plugin v27.5 - https:\/\/yoast.com\/product\/yoast-seo-wordpress\/ -->\n<title>Climatiseur Aventa compact, distributeur d\u2019air small inclus - Bantam<\/title>\n<meta name=\"robots\" content=\"index, follow, max-snippet:-1, max-image-preview:large, max-video-preview:-1\" \/>\n<link rel=\"canonical\" href=\"https:\/\/shop.bantam.ch\/fr\/produit\/climatiseur-aventa-compact-distributeur-dair-small-inclus\/\" \/>\n<meta property=\"og:locale\" content=\"fr_FR\" \/>\n<meta property=\"og:type\" content=\"article\" \/>\n<meta property=\"og:title\" content=\"Climatiseur Aventa compact, distributeur d\u2019air small inclus - Bantam\" \/>\n<meta property=\"og:description\" content=\"Le mod\u00e8le compact Aventa est dimensionn\u00e9 pour s&rsquo;adapter \u00e0 n&rsquo;importe quel toit de v\u00e9hicule. En m\u00eame temps, c&rsquo;est le climatiseur de toit le plus l\u00e9ger et le plus silencieux sur le march\u00e9. Une excellente puissance de refroidissement va sans dire. Pratique : montage simple et rapide de l&rsquo;installation de climatisation par les cadres de montage [&hellip;]\" \/>\n<meta property=\"og:url\" content=\"https:\/\/shop.bantam.ch\/fr\/produit\/climatiseur-aventa-compact-distributeur-dair-small-inclus\/\" \/>\n<meta property=\"og:site_name\" content=\"Bantam\" \/>\n<meta property=\"article:modified_time\" content=\"2026-05-02T20:20:44+00:00\" \/>\n<meta property=\"og:image\" content=\"https:\/\/shop.bantam.ch\/wp-content\/uploads\/2023\/02\/995422611.jpg\" \/>\n\t<meta property=\"og:image:width\" content=\"1000\" \/>\n\t<meta property=\"og:image:height\" content=\"563\" \/>\n\t<meta property=\"og:image:type\" content=\"image\/jpeg\" \/>\n<meta name=\"twitter:card\" content=\"summary_large_image\" \/>\n<meta name=\"twitter:label1\" content=\"Dur\u00e9e de lecture estim\u00e9e\" \/>\n\t<meta name=\"twitter:data1\" content=\"2 minutes\" \/>\n<script type=\"application\/ld+json\" class=\"yoast-schema-graph\">{\"@context\":\"https:\\\/\\\/schema.org\",\"@graph\":[{\"@type\":\"WebPage\",\"@id\":\"https:\\\/\\\/shop.bantam.ch\\\/fr\\\/produit\\\/climatiseur-aventa-compact-distributeur-dair-small-inclus\\\/\",\"url\":\"https:\\\/\\\/shop.bantam.ch\\\/fr\\\/produit\\\/climatiseur-aventa-compact-distributeur-dair-small-inclus\\\/\",\"name\":\"Climatiseur Aventa compact, distributeur d\u2019air small inclus - Bantam\",\"isPartOf\":{\"@id\":\"https:\\\/\\\/shop.bantam.ch\\\/fr\\\/#website\"},\"primaryImageOfPage\":{\"@id\":\"https:\\\/\\\/shop.bantam.ch\\\/fr\\\/produit\\\/climatiseur-aventa-compact-distributeur-dair-small-inclus\\\/#primaryimage\"},\"image\":{\"@id\":\"https:\\\/\\\/shop.bantam.ch\\\/fr\\\/produit\\\/climatiseur-aventa-compact-distributeur-dair-small-inclus\\\/#primaryimage\"},\"thumbnailUrl\":\"https:\\\/\\\/shop.bantam.ch\\\/wp-content\\\/uploads\\\/2023\\\/02\\\/995422611.jpg\",\"datePublished\":\"2023-02-27T23:51:26+00:00\",\"dateModified\":\"2026-05-02T20:20:44+00:00\",\"breadcrumb\":{\"@id\":\"https:\\\/\\\/shop.bantam.ch\\\/fr\\\/produit\\\/climatiseur-aventa-compact-distributeur-dair-small-inclus\\\/#breadcrumb\"},\"inLanguage\":\"fr-FR\",\"potentialAction\":[{\"@type\":\"ReadAction\",\"target\":[\"https:\\\/\\\/shop.bantam.ch\\\/fr\\\/produit\\\/climatiseur-aventa-compact-distributeur-dair-small-inclus\\\/\"]}]},{\"@type\":\"ImageObject\",\"inLanguage\":\"fr-FR\",\"@id\":\"https:\\\/\\\/shop.bantam.ch\\\/fr\\\/produit\\\/climatiseur-aventa-compact-distributeur-dair-small-inclus\\\/#primaryimage\",\"url\":\"https:\\\/\\\/shop.bantam.ch\\\/wp-content\\\/uploads\\\/2023\\\/02\\\/995422611.jpg\",\"contentUrl\":\"https:\\\/\\\/shop.bantam.ch\\\/wp-content\\\/uploads\\\/2023\\\/02\\\/995422611.jpg\",\"width\":1000,\"height\":563},{\"@type\":\"BreadcrumbList\",\"@id\":\"https:\\\/\\\/shop.bantam.ch\\\/fr\\\/produit\\\/climatiseur-aventa-compact-distributeur-dair-small-inclus\\\/#breadcrumb\",\"itemListElement\":[{\"@type\":\"ListItem\",\"position\":1,\"name\":\"Accueil\",\"item\":\"https:\\\/\\\/shop.bantam.ch\\\/fr\\\/\"},{\"@type\":\"ListItem\",\"position\":2,\"name\":\"Boutique\",\"item\":\"https:\\\/\\\/shop.bantam.ch\\\/fr\\\/boutique\\\/\"},{\"@type\":\"ListItem\",\"position\":3,\"name\":\"Climatiseur Aventa compact, distributeur d\u2019air small inclus\"}]},{\"@type\":\"WebSite\",\"@id\":\"https:\\\/\\\/shop.bantam.ch\\\/fr\\\/#website\",\"url\":\"https:\\\/\\\/shop.bantam.ch\\\/fr\\\/\",\"name\":\"Bantam\",\"description\":\"\",\"publisher\":{\"@id\":\"https:\\\/\\\/shop.bantam.ch\\\/fr\\\/#organization\"},\"inLanguage\":\"fr-FR\"},{\"@type\":\"Organization\",\"@id\":\"https:\\\/\\\/shop.bantam.ch\\\/fr\\\/#organization\",\"name\":\"Bantam\",\"url\":\"https:\\\/\\\/shop.bantam.ch\\\/fr\\\/\",\"logo\":{\"@type\":\"ImageObject\",\"inLanguage\":\"fr-FR\",\"@id\":\"https:\\\/\\\/shop.bantam.ch\\\/fr\\\/#\\\/schema\\\/logo\\\/image\\\/\",\"url\":\"https:\\\/\\\/shop.bantam.ch\\\/wp-content\\\/uploads\\\/2022\\\/12\\\/bantam-logo.png\",\"contentUrl\":\"https:\\\/\\\/shop.bantam.ch\\\/wp-content\\\/uploads\\\/2022\\\/12\\\/bantam-logo.png\",\"width\":320,\"height\":71,\"caption\":\"Bantam\"},\"image\":{\"@id\":\"https:\\\/\\\/shop.bantam.ch\\\/fr\\\/#\\\/schema\\\/logo\\\/image\\\/\"}}]}<\/script>\n<!-- \/ Yoast SEO plugin. -->","yoast_head_json":{"title":"Climatiseur Aventa compact, distributeur d\u2019air small inclus - Bantam","robots":{"index":"index","follow":"follow","max-snippet":"max-snippet:-1","max-image-preview":"max-image-preview:large","max-video-preview":"max-video-preview:-1"},"canonical":"https:\/\/shop.bantam.ch\/fr\/produit\/climatiseur-aventa-compact-distributeur-dair-small-inclus\/","og_locale":"fr_FR","og_type":"article","og_title":"Climatiseur Aventa compact, distributeur d\u2019air small inclus - Bantam","og_description":"Le mod\u00e8le compact Aventa est dimensionn\u00e9 pour s&rsquo;adapter \u00e0 n&rsquo;importe quel toit de v\u00e9hicule. En m\u00eame temps, c&rsquo;est le climatiseur de toit le plus l\u00e9ger et le plus silencieux sur le march\u00e9. Une excellente puissance de refroidissement va sans dire. Pratique : montage simple et rapide de l&rsquo;installation de climatisation par les cadres de montage [&hellip;]","og_url":"https:\/\/shop.bantam.ch\/fr\/produit\/climatiseur-aventa-compact-distributeur-dair-small-inclus\/","og_site_name":"Bantam","article_modified_time":"2026-05-02T20:20:44+00:00","og_image":[{"width":1000,"height":563,"url":"https:\/\/shop.bantam.ch\/wp-content\/uploads\/2023\/02\/995422611.jpg","type":"image\/jpeg"}],"twitter_card":"summary_large_image","twitter_misc":{"Dur\u00e9e de lecture estim\u00e9e":"2 minutes"},"schema":{"@context":"https:\/\/schema.org","@graph":[{"@type":"WebPage","@id":"https:\/\/shop.bantam.ch\/fr\/produit\/climatiseur-aventa-compact-distributeur-dair-small-inclus\/","url":"https:\/\/shop.bantam.ch\/fr\/produit\/climatiseur-aventa-compact-distributeur-dair-small-inclus\/","name":"Climatiseur Aventa compact, distributeur d\u2019air small inclus - Bantam","isPartOf":{"@id":"https:\/\/shop.bantam.ch\/fr\/#website"},"primaryImageOfPage":{"@id":"https:\/\/shop.bantam.ch\/fr\/produit\/climatiseur-aventa-compact-distributeur-dair-small-inclus\/#primaryimage"},"image":{"@id":"https:\/\/shop.bantam.ch\/fr\/produit\/climatiseur-aventa-compact-distributeur-dair-small-inclus\/#primaryimage"},"thumbnailUrl":"https:\/\/shop.bantam.ch\/wp-content\/uploads\/2023\/02\/995422611.jpg","datePublished":"2023-02-27T23:51:26+00:00","dateModified":"2026-05-02T20:20:44+00:00","breadcrumb":{"@id":"https:\/\/shop.bantam.ch\/fr\/produit\/climatiseur-aventa-compact-distributeur-dair-small-inclus\/#breadcrumb"},"inLanguage":"fr-FR","potentialAction":[{"@type":"ReadAction","target":["https:\/\/shop.bantam.ch\/fr\/produit\/climatiseur-aventa-compact-distributeur-dair-small-inclus\/"]}]},{"@type":"ImageObject","inLanguage":"fr-FR","@id":"https:\/\/shop.bantam.ch\/fr\/produit\/climatiseur-aventa-compact-distributeur-dair-small-inclus\/#primaryimage","url":"https:\/\/shop.bantam.ch\/wp-content\/uploads\/2023\/02\/995422611.jpg","contentUrl":"https:\/\/shop.bantam.ch\/wp-content\/uploads\/2023\/02\/995422611.jpg","width":1000,"height":563},{"@type":"BreadcrumbList","@id":"https:\/\/shop.bantam.ch\/fr\/produit\/climatiseur-aventa-compact-distributeur-dair-small-inclus\/#breadcrumb","itemListElement":[{"@type":"ListItem","position":1,"name":"Accueil","item":"https:\/\/shop.bantam.ch\/fr\/"},{"@type":"ListItem","position":2,"name":"Boutique","item":"https:\/\/shop.bantam.ch\/fr\/boutique\/"},{"@type":"ListItem","position":3,"name":"Climatiseur Aventa compact, distributeur d\u2019air small inclus"}]},{"@type":"WebSite","@id":"https:\/\/shop.bantam.ch\/fr\/#website","url":"https:\/\/shop.bantam.ch\/fr\/","name":"Bantam","description":"","publisher":{"@id":"https:\/\/shop.bantam.ch\/fr\/#organization"},"inLanguage":"fr-FR"},{"@type":"Organization","@id":"https:\/\/shop.bantam.ch\/fr\/#organization","name":"Bantam","url":"https:\/\/shop.bantam.ch\/fr\/","logo":{"@type":"ImageObject","inLanguage":"fr-FR","@id":"https:\/\/shop.bantam.ch\/fr\/#\/schema\/logo\/image\/","url":"https:\/\/shop.bantam.ch\/wp-content\/uploads\/2022\/12\/bantam-logo.png","contentUrl":"https:\/\/shop.bantam.ch\/wp-content\/uploads\/2022\/12\/bantam-logo.png","width":320,"height":71,"caption":"Bantam"},"image":{"@id":"https:\/\/shop.bantam.ch\/fr\/#\/schema\/logo\/image\/"}}]}},"_links":{"self":[{"href":"https:\/\/shop.bantam.ch\/fr\/wp-json\/wp\/v2\/product\/77339","targetHints":{"allow":["GET"]}}],"collection":[{"href":"https:\/\/shop.bantam.ch\/fr\/wp-json\/wp\/v2\/product"}],"about":[{"href":"https:\/\/shop.bantam.ch\/fr\/wp-json\/wp\/v2\/types\/product"}],"wp:featuredmedia":[{"embeddable":true,"href":"https:\/\/shop.bantam.ch\/fr\/wp-json\/wp\/v2\/media\/77335"}],"wp:attachment":[{"href":"https:\/\/shop.bantam.ch\/fr\/wp-json\/wp\/v2\/media?parent=77339"}],"wp:term":[{"taxonomy":"product_featured_cat","embeddable":true,"href":"https:\/\/shop.bantam.ch\/fr\/wp-json\/wp\/v2\/product_featured_cat?post=77339"},{"taxonomy":"product_brand","embeddable":true,"href":"https:\/\/shop.bantam.ch\/fr\/wp-json\/wp\/v2\/product_brand?post=77339"},{"taxonomy":"product_cat","embeddable":true,"href":"https:\/\/shop.bantam.ch\/fr\/wp-json\/wp\/v2\/product_cat?post=77339"},{"taxonomy":"product_tag","embeddable":true,"href":"https:\/\/shop.bantam.ch\/fr\/wp-json\/wp\/v2\/product_tag?post=77339"}],"curies":[{"name":"wp","href":"https:\/\/api.w.org\/{rel}","templated":true}]}}