{"id":237285,"date":"2026-05-01T14:41:21","date_gmt":"2026-05-01T12:41:21","guid":{"rendered":"https:\/\/shop.bantam.ch\/produit\/systeme-audio-mercedes-sprinter-s907-910-avec-mbux-a-partir-de-03-2018-avec-pre-equipement-pour-dsp-bos\/"},"modified":"2026-05-03T00:01:12","modified_gmt":"2026-05-02T22:01:12","slug":"systeme-audio-mercedes-sprinter-s907-910-avec-mbux-a-partir-de-03-2018-avec-pre-equipement-pour-dsp-bos","status":"publish","type":"product","link":"https:\/\/shop.bantam.ch\/fr\/produit\/systeme-audio-mercedes-sprinter-s907-910-avec-mbux-a-partir-de-03-2018-avec-pre-equipement-pour-dsp-bos\/","title":{"rendered":"Syst\u00e8me audio Mercedes Sprinter S907\/910 avec MBUX \u00e0 partir de 03\/2018 avec pr\u00e9-\u00e9quipement pour DSP Bos"},"content":{"rendered":"<p data-start=\"0\" data-end=\"130\">Syst\u00e8me audio Caratec CAS213S pour Mercedes-Benz Sprinter S907\/910 avec MBUX et pr\u00e9\u00e9quipement pour bo\u00eetier DSP (code E3D).<\/p>\n<p data-start=\"132\" data-end=\"329\">Non compatible avec les v\u00e9hicules \u00e9quip\u00e9s de MBUX sans pr\u00e9\u00e9quipement ni avec les v\u00e9hicules disposant d\u2019une pr\u00e9installation radio. Pour ces mod\u00e8les, les versions CAS212S et CAS211S sont disponibles.\u00a0Le syst\u00e8me audio actif Plug &amp; Play Caratec CAS213S am\u00e9liore consid\u00e9rablement le son des haut-parleurs d\u2019origine du v\u00e9hicule. Il se compose d\u2019un amplificateur compact \u00e0 6 canaux avec DSP int\u00e9gr\u00e9, d\u2019un subwoofer et d\u2019un faisceau de c\u00e2bles Plug &amp; Play.\u00a0L\u2019amplificateur optimise le rendu des haut-parleurs existants et alimente le subwoofer puissant, cr\u00e9ant ainsi une exp\u00e9rience sonore totalement nouvelle et immersive. Le son se d\u00e9tache des haut-parleurs et semble flotter au-dessus du tableau de bord. Gr\u00e2ce au subwoofer et au soulagement des haut-parleurs d\u2019origine des basses fr\u00e9quences, le rendu devient plus clair et dynamique. L\u2019intelligibilit\u00e9 des voix est \u00e9galement nettement am\u00e9lior\u00e9e, permettant une \u00e9coute agr\u00e9able m\u00eame \u00e0 faible volume.\u00a0Les \u00e9ventuels haut-parleurs de la cellule sont pilot\u00e9s via un filtre passe-haut avec r\u00e9ponse en fr\u00e9quence optimis\u00e9e, ce qui am\u00e9liore \u00e9galement leur dynamique. Un \u00e9ventuel haut-parleur central est d\u00e9sactiv\u00e9 afin d\u2019optimiser le rendu global gr\u00e2ce \u00e0 un r\u00e9glage sonore adapt\u00e9 au v\u00e9hicule.\u00a0Le faisceau Plug &amp; Play pour connecteurs ISO du pr\u00e9\u00e9quipement DSP permet une installation rapide sans connexions suppl\u00e9mentaires. Le subwoofer est g\u00e9n\u00e9ralement install\u00e9 sous le si\u00e8ge passager ou conducteur, mais peut aussi \u00eatre mont\u00e9 ailleurs si n\u00e9cessaire (par exemple derri\u00e8re le si\u00e8ge conducteur). Une rallonge de 2 m (CAZ100L) est disponible en option.\u00a0Les syst\u00e8mes Caratec utilisent des amplificateurs num\u00e9riques pour piloter les haut-parleurs du v\u00e9hicule et int\u00e8grent leur propre subwoofer. Les haut-parleurs d\u2019origine sont ainsi soulag\u00e9s des basses fr\u00e9quences, ce qui am\u00e9liore nettement la qualit\u00e9 sonore, tandis que la puissance d\u2019amplification est augment\u00e9e.\u00a0Puissance totale : 180 W (RMS) \/ 360 W (musicale).\u00a0Amplificateur haute technologie avec conversion analogique-num\u00e9rique des signaux d\u2019origine, traitement via un DSP 56 bits (50 MIPS), puis reconversion via des convertisseurs num\u00e9rique-analogique 24 bits \u00e0 faible bruit.\u00a0Protection contre sous-tension, surtension, courts-circuits et surchauffe.\u00a0Le subwoofer, log\u00e9 sous le si\u00e8ge passager, dispose d\u2019une conception bass-reflex avec filtre passe-haut, d\u2019un volume net de 8 litres et d\u2019une puissance de 100 W RMS. Le haut-parleur de 165 mm (double bobine 2 \u00d7 2 ohms) poss\u00e8de une membrane en cellulose rigide, une suspension en caoutchouc durable et une protection en acier.<\/p>\n<p data-start=\"2388\" data-end=\"2979\">\nSon moteur repose sur une double bobine associ\u00e9e \u00e0 un aimant en ferrite surdimensionn\u00e9, garantissant des performances optimales. Le filtre passe-haut permet d\u2019abaisser la fr\u00e9quence de coupure tout en augmentant le niveau sonore maximal avec une distorsion r\u00e9duite.\u00a0Le r\u00e9sultat : une exp\u00e9rience sonore riche, pr\u00e9cise et particuli\u00e8rement convaincante.<\/p>\n","protected":false},"excerpt":{"rendered":"<p>Syst\u00e8me audio Caratec CAS213S pour Mercedes-Benz Sprinter S907\/910 avec MBUX et pr\u00e9\u00e9quipement pour bo\u00eetier DSP (code E3D). Non compatible avec les v\u00e9hicules \u00e9quip\u00e9s de MBUX sans pr\u00e9\u00e9quipement ni avec les v\u00e9hicules disposant d\u2019une pr\u00e9installation radio. Pour ces mod\u00e8les, les versions CAS212S et CAS211S sont disponibles.\u00a0Le syst\u00e8me audio actif Plug &amp; Play Caratec CAS213S am\u00e9liore consid\u00e9rablement [&hellip;]<\/p>\n","protected":false},"featured_media":237283,"template":"","meta":{"_acf_changed":false},"product_featured_cat":[],"product_brand":[3070],"product_cat":[4499],"product_tag":[],"class_list":{"0":"post-237285","1":"product","2":"type-product","3":"status-publish","4":"has-post-thumbnail","6":"product_brand-caratec","7":"product_cat-haut-parleurs","9":"first","10":"instock","11":"taxable","12":"shipping-taxable","13":"purchasable","14":"product-type-simple"},"acf":[],"yoast_head":"<!-- This site is optimized with the Yoast SEO plugin v27.5 - https:\/\/yoast.com\/product\/yoast-seo-wordpress\/ -->\n<title>Syst\u00e8me audio Mercedes Sprinter S907\/910 avec MBUX \u00e0 partir de 03\/2018 avec pr\u00e9-\u00e9quipement pour DSP Bos - Bantam<\/title>\n<meta name=\"robots\" content=\"index, follow, max-snippet:-1, max-image-preview:large, max-video-preview:-1\" \/>\n<link rel=\"canonical\" href=\"https:\/\/shop.bantam.ch\/fr\/produit\/systeme-audio-mercedes-sprinter-s907-910-avec-mbux-a-partir-de-03-2018-avec-pre-equipement-pour-dsp-bos\/\" \/>\n<meta property=\"og:locale\" content=\"fr_FR\" \/>\n<meta property=\"og:type\" content=\"article\" \/>\n<meta property=\"og:title\" content=\"Syst\u00e8me audio Mercedes Sprinter S907\/910 avec MBUX \u00e0 partir de 03\/2018 avec pr\u00e9-\u00e9quipement pour DSP Bos - Bantam\" \/>\n<meta property=\"og:description\" content=\"Syst\u00e8me audio Caratec CAS213S pour Mercedes-Benz Sprinter S907\/910 avec MBUX et pr\u00e9\u00e9quipement pour bo\u00eetier DSP (code E3D). Non compatible avec les v\u00e9hicules \u00e9quip\u00e9s de MBUX sans pr\u00e9\u00e9quipement ni avec les v\u00e9hicules disposant d\u2019une pr\u00e9installation radio. Pour ces mod\u00e8les, les versions CAS212S et CAS211S sont disponibles.\u00a0Le syst\u00e8me audio actif Plug &amp; Play Caratec CAS213S am\u00e9liore consid\u00e9rablement [&hellip;]\" \/>\n<meta property=\"og:url\" content=\"https:\/\/shop.bantam.ch\/fr\/produit\/systeme-audio-mercedes-sprinter-s907-910-avec-mbux-a-partir-de-03-2018-avec-pre-equipement-pour-dsp-bos\/\" \/>\n<meta property=\"og:site_name\" content=\"Bantam\" \/>\n<meta property=\"article:modified_time\" content=\"2026-05-02T22:01:12+00:00\" \/>\n<meta property=\"og:image\" content=\"https:\/\/shop.bantam.ch\/wp-content\/uploads\/2026\/05\/Movera-L-9949635100.jpg\" \/>\n\t<meta property=\"og:image:width\" content=\"494\" \/>\n\t<meta property=\"og:image:height\" content=\"494\" \/>\n\t<meta property=\"og:image:type\" content=\"image\/jpeg\" \/>\n<meta name=\"twitter:card\" content=\"summary_large_image\" \/>\n<meta name=\"twitter:label1\" content=\"Dur\u00e9e de lecture estim\u00e9e\" \/>\n\t<meta name=\"twitter:data1\" content=\"2 minutes\" \/>\n<script type=\"application\/ld+json\" class=\"yoast-schema-graph\">{\"@context\":\"https:\\\/\\\/schema.org\",\"@graph\":[{\"@type\":\"WebPage\",\"@id\":\"https:\\\/\\\/shop.bantam.ch\\\/fr\\\/produit\\\/systeme-audio-mercedes-sprinter-s907-910-avec-mbux-a-partir-de-03-2018-avec-pre-equipement-pour-dsp-bos\\\/\",\"url\":\"https:\\\/\\\/shop.bantam.ch\\\/fr\\\/produit\\\/systeme-audio-mercedes-sprinter-s907-910-avec-mbux-a-partir-de-03-2018-avec-pre-equipement-pour-dsp-bos\\\/\",\"name\":\"Syst\u00e8me audio Mercedes Sprinter S907\\\/910 avec MBUX \u00e0 partir de 03\\\/2018 avec pr\u00e9-\u00e9quipement pour DSP Bos - Bantam\",\"isPartOf\":{\"@id\":\"https:\\\/\\\/shop.bantam.ch\\\/fr\\\/#website\"},\"primaryImageOfPage\":{\"@id\":\"https:\\\/\\\/shop.bantam.ch\\\/fr\\\/produit\\\/systeme-audio-mercedes-sprinter-s907-910-avec-mbux-a-partir-de-03-2018-avec-pre-equipement-pour-dsp-bos\\\/#primaryimage\"},\"image\":{\"@id\":\"https:\\\/\\\/shop.bantam.ch\\\/fr\\\/produit\\\/systeme-audio-mercedes-sprinter-s907-910-avec-mbux-a-partir-de-03-2018-avec-pre-equipement-pour-dsp-bos\\\/#primaryimage\"},\"thumbnailUrl\":\"https:\\\/\\\/shop.bantam.ch\\\/wp-content\\\/uploads\\\/2026\\\/05\\\/Movera-L-9949635100.jpg\",\"datePublished\":\"2026-05-01T12:41:21+00:00\",\"dateModified\":\"2026-05-02T22:01:12+00:00\",\"breadcrumb\":{\"@id\":\"https:\\\/\\\/shop.bantam.ch\\\/fr\\\/produit\\\/systeme-audio-mercedes-sprinter-s907-910-avec-mbux-a-partir-de-03-2018-avec-pre-equipement-pour-dsp-bos\\\/#breadcrumb\"},\"inLanguage\":\"fr-FR\",\"potentialAction\":[{\"@type\":\"ReadAction\",\"target\":[\"https:\\\/\\\/shop.bantam.ch\\\/fr\\\/produit\\\/systeme-audio-mercedes-sprinter-s907-910-avec-mbux-a-partir-de-03-2018-avec-pre-equipement-pour-dsp-bos\\\/\"]}]},{\"@type\":\"ImageObject\",\"inLanguage\":\"fr-FR\",\"@id\":\"https:\\\/\\\/shop.bantam.ch\\\/fr\\\/produit\\\/systeme-audio-mercedes-sprinter-s907-910-avec-mbux-a-partir-de-03-2018-avec-pre-equipement-pour-dsp-bos\\\/#primaryimage\",\"url\":\"https:\\\/\\\/shop.bantam.ch\\\/wp-content\\\/uploads\\\/2026\\\/05\\\/Movera-L-9949635100.jpg\",\"contentUrl\":\"https:\\\/\\\/shop.bantam.ch\\\/wp-content\\\/uploads\\\/2026\\\/05\\\/Movera-L-9949635100.jpg\",\"width\":494,\"height\":494},{\"@type\":\"BreadcrumbList\",\"@id\":\"https:\\\/\\\/shop.bantam.ch\\\/fr\\\/produit\\\/systeme-audio-mercedes-sprinter-s907-910-avec-mbux-a-partir-de-03-2018-avec-pre-equipement-pour-dsp-bos\\\/#breadcrumb\",\"itemListElement\":[{\"@type\":\"ListItem\",\"position\":1,\"name\":\"Accueil\",\"item\":\"https:\\\/\\\/shop.bantam.ch\\\/fr\\\/\"},{\"@type\":\"ListItem\",\"position\":2,\"name\":\"Boutique\",\"item\":\"https:\\\/\\\/shop.bantam.ch\\\/fr\\\/boutique\\\/\"},{\"@type\":\"ListItem\",\"position\":3,\"name\":\"Syst\u00e8me audio Mercedes Sprinter S907\\\/910 avec MBUX \u00e0 partir de 03\\\/2018 avec pr\u00e9-\u00e9quipement pour DSP Bos\"}]},{\"@type\":\"WebSite\",\"@id\":\"https:\\\/\\\/shop.bantam.ch\\\/fr\\\/#website\",\"url\":\"https:\\\/\\\/shop.bantam.ch\\\/fr\\\/\",\"name\":\"Bantam\",\"description\":\"\",\"publisher\":{\"@id\":\"https:\\\/\\\/shop.bantam.ch\\\/fr\\\/#organization\"},\"inLanguage\":\"fr-FR\"},{\"@type\":\"Organization\",\"@id\":\"https:\\\/\\\/shop.bantam.ch\\\/fr\\\/#organization\",\"name\":\"Bantam\",\"url\":\"https:\\\/\\\/shop.bantam.ch\\\/fr\\\/\",\"logo\":{\"@type\":\"ImageObject\",\"inLanguage\":\"fr-FR\",\"@id\":\"https:\\\/\\\/shop.bantam.ch\\\/fr\\\/#\\\/schema\\\/logo\\\/image\\\/\",\"url\":\"https:\\\/\\\/shop.bantam.ch\\\/wp-content\\\/uploads\\\/2022\\\/12\\\/bantam-logo.png\",\"contentUrl\":\"https:\\\/\\\/shop.bantam.ch\\\/wp-content\\\/uploads\\\/2022\\\/12\\\/bantam-logo.png\",\"width\":320,\"height\":71,\"caption\":\"Bantam\"},\"image\":{\"@id\":\"https:\\\/\\\/shop.bantam.ch\\\/fr\\\/#\\\/schema\\\/logo\\\/image\\\/\"}}]}<\/script>\n<!-- \/ Yoast SEO plugin. -->","yoast_head_json":{"title":"Syst\u00e8me audio Mercedes Sprinter S907\/910 avec MBUX \u00e0 partir de 03\/2018 avec pr\u00e9-\u00e9quipement pour DSP Bos - Bantam","robots":{"index":"index","follow":"follow","max-snippet":"max-snippet:-1","max-image-preview":"max-image-preview:large","max-video-preview":"max-video-preview:-1"},"canonical":"https:\/\/shop.bantam.ch\/fr\/produit\/systeme-audio-mercedes-sprinter-s907-910-avec-mbux-a-partir-de-03-2018-avec-pre-equipement-pour-dsp-bos\/","og_locale":"fr_FR","og_type":"article","og_title":"Syst\u00e8me audio Mercedes Sprinter S907\/910 avec MBUX \u00e0 partir de 03\/2018 avec pr\u00e9-\u00e9quipement pour DSP Bos - Bantam","og_description":"Syst\u00e8me audio Caratec CAS213S pour Mercedes-Benz Sprinter S907\/910 avec MBUX et pr\u00e9\u00e9quipement pour bo\u00eetier DSP (code E3D). Non compatible avec les v\u00e9hicules \u00e9quip\u00e9s de MBUX sans pr\u00e9\u00e9quipement ni avec les v\u00e9hicules disposant d\u2019une pr\u00e9installation radio. Pour ces mod\u00e8les, les versions CAS212S et CAS211S sont disponibles.\u00a0Le syst\u00e8me audio actif Plug &amp; Play Caratec CAS213S am\u00e9liore consid\u00e9rablement [&hellip;]","og_url":"https:\/\/shop.bantam.ch\/fr\/produit\/systeme-audio-mercedes-sprinter-s907-910-avec-mbux-a-partir-de-03-2018-avec-pre-equipement-pour-dsp-bos\/","og_site_name":"Bantam","article_modified_time":"2026-05-02T22:01:12+00:00","og_image":[{"width":494,"height":494,"url":"https:\/\/shop.bantam.ch\/wp-content\/uploads\/2026\/05\/Movera-L-9949635100.jpg","type":"image\/jpeg"}],"twitter_card":"summary_large_image","twitter_misc":{"Dur\u00e9e de lecture estim\u00e9e":"2 minutes"},"schema":{"@context":"https:\/\/schema.org","@graph":[{"@type":"WebPage","@id":"https:\/\/shop.bantam.ch\/fr\/produit\/systeme-audio-mercedes-sprinter-s907-910-avec-mbux-a-partir-de-03-2018-avec-pre-equipement-pour-dsp-bos\/","url":"https:\/\/shop.bantam.ch\/fr\/produit\/systeme-audio-mercedes-sprinter-s907-910-avec-mbux-a-partir-de-03-2018-avec-pre-equipement-pour-dsp-bos\/","name":"Syst\u00e8me audio Mercedes Sprinter S907\/910 avec MBUX \u00e0 partir de 03\/2018 avec pr\u00e9-\u00e9quipement pour DSP Bos - Bantam","isPartOf":{"@id":"https:\/\/shop.bantam.ch\/fr\/#website"},"primaryImageOfPage":{"@id":"https:\/\/shop.bantam.ch\/fr\/produit\/systeme-audio-mercedes-sprinter-s907-910-avec-mbux-a-partir-de-03-2018-avec-pre-equipement-pour-dsp-bos\/#primaryimage"},"image":{"@id":"https:\/\/shop.bantam.ch\/fr\/produit\/systeme-audio-mercedes-sprinter-s907-910-avec-mbux-a-partir-de-03-2018-avec-pre-equipement-pour-dsp-bos\/#primaryimage"},"thumbnailUrl":"https:\/\/shop.bantam.ch\/wp-content\/uploads\/2026\/05\/Movera-L-9949635100.jpg","datePublished":"2026-05-01T12:41:21+00:00","dateModified":"2026-05-02T22:01:12+00:00","breadcrumb":{"@id":"https:\/\/shop.bantam.ch\/fr\/produit\/systeme-audio-mercedes-sprinter-s907-910-avec-mbux-a-partir-de-03-2018-avec-pre-equipement-pour-dsp-bos\/#breadcrumb"},"inLanguage":"fr-FR","potentialAction":[{"@type":"ReadAction","target":["https:\/\/shop.bantam.ch\/fr\/produit\/systeme-audio-mercedes-sprinter-s907-910-avec-mbux-a-partir-de-03-2018-avec-pre-equipement-pour-dsp-bos\/"]}]},{"@type":"ImageObject","inLanguage":"fr-FR","@id":"https:\/\/shop.bantam.ch\/fr\/produit\/systeme-audio-mercedes-sprinter-s907-910-avec-mbux-a-partir-de-03-2018-avec-pre-equipement-pour-dsp-bos\/#primaryimage","url":"https:\/\/shop.bantam.ch\/wp-content\/uploads\/2026\/05\/Movera-L-9949635100.jpg","contentUrl":"https:\/\/shop.bantam.ch\/wp-content\/uploads\/2026\/05\/Movera-L-9949635100.jpg","width":494,"height":494},{"@type":"BreadcrumbList","@id":"https:\/\/shop.bantam.ch\/fr\/produit\/systeme-audio-mercedes-sprinter-s907-910-avec-mbux-a-partir-de-03-2018-avec-pre-equipement-pour-dsp-bos\/#breadcrumb","itemListElement":[{"@type":"ListItem","position":1,"name":"Accueil","item":"https:\/\/shop.bantam.ch\/fr\/"},{"@type":"ListItem","position":2,"name":"Boutique","item":"https:\/\/shop.bantam.ch\/fr\/boutique\/"},{"@type":"ListItem","position":3,"name":"Syst\u00e8me audio Mercedes Sprinter S907\/910 avec MBUX \u00e0 partir de 03\/2018 avec pr\u00e9-\u00e9quipement pour DSP Bos"}]},{"@type":"WebSite","@id":"https:\/\/shop.bantam.ch\/fr\/#website","url":"https:\/\/shop.bantam.ch\/fr\/","name":"Bantam","description":"","publisher":{"@id":"https:\/\/shop.bantam.ch\/fr\/#organization"},"inLanguage":"fr-FR"},{"@type":"Organization","@id":"https:\/\/shop.bantam.ch\/fr\/#organization","name":"Bantam","url":"https:\/\/shop.bantam.ch\/fr\/","logo":{"@type":"ImageObject","inLanguage":"fr-FR","@id":"https:\/\/shop.bantam.ch\/fr\/#\/schema\/logo\/image\/","url":"https:\/\/shop.bantam.ch\/wp-content\/uploads\/2022\/12\/bantam-logo.png","contentUrl":"https:\/\/shop.bantam.ch\/wp-content\/uploads\/2022\/12\/bantam-logo.png","width":320,"height":71,"caption":"Bantam"},"image":{"@id":"https:\/\/shop.bantam.ch\/fr\/#\/schema\/logo\/image\/"}}]}},"_links":{"self":[{"href":"https:\/\/shop.bantam.ch\/fr\/wp-json\/wp\/v2\/product\/237285","targetHints":{"allow":["GET"]}}],"collection":[{"href":"https:\/\/shop.bantam.ch\/fr\/wp-json\/wp\/v2\/product"}],"about":[{"href":"https:\/\/shop.bantam.ch\/fr\/wp-json\/wp\/v2\/types\/product"}],"wp:featuredmedia":[{"embeddable":true,"href":"https:\/\/shop.bantam.ch\/fr\/wp-json\/wp\/v2\/media\/237283"}],"wp:attachment":[{"href":"https:\/\/shop.bantam.ch\/fr\/wp-json\/wp\/v2\/media?parent=237285"}],"wp:term":[{"taxonomy":"product_featured_cat","embeddable":true,"href":"https:\/\/shop.bantam.ch\/fr\/wp-json\/wp\/v2\/product_featured_cat?post=237285"},{"taxonomy":"product_brand","embeddable":true,"href":"https:\/\/shop.bantam.ch\/fr\/wp-json\/wp\/v2\/product_brand?post=237285"},{"taxonomy":"product_cat","embeddable":true,"href":"https:\/\/shop.bantam.ch\/fr\/wp-json\/wp\/v2\/product_cat?post=237285"},{"taxonomy":"product_tag","embeddable":true,"href":"https:\/\/shop.bantam.ch\/fr\/wp-json\/wp\/v2\/product_tag?post=237285"}],"curies":[{"name":"wp","href":"https:\/\/api.w.org\/{rel}","templated":true}]}}