{"id":237237,"date":"2026-05-01T11:49:24","date_gmt":"2026-05-01T09:49:24","guid":{"rendered":"https:\/\/shop.bantam.ch\/produit\/porte-velos-probc2-avec-fonction-de-rabattement-pour-2-velos-electriques\/"},"modified":"2026-05-02T00:01:41","modified_gmt":"2026-05-01T22:01:41","slug":"porte-velos-probc2-avec-fonction-de-rabattement-pour-2-velos-electriques","status":"publish","type":"product","link":"https:\/\/shop.bantam.ch\/fr\/produit\/porte-velos-probc2-avec-fonction-de-rabattement-pour-2-velos-electriques\/","title":{"rendered":"Porte-v\u00e9los PROBC2+ avec fonction de rabattement pour 2 v\u00e9los \u00e9lectriques"},"content":{"rendered":"<p data-start=\"0\" data-end=\"550\">Avec les mod\u00e8les de la s\u00e9rie EUFAB PROBC, vous transportez vos v\u00e9los en toute s\u00e9curit\u00e9. Ces porte-v\u00e9los s\u00e9duisent par une technologie bien pens\u00e9e, une fabrication de qualit\u00e9 et une utilisation simple. Leur construction robuste permet \u00e9galement de transporter des v\u00e9los \u00e9lectriques et des v\u00e9los avec une g\u00e9om\u00e9trie de cadre particuli\u00e8re. Gr\u00e2ce au syst\u00e8me de fixation rapide, le montage sur l\u2019attelage se fait rapidement, sans outil. La fonction basculante int\u00e9gr\u00e9e vous permet d\u2019acc\u00e9der au coffre \u00e0 tout moment, m\u00eame lorsque les v\u00e9los sont charg\u00e9s.<\/p>\n<p data-start=\"552\" data-end=\"754\" data-is-last-node=\"\" data-is-only-node=\"\">Tous les mod\u00e8les de la s\u00e9rie PROBC offrent une s\u00e9curit\u00e9 maximale gr\u00e2ce \u00e0 des bras de maintien verrouillables, des supports de roues antid\u00e9rapants et des fixations de cadre particuli\u00e8rement robustes.<\/p>\n","protected":false},"excerpt":{"rendered":"<p>Avec les mod\u00e8les de la s\u00e9rie EUFAB PROBC, vous transportez vos v\u00e9los en toute s\u00e9curit\u00e9. Ces porte-v\u00e9los s\u00e9duisent par une technologie bien pens\u00e9e, une fabrication de qualit\u00e9 et une utilisation simple. Leur construction robuste permet \u00e9galement de transporter des v\u00e9los \u00e9lectriques et des v\u00e9los avec une g\u00e9om\u00e9trie de cadre particuli\u00e8re. Gr\u00e2ce au syst\u00e8me de fixation [&hellip;]<\/p>\n","protected":false},"featured_media":237227,"template":"","meta":{"_acf_changed":false},"product_featured_cat":[],"product_brand":[5393],"product_cat":[4697],"product_tag":[],"class_list":{"0":"post-237237","1":"product","2":"type-product","3":"status-publish","4":"has-post-thumbnail","6":"product_brand-eufab","7":"product_cat-accessoires-pour-porte-velos","9":"first","10":"instock","11":"taxable","12":"shipping-taxable","13":"purchasable","14":"product-type-simple"},"acf":[],"yoast_head":"<!-- This site is optimized with the Yoast SEO plugin v27.5 - https:\/\/yoast.com\/product\/yoast-seo-wordpress\/ -->\n<title>Porte-v\u00e9los PROBC2+ avec fonction de rabattement pour 2 v\u00e9los \u00e9lectriques - Bantam<\/title>\n<meta name=\"robots\" content=\"index, follow, max-snippet:-1, max-image-preview:large, max-video-preview:-1\" \/>\n<link rel=\"canonical\" href=\"https:\/\/shop.bantam.ch\/fr\/produit\/porte-velos-probc2-avec-fonction-de-rabattement-pour-2-velos-electriques\/\" \/>\n<meta property=\"og:locale\" content=\"fr_FR\" \/>\n<meta property=\"og:type\" content=\"article\" \/>\n<meta property=\"og:title\" content=\"Porte-v\u00e9los PROBC2+ avec fonction de rabattement pour 2 v\u00e9los \u00e9lectriques - Bantam\" \/>\n<meta property=\"og:description\" content=\"Avec les mod\u00e8les de la s\u00e9rie EUFAB PROBC, vous transportez vos v\u00e9los en toute s\u00e9curit\u00e9. Ces porte-v\u00e9los s\u00e9duisent par une technologie bien pens\u00e9e, une fabrication de qualit\u00e9 et une utilisation simple. Leur construction robuste permet \u00e9galement de transporter des v\u00e9los \u00e9lectriques et des v\u00e9los avec une g\u00e9om\u00e9trie de cadre particuli\u00e8re. Gr\u00e2ce au syst\u00e8me de fixation [&hellip;]\" \/>\n<meta property=\"og:url\" content=\"https:\/\/shop.bantam.ch\/fr\/produit\/porte-velos-probc2-avec-fonction-de-rabattement-pour-2-velos-electriques\/\" \/>\n<meta property=\"og:site_name\" content=\"Bantam\" \/>\n<meta property=\"article:modified_time\" content=\"2026-05-01T22:01:41+00:00\" \/>\n<meta property=\"og:image\" content=\"https:\/\/shop.bantam.ch\/wp-content\/uploads\/2026\/05\/Movera-L-9949344100.png\" \/>\n\t<meta property=\"og:image:width\" content=\"640\" \/>\n\t<meta property=\"og:image:height\" content=\"486\" \/>\n\t<meta property=\"og:image:type\" content=\"image\/png\" \/>\n<meta name=\"twitter:card\" content=\"summary_large_image\" \/>\n<meta name=\"twitter:label1\" content=\"Dur\u00e9e de lecture estim\u00e9e\" \/>\n\t<meta name=\"twitter:data1\" content=\"1 minute\" \/>\n<script type=\"application\/ld+json\" class=\"yoast-schema-graph\">{\"@context\":\"https:\\\/\\\/schema.org\",\"@graph\":[{\"@type\":\"WebPage\",\"@id\":\"https:\\\/\\\/shop.bantam.ch\\\/fr\\\/produit\\\/porte-velos-probc2-avec-fonction-de-rabattement-pour-2-velos-electriques\\\/\",\"url\":\"https:\\\/\\\/shop.bantam.ch\\\/fr\\\/produit\\\/porte-velos-probc2-avec-fonction-de-rabattement-pour-2-velos-electriques\\\/\",\"name\":\"Porte-v\u00e9los PROBC2+ avec fonction de rabattement pour 2 v\u00e9los \u00e9lectriques - Bantam\",\"isPartOf\":{\"@id\":\"https:\\\/\\\/shop.bantam.ch\\\/fr\\\/#website\"},\"primaryImageOfPage\":{\"@id\":\"https:\\\/\\\/shop.bantam.ch\\\/fr\\\/produit\\\/porte-velos-probc2-avec-fonction-de-rabattement-pour-2-velos-electriques\\\/#primaryimage\"},\"image\":{\"@id\":\"https:\\\/\\\/shop.bantam.ch\\\/fr\\\/produit\\\/porte-velos-probc2-avec-fonction-de-rabattement-pour-2-velos-electriques\\\/#primaryimage\"},\"thumbnailUrl\":\"https:\\\/\\\/shop.bantam.ch\\\/wp-content\\\/uploads\\\/2026\\\/05\\\/Movera-L-9949344100.png\",\"datePublished\":\"2026-05-01T09:49:24+00:00\",\"dateModified\":\"2026-05-01T22:01:41+00:00\",\"breadcrumb\":{\"@id\":\"https:\\\/\\\/shop.bantam.ch\\\/fr\\\/produit\\\/porte-velos-probc2-avec-fonction-de-rabattement-pour-2-velos-electriques\\\/#breadcrumb\"},\"inLanguage\":\"fr-FR\",\"potentialAction\":[{\"@type\":\"ReadAction\",\"target\":[\"https:\\\/\\\/shop.bantam.ch\\\/fr\\\/produit\\\/porte-velos-probc2-avec-fonction-de-rabattement-pour-2-velos-electriques\\\/\"]}]},{\"@type\":\"ImageObject\",\"inLanguage\":\"fr-FR\",\"@id\":\"https:\\\/\\\/shop.bantam.ch\\\/fr\\\/produit\\\/porte-velos-probc2-avec-fonction-de-rabattement-pour-2-velos-electriques\\\/#primaryimage\",\"url\":\"https:\\\/\\\/shop.bantam.ch\\\/wp-content\\\/uploads\\\/2026\\\/05\\\/Movera-L-9949344100.png\",\"contentUrl\":\"https:\\\/\\\/shop.bantam.ch\\\/wp-content\\\/uploads\\\/2026\\\/05\\\/Movera-L-9949344100.png\",\"width\":640,\"height\":486},{\"@type\":\"BreadcrumbList\",\"@id\":\"https:\\\/\\\/shop.bantam.ch\\\/fr\\\/produit\\\/porte-velos-probc2-avec-fonction-de-rabattement-pour-2-velos-electriques\\\/#breadcrumb\",\"itemListElement\":[{\"@type\":\"ListItem\",\"position\":1,\"name\":\"Accueil\",\"item\":\"https:\\\/\\\/shop.bantam.ch\\\/fr\\\/\"},{\"@type\":\"ListItem\",\"position\":2,\"name\":\"Boutique\",\"item\":\"https:\\\/\\\/shop.bantam.ch\\\/fr\\\/boutique\\\/\"},{\"@type\":\"ListItem\",\"position\":3,\"name\":\"Porte-v\u00e9los PROBC2+ avec fonction de rabattement pour 2 v\u00e9los \u00e9lectriques\"}]},{\"@type\":\"WebSite\",\"@id\":\"https:\\\/\\\/shop.bantam.ch\\\/fr\\\/#website\",\"url\":\"https:\\\/\\\/shop.bantam.ch\\\/fr\\\/\",\"name\":\"Bantam\",\"description\":\"\",\"publisher\":{\"@id\":\"https:\\\/\\\/shop.bantam.ch\\\/fr\\\/#organization\"},\"inLanguage\":\"fr-FR\"},{\"@type\":\"Organization\",\"@id\":\"https:\\\/\\\/shop.bantam.ch\\\/fr\\\/#organization\",\"name\":\"Bantam\",\"url\":\"https:\\\/\\\/shop.bantam.ch\\\/fr\\\/\",\"logo\":{\"@type\":\"ImageObject\",\"inLanguage\":\"fr-FR\",\"@id\":\"https:\\\/\\\/shop.bantam.ch\\\/fr\\\/#\\\/schema\\\/logo\\\/image\\\/\",\"url\":\"https:\\\/\\\/shop.bantam.ch\\\/wp-content\\\/uploads\\\/2022\\\/12\\\/bantam-logo.png\",\"contentUrl\":\"https:\\\/\\\/shop.bantam.ch\\\/wp-content\\\/uploads\\\/2022\\\/12\\\/bantam-logo.png\",\"width\":320,\"height\":71,\"caption\":\"Bantam\"},\"image\":{\"@id\":\"https:\\\/\\\/shop.bantam.ch\\\/fr\\\/#\\\/schema\\\/logo\\\/image\\\/\"}}]}<\/script>\n<!-- \/ Yoast SEO plugin. -->","yoast_head_json":{"title":"Porte-v\u00e9los PROBC2+ avec fonction de rabattement pour 2 v\u00e9los \u00e9lectriques - Bantam","robots":{"index":"index","follow":"follow","max-snippet":"max-snippet:-1","max-image-preview":"max-image-preview:large","max-video-preview":"max-video-preview:-1"},"canonical":"https:\/\/shop.bantam.ch\/fr\/produit\/porte-velos-probc2-avec-fonction-de-rabattement-pour-2-velos-electriques\/","og_locale":"fr_FR","og_type":"article","og_title":"Porte-v\u00e9los PROBC2+ avec fonction de rabattement pour 2 v\u00e9los \u00e9lectriques - Bantam","og_description":"Avec les mod\u00e8les de la s\u00e9rie EUFAB PROBC, vous transportez vos v\u00e9los en toute s\u00e9curit\u00e9. Ces porte-v\u00e9los s\u00e9duisent par une technologie bien pens\u00e9e, une fabrication de qualit\u00e9 et une utilisation simple. Leur construction robuste permet \u00e9galement de transporter des v\u00e9los \u00e9lectriques et des v\u00e9los avec une g\u00e9om\u00e9trie de cadre particuli\u00e8re. Gr\u00e2ce au syst\u00e8me de fixation [&hellip;]","og_url":"https:\/\/shop.bantam.ch\/fr\/produit\/porte-velos-probc2-avec-fonction-de-rabattement-pour-2-velos-electriques\/","og_site_name":"Bantam","article_modified_time":"2026-05-01T22:01:41+00:00","og_image":[{"width":640,"height":486,"url":"https:\/\/shop.bantam.ch\/wp-content\/uploads\/2026\/05\/Movera-L-9949344100.png","type":"image\/png"}],"twitter_card":"summary_large_image","twitter_misc":{"Dur\u00e9e de lecture estim\u00e9e":"1 minute"},"schema":{"@context":"https:\/\/schema.org","@graph":[{"@type":"WebPage","@id":"https:\/\/shop.bantam.ch\/fr\/produit\/porte-velos-probc2-avec-fonction-de-rabattement-pour-2-velos-electriques\/","url":"https:\/\/shop.bantam.ch\/fr\/produit\/porte-velos-probc2-avec-fonction-de-rabattement-pour-2-velos-electriques\/","name":"Porte-v\u00e9los PROBC2+ avec fonction de rabattement pour 2 v\u00e9los \u00e9lectriques - Bantam","isPartOf":{"@id":"https:\/\/shop.bantam.ch\/fr\/#website"},"primaryImageOfPage":{"@id":"https:\/\/shop.bantam.ch\/fr\/produit\/porte-velos-probc2-avec-fonction-de-rabattement-pour-2-velos-electriques\/#primaryimage"},"image":{"@id":"https:\/\/shop.bantam.ch\/fr\/produit\/porte-velos-probc2-avec-fonction-de-rabattement-pour-2-velos-electriques\/#primaryimage"},"thumbnailUrl":"https:\/\/shop.bantam.ch\/wp-content\/uploads\/2026\/05\/Movera-L-9949344100.png","datePublished":"2026-05-01T09:49:24+00:00","dateModified":"2026-05-01T22:01:41+00:00","breadcrumb":{"@id":"https:\/\/shop.bantam.ch\/fr\/produit\/porte-velos-probc2-avec-fonction-de-rabattement-pour-2-velos-electriques\/#breadcrumb"},"inLanguage":"fr-FR","potentialAction":[{"@type":"ReadAction","target":["https:\/\/shop.bantam.ch\/fr\/produit\/porte-velos-probc2-avec-fonction-de-rabattement-pour-2-velos-electriques\/"]}]},{"@type":"ImageObject","inLanguage":"fr-FR","@id":"https:\/\/shop.bantam.ch\/fr\/produit\/porte-velos-probc2-avec-fonction-de-rabattement-pour-2-velos-electriques\/#primaryimage","url":"https:\/\/shop.bantam.ch\/wp-content\/uploads\/2026\/05\/Movera-L-9949344100.png","contentUrl":"https:\/\/shop.bantam.ch\/wp-content\/uploads\/2026\/05\/Movera-L-9949344100.png","width":640,"height":486},{"@type":"BreadcrumbList","@id":"https:\/\/shop.bantam.ch\/fr\/produit\/porte-velos-probc2-avec-fonction-de-rabattement-pour-2-velos-electriques\/#breadcrumb","itemListElement":[{"@type":"ListItem","position":1,"name":"Accueil","item":"https:\/\/shop.bantam.ch\/fr\/"},{"@type":"ListItem","position":2,"name":"Boutique","item":"https:\/\/shop.bantam.ch\/fr\/boutique\/"},{"@type":"ListItem","position":3,"name":"Porte-v\u00e9los PROBC2+ avec fonction de rabattement pour 2 v\u00e9los \u00e9lectriques"}]},{"@type":"WebSite","@id":"https:\/\/shop.bantam.ch\/fr\/#website","url":"https:\/\/shop.bantam.ch\/fr\/","name":"Bantam","description":"","publisher":{"@id":"https:\/\/shop.bantam.ch\/fr\/#organization"},"inLanguage":"fr-FR"},{"@type":"Organization","@id":"https:\/\/shop.bantam.ch\/fr\/#organization","name":"Bantam","url":"https:\/\/shop.bantam.ch\/fr\/","logo":{"@type":"ImageObject","inLanguage":"fr-FR","@id":"https:\/\/shop.bantam.ch\/fr\/#\/schema\/logo\/image\/","url":"https:\/\/shop.bantam.ch\/wp-content\/uploads\/2022\/12\/bantam-logo.png","contentUrl":"https:\/\/shop.bantam.ch\/wp-content\/uploads\/2022\/12\/bantam-logo.png","width":320,"height":71,"caption":"Bantam"},"image":{"@id":"https:\/\/shop.bantam.ch\/fr\/#\/schema\/logo\/image\/"}}]}},"_links":{"self":[{"href":"https:\/\/shop.bantam.ch\/fr\/wp-json\/wp\/v2\/product\/237237","targetHints":{"allow":["GET"]}}],"collection":[{"href":"https:\/\/shop.bantam.ch\/fr\/wp-json\/wp\/v2\/product"}],"about":[{"href":"https:\/\/shop.bantam.ch\/fr\/wp-json\/wp\/v2\/types\/product"}],"wp:featuredmedia":[{"embeddable":true,"href":"https:\/\/shop.bantam.ch\/fr\/wp-json\/wp\/v2\/media\/237227"}],"wp:attachment":[{"href":"https:\/\/shop.bantam.ch\/fr\/wp-json\/wp\/v2\/media?parent=237237"}],"wp:term":[{"taxonomy":"product_featured_cat","embeddable":true,"href":"https:\/\/shop.bantam.ch\/fr\/wp-json\/wp\/v2\/product_featured_cat?post=237237"},{"taxonomy":"product_brand","embeddable":true,"href":"https:\/\/shop.bantam.ch\/fr\/wp-json\/wp\/v2\/product_brand?post=237237"},{"taxonomy":"product_cat","embeddable":true,"href":"https:\/\/shop.bantam.ch\/fr\/wp-json\/wp\/v2\/product_cat?post=237237"},{"taxonomy":"product_tag","embeddable":true,"href":"https:\/\/shop.bantam.ch\/fr\/wp-json\/wp\/v2\/product_tag?post=237237"}],"curies":[{"name":"wp","href":"https:\/\/api.w.org\/{rel}","templated":true}]}}