{"id":236322,"date":"2026-04-29T15:36:47","date_gmt":"2026-04-29T13:36:47","guid":{"rendered":"https:\/\/shop.bantam.ch\/produit\/bache-de-protection-frontale-240x267-cm-pour-integraux\/"},"modified":"2026-04-30T00:06:45","modified_gmt":"2026-04-29T22:06:45","slug":"bache-de-protection-frontale-240x267-cm-pour-integraux","status":"publish","type":"product","link":"https:\/\/shop.bantam.ch\/fr\/produit\/bache-de-protection-frontale-240x267-cm-pour-integraux\/","title":{"rendered":"B\u00e2che de protection frontale 240&#215;267 cm pour int\u00e9graux"},"content":{"rendered":"<p>La b\u00e2che de protection frontale SUPRA universal HINDERMANN est facile \u00e0 fixer. Il suffit de l&rsquo;accrocher aux r\u00e9troviseurs et de la tendre. La livraison comprend des tendeurs en caoutchouc (pas de vis ni de per\u00e7age). La b\u00e2che de protection frontale HINDERMANN SUPRA universal en TYVEK\u00ae, r\u00e9sistante \u00e0 la d\u00e9chirure et \u00e0 l&rsquo;usure, peut \u00eatre pos\u00e9e directement sur la surface du v\u00e9hicule et reste respirante m\u00eame en cas de neige. Elle peut en outre \u00eatre lav\u00e9e et est recyclable. Il suffit de l&rsquo;accrocher et c&rsquo;est tout : un tendeur en caoutchouc est int\u00e9gr\u00e9 le long du bord sup\u00e9rieur de la natte de protection solaire. Pour le fixer, il suffit de le placer sur les r\u00e9troviseurs ext\u00e9rieurs et de l&rsquo;accrocher aux \u0153illets des pattes de fixation lat\u00e9rales. Le long du bord inf\u00e9rieur se trouvent des pattes de fixation avec des \u0153illets en plastique renforc\u00e9s. Des languettes de protection sont utilis\u00e9es pour prot\u00e9ger la peinture contre les frottements.<\/p>\n<ul>\n<li>Version sans isolation<\/li>\n<li>respirant, r\u00e9sistant, r\u00e9sistant \u00e0 l&rsquo;eau<\/li>\n<li>l\u00e9ger, souple, lavable \u00e0 30\u00b0C<\/li>\n<li>prot\u00e8ge du soleil, de la pluie, de la neige, des salissures<\/li>\n<li>emp\u00eache la d\u00e9coloration et pr\u00e9serve les joints en caoutchouc<\/li>\n<\/ul>\n","protected":false},"excerpt":{"rendered":"<p>La b\u00e2che de protection frontale SUPRA universal HINDERMANN est facile \u00e0 fixer. Il suffit de l&rsquo;accrocher aux r\u00e9troviseurs et de la tendre. La livraison comprend des tendeurs en caoutchouc (pas de vis ni de per\u00e7age). La b\u00e2che de protection frontale HINDERMANN SUPRA universal en TYVEK\u00ae, r\u00e9sistante \u00e0 la d\u00e9chirure et \u00e0 l&rsquo;usure, peut \u00eatre pos\u00e9e [&hellip;]<\/p>\n","protected":false},"featured_media":236312,"template":"","meta":{"_acf_changed":false},"product_featured_cat":[],"product_brand":[3040],"product_cat":[4643],"product_tag":[],"class_list":{"0":"post-236322","1":"product","2":"type-product","3":"status-publish","4":"has-post-thumbnail","6":"product_brand-hindermann","7":"product_cat-housses-de-protection","9":"first","10":"instock","11":"taxable","12":"shipping-taxable","13":"purchasable","14":"product-type-simple"},"acf":[],"yoast_head":"<!-- This site is optimized with the Yoast SEO plugin v27.5 - https:\/\/yoast.com\/product\/yoast-seo-wordpress\/ -->\n<title>B\u00e2che de protection frontale 240x267 cm pour int\u00e9graux - Bantam<\/title>\n<meta name=\"robots\" content=\"index, follow, max-snippet:-1, max-image-preview:large, max-video-preview:-1\" \/>\n<link rel=\"canonical\" href=\"https:\/\/shop.bantam.ch\/fr\/produit\/bache-de-protection-frontale-240x267-cm-pour-integraux\/\" \/>\n<meta property=\"og:locale\" content=\"fr_FR\" \/>\n<meta property=\"og:type\" content=\"article\" \/>\n<meta property=\"og:title\" content=\"B\u00e2che de protection frontale 240x267 cm pour int\u00e9graux - Bantam\" \/>\n<meta property=\"og:description\" content=\"La b\u00e2che de protection frontale SUPRA universal HINDERMANN est facile \u00e0 fixer. Il suffit de l&rsquo;accrocher aux r\u00e9troviseurs et de la tendre. La livraison comprend des tendeurs en caoutchouc (pas de vis ni de per\u00e7age). La b\u00e2che de protection frontale HINDERMANN SUPRA universal en TYVEK\u00ae, r\u00e9sistante \u00e0 la d\u00e9chirure et \u00e0 l&rsquo;usure, peut \u00eatre pos\u00e9e [&hellip;]\" \/>\n<meta property=\"og:url\" content=\"https:\/\/shop.bantam.ch\/fr\/produit\/bache-de-protection-frontale-240x267-cm-pour-integraux\/\" \/>\n<meta property=\"og:site_name\" content=\"Bantam\" \/>\n<meta property=\"article:modified_time\" content=\"2026-04-29T22:06:45+00:00\" \/>\n<meta property=\"og:image\" content=\"https:\/\/shop.bantam.ch\/wp-content\/uploads\/2026\/04\/Movera-L-9933471100.png\" \/>\n\t<meta property=\"og:image:width\" content=\"420\" \/>\n\t<meta property=\"og:image:height\" content=\"420\" \/>\n\t<meta property=\"og:image:type\" content=\"image\/png\" \/>\n<meta name=\"twitter:card\" content=\"summary_large_image\" \/>\n<meta name=\"twitter:label1\" content=\"Dur\u00e9e de lecture estim\u00e9e\" \/>\n\t<meta name=\"twitter:data1\" content=\"1 minute\" \/>\n<script type=\"application\/ld+json\" class=\"yoast-schema-graph\">{\"@context\":\"https:\\\/\\\/schema.org\",\"@graph\":[{\"@type\":\"WebPage\",\"@id\":\"https:\\\/\\\/shop.bantam.ch\\\/fr\\\/produit\\\/bache-de-protection-frontale-240x267-cm-pour-integraux\\\/\",\"url\":\"https:\\\/\\\/shop.bantam.ch\\\/fr\\\/produit\\\/bache-de-protection-frontale-240x267-cm-pour-integraux\\\/\",\"name\":\"B\u00e2che de protection frontale 240x267 cm pour int\u00e9graux - Bantam\",\"isPartOf\":{\"@id\":\"https:\\\/\\\/shop.bantam.ch\\\/fr\\\/#website\"},\"primaryImageOfPage\":{\"@id\":\"https:\\\/\\\/shop.bantam.ch\\\/fr\\\/produit\\\/bache-de-protection-frontale-240x267-cm-pour-integraux\\\/#primaryimage\"},\"image\":{\"@id\":\"https:\\\/\\\/shop.bantam.ch\\\/fr\\\/produit\\\/bache-de-protection-frontale-240x267-cm-pour-integraux\\\/#primaryimage\"},\"thumbnailUrl\":\"https:\\\/\\\/shop.bantam.ch\\\/wp-content\\\/uploads\\\/2026\\\/04\\\/Movera-L-9933471100.png\",\"datePublished\":\"2026-04-29T13:36:47+00:00\",\"dateModified\":\"2026-04-29T22:06:45+00:00\",\"breadcrumb\":{\"@id\":\"https:\\\/\\\/shop.bantam.ch\\\/fr\\\/produit\\\/bache-de-protection-frontale-240x267-cm-pour-integraux\\\/#breadcrumb\"},\"inLanguage\":\"fr-FR\",\"potentialAction\":[{\"@type\":\"ReadAction\",\"target\":[\"https:\\\/\\\/shop.bantam.ch\\\/fr\\\/produit\\\/bache-de-protection-frontale-240x267-cm-pour-integraux\\\/\"]}]},{\"@type\":\"ImageObject\",\"inLanguage\":\"fr-FR\",\"@id\":\"https:\\\/\\\/shop.bantam.ch\\\/fr\\\/produit\\\/bache-de-protection-frontale-240x267-cm-pour-integraux\\\/#primaryimage\",\"url\":\"https:\\\/\\\/shop.bantam.ch\\\/wp-content\\\/uploads\\\/2026\\\/04\\\/Movera-L-9933471100.png\",\"contentUrl\":\"https:\\\/\\\/shop.bantam.ch\\\/wp-content\\\/uploads\\\/2026\\\/04\\\/Movera-L-9933471100.png\",\"width\":420,\"height\":420},{\"@type\":\"BreadcrumbList\",\"@id\":\"https:\\\/\\\/shop.bantam.ch\\\/fr\\\/produit\\\/bache-de-protection-frontale-240x267-cm-pour-integraux\\\/#breadcrumb\",\"itemListElement\":[{\"@type\":\"ListItem\",\"position\":1,\"name\":\"Accueil\",\"item\":\"https:\\\/\\\/shop.bantam.ch\\\/fr\\\/\"},{\"@type\":\"ListItem\",\"position\":2,\"name\":\"Boutique\",\"item\":\"https:\\\/\\\/shop.bantam.ch\\\/fr\\\/boutique\\\/\"},{\"@type\":\"ListItem\",\"position\":3,\"name\":\"B\u00e2che de protection frontale 240&#215;267 cm pour int\u00e9graux\"}]},{\"@type\":\"WebSite\",\"@id\":\"https:\\\/\\\/shop.bantam.ch\\\/fr\\\/#website\",\"url\":\"https:\\\/\\\/shop.bantam.ch\\\/fr\\\/\",\"name\":\"Bantam\",\"description\":\"\",\"publisher\":{\"@id\":\"https:\\\/\\\/shop.bantam.ch\\\/fr\\\/#organization\"},\"inLanguage\":\"fr-FR\"},{\"@type\":\"Organization\",\"@id\":\"https:\\\/\\\/shop.bantam.ch\\\/fr\\\/#organization\",\"name\":\"Bantam\",\"url\":\"https:\\\/\\\/shop.bantam.ch\\\/fr\\\/\",\"logo\":{\"@type\":\"ImageObject\",\"inLanguage\":\"fr-FR\",\"@id\":\"https:\\\/\\\/shop.bantam.ch\\\/fr\\\/#\\\/schema\\\/logo\\\/image\\\/\",\"url\":\"https:\\\/\\\/shop.bantam.ch\\\/wp-content\\\/uploads\\\/2022\\\/12\\\/bantam-logo.png\",\"contentUrl\":\"https:\\\/\\\/shop.bantam.ch\\\/wp-content\\\/uploads\\\/2022\\\/12\\\/bantam-logo.png\",\"width\":320,\"height\":71,\"caption\":\"Bantam\"},\"image\":{\"@id\":\"https:\\\/\\\/shop.bantam.ch\\\/fr\\\/#\\\/schema\\\/logo\\\/image\\\/\"}}]}<\/script>\n<!-- \/ Yoast SEO plugin. -->","yoast_head_json":{"title":"B\u00e2che de protection frontale 240x267 cm pour int\u00e9graux - Bantam","robots":{"index":"index","follow":"follow","max-snippet":"max-snippet:-1","max-image-preview":"max-image-preview:large","max-video-preview":"max-video-preview:-1"},"canonical":"https:\/\/shop.bantam.ch\/fr\/produit\/bache-de-protection-frontale-240x267-cm-pour-integraux\/","og_locale":"fr_FR","og_type":"article","og_title":"B\u00e2che de protection frontale 240x267 cm pour int\u00e9graux - Bantam","og_description":"La b\u00e2che de protection frontale SUPRA universal HINDERMANN est facile \u00e0 fixer. Il suffit de l&rsquo;accrocher aux r\u00e9troviseurs et de la tendre. La livraison comprend des tendeurs en caoutchouc (pas de vis ni de per\u00e7age). La b\u00e2che de protection frontale HINDERMANN SUPRA universal en TYVEK\u00ae, r\u00e9sistante \u00e0 la d\u00e9chirure et \u00e0 l&rsquo;usure, peut \u00eatre pos\u00e9e [&hellip;]","og_url":"https:\/\/shop.bantam.ch\/fr\/produit\/bache-de-protection-frontale-240x267-cm-pour-integraux\/","og_site_name":"Bantam","article_modified_time":"2026-04-29T22:06:45+00:00","og_image":[{"width":420,"height":420,"url":"https:\/\/shop.bantam.ch\/wp-content\/uploads\/2026\/04\/Movera-L-9933471100.png","type":"image\/png"}],"twitter_card":"summary_large_image","twitter_misc":{"Dur\u00e9e de lecture estim\u00e9e":"1 minute"},"schema":{"@context":"https:\/\/schema.org","@graph":[{"@type":"WebPage","@id":"https:\/\/shop.bantam.ch\/fr\/produit\/bache-de-protection-frontale-240x267-cm-pour-integraux\/","url":"https:\/\/shop.bantam.ch\/fr\/produit\/bache-de-protection-frontale-240x267-cm-pour-integraux\/","name":"B\u00e2che de protection frontale 240x267 cm pour int\u00e9graux - Bantam","isPartOf":{"@id":"https:\/\/shop.bantam.ch\/fr\/#website"},"primaryImageOfPage":{"@id":"https:\/\/shop.bantam.ch\/fr\/produit\/bache-de-protection-frontale-240x267-cm-pour-integraux\/#primaryimage"},"image":{"@id":"https:\/\/shop.bantam.ch\/fr\/produit\/bache-de-protection-frontale-240x267-cm-pour-integraux\/#primaryimage"},"thumbnailUrl":"https:\/\/shop.bantam.ch\/wp-content\/uploads\/2026\/04\/Movera-L-9933471100.png","datePublished":"2026-04-29T13:36:47+00:00","dateModified":"2026-04-29T22:06:45+00:00","breadcrumb":{"@id":"https:\/\/shop.bantam.ch\/fr\/produit\/bache-de-protection-frontale-240x267-cm-pour-integraux\/#breadcrumb"},"inLanguage":"fr-FR","potentialAction":[{"@type":"ReadAction","target":["https:\/\/shop.bantam.ch\/fr\/produit\/bache-de-protection-frontale-240x267-cm-pour-integraux\/"]}]},{"@type":"ImageObject","inLanguage":"fr-FR","@id":"https:\/\/shop.bantam.ch\/fr\/produit\/bache-de-protection-frontale-240x267-cm-pour-integraux\/#primaryimage","url":"https:\/\/shop.bantam.ch\/wp-content\/uploads\/2026\/04\/Movera-L-9933471100.png","contentUrl":"https:\/\/shop.bantam.ch\/wp-content\/uploads\/2026\/04\/Movera-L-9933471100.png","width":420,"height":420},{"@type":"BreadcrumbList","@id":"https:\/\/shop.bantam.ch\/fr\/produit\/bache-de-protection-frontale-240x267-cm-pour-integraux\/#breadcrumb","itemListElement":[{"@type":"ListItem","position":1,"name":"Accueil","item":"https:\/\/shop.bantam.ch\/fr\/"},{"@type":"ListItem","position":2,"name":"Boutique","item":"https:\/\/shop.bantam.ch\/fr\/boutique\/"},{"@type":"ListItem","position":3,"name":"B\u00e2che de protection frontale 240&#215;267 cm pour int\u00e9graux"}]},{"@type":"WebSite","@id":"https:\/\/shop.bantam.ch\/fr\/#website","url":"https:\/\/shop.bantam.ch\/fr\/","name":"Bantam","description":"","publisher":{"@id":"https:\/\/shop.bantam.ch\/fr\/#organization"},"inLanguage":"fr-FR"},{"@type":"Organization","@id":"https:\/\/shop.bantam.ch\/fr\/#organization","name":"Bantam","url":"https:\/\/shop.bantam.ch\/fr\/","logo":{"@type":"ImageObject","inLanguage":"fr-FR","@id":"https:\/\/shop.bantam.ch\/fr\/#\/schema\/logo\/image\/","url":"https:\/\/shop.bantam.ch\/wp-content\/uploads\/2022\/12\/bantam-logo.png","contentUrl":"https:\/\/shop.bantam.ch\/wp-content\/uploads\/2022\/12\/bantam-logo.png","width":320,"height":71,"caption":"Bantam"},"image":{"@id":"https:\/\/shop.bantam.ch\/fr\/#\/schema\/logo\/image\/"}}]}},"_links":{"self":[{"href":"https:\/\/shop.bantam.ch\/fr\/wp-json\/wp\/v2\/product\/236322","targetHints":{"allow":["GET"]}}],"collection":[{"href":"https:\/\/shop.bantam.ch\/fr\/wp-json\/wp\/v2\/product"}],"about":[{"href":"https:\/\/shop.bantam.ch\/fr\/wp-json\/wp\/v2\/types\/product"}],"wp:featuredmedia":[{"embeddable":true,"href":"https:\/\/shop.bantam.ch\/fr\/wp-json\/wp\/v2\/media\/236312"}],"wp:attachment":[{"href":"https:\/\/shop.bantam.ch\/fr\/wp-json\/wp\/v2\/media?parent=236322"}],"wp:term":[{"taxonomy":"product_featured_cat","embeddable":true,"href":"https:\/\/shop.bantam.ch\/fr\/wp-json\/wp\/v2\/product_featured_cat?post=236322"},{"taxonomy":"product_brand","embeddable":true,"href":"https:\/\/shop.bantam.ch\/fr\/wp-json\/wp\/v2\/product_brand?post=236322"},{"taxonomy":"product_cat","embeddable":true,"href":"https:\/\/shop.bantam.ch\/fr\/wp-json\/wp\/v2\/product_cat?post=236322"},{"taxonomy":"product_tag","embeddable":true,"href":"https:\/\/shop.bantam.ch\/fr\/wp-json\/wp\/v2\/product_tag?post=236322"}],"curies":[{"name":"wp","href":"https:\/\/api.w.org\/{rel}","templated":true}]}}