{"id":235443,"date":"2026-04-01T11:17:52","date_gmt":"2026-04-01T09:17:52","guid":{"rendered":"https:\/\/shop.bantam.ch\/produit\/kummerlyfrey-carte-de-randonnee-n-39-dents-du-midi-val-dilliez-leysin-140-000-140000\/"},"modified":"2026-05-01T23:55:52","modified_gmt":"2026-05-01T21:55:52","slug":"kummerlyfrey-carte-de-randonnee-n-39-dents-du-midi-val-dilliez-leysin-140-000-140000","status":"publish","type":"product","link":"https:\/\/shop.bantam.ch\/fr\/produit\/kummerlyfrey-carte-de-randonnee-n-39-dents-du-midi-val-dilliez-leysin-140-000-140000\/","title":{"rendered":"K\u00fcmmerly+Frey \u2013 Carte de randonn\u00e9e n\u00b0 39 Dents du Midi, Val d&rsquo;Illiez, Leysin 1:40.000. 1:40&rsquo;000"},"content":{"rendered":"<p>Vivez les plus belles randonn\u00e9es ! Planifiez, d\u00e9couvrez et emportez les meilleurs itin\u00e9raires. Ces cartes de randonn\u00e9e \u00e0 l\u2019\u00e9chelle 1:40 000 constituent une base id\u00e9ale pour planifier vos excursions. La cartographie pr\u00e9cise indique les sentiers praticables avec leur classification. Des informations sur l\u2019h\u00e9bergement et la restauration, les lignes de bus avec arr\u00eats, les remont\u00e9es m\u00e9caniques, les parcs r\u00e9gionaux, les sites touristiques et bien plus encore sont incluses sur la carte. Gr\u00e2ce \u00e0 la qualit\u00e9 du papier r\u00e9sistant aux d\u00e9chirures et aux intemp\u00e9ries, la carte est un compagnon fiable partout. Compatible GPS, courbes de niveau tous les 25 m\u00e8tres.<br \/>\nFormat : 111 x 200 mm, finition mate lamin\u00e9e.<\/p>\n","protected":false},"excerpt":{"rendered":"<p>Vivez les plus belles randonn\u00e9es ! Planifiez, d\u00e9couvrez et emportez les meilleurs itin\u00e9raires. Ces cartes de randonn\u00e9e \u00e0 l\u2019\u00e9chelle 1:40 000 constituent une base id\u00e9ale pour planifier vos excursions. La cartographie pr\u00e9cise indique les sentiers praticables avec leur classification. Des informations sur l\u2019h\u00e9bergement et la restauration, les lignes de bus avec arr\u00eats, les remont\u00e9es m\u00e9caniques, [&hellip;]<\/p>\n","protected":false},"featured_media":235441,"template":"","meta":{"_acf_changed":false},"product_featured_cat":[],"product_brand":[3692],"product_cat":[4351],"product_tag":[],"class_list":{"0":"post-235443","1":"product","2":"type-product","3":"status-publish","4":"has-post-thumbnail","6":"product_brand-kummerly-frey","7":"product_cat-guides-de-voyage","9":"first","10":"instock","11":"taxable","12":"shipping-taxable","13":"purchasable","14":"product-type-simple"},"acf":[],"yoast_head":"<!-- This site is optimized with the Yoast SEO plugin v27.5 - https:\/\/yoast.com\/product\/yoast-seo-wordpress\/ -->\n<title>K\u00fcmmerly+Frey \u2013 Carte de randonn\u00e9e n\u00b0 39 Dents du Midi, Val d&#039;Illiez, Leysin 1:40.000. 1:40&#039;000 - Bantam<\/title>\n<meta name=\"robots\" content=\"index, follow, max-snippet:-1, max-image-preview:large, max-video-preview:-1\" \/>\n<link rel=\"canonical\" href=\"https:\/\/shop.bantam.ch\/fr\/produit\/kummerlyfrey-carte-de-randonnee-n-39-dents-du-midi-val-dilliez-leysin-140-000-140000\/\" \/>\n<meta property=\"og:locale\" content=\"fr_FR\" \/>\n<meta property=\"og:type\" content=\"article\" \/>\n<meta property=\"og:title\" content=\"K\u00fcmmerly+Frey \u2013 Carte de randonn\u00e9e n\u00b0 39 Dents du Midi, Val d&#039;Illiez, Leysin 1:40.000. 1:40&#039;000 - Bantam\" \/>\n<meta property=\"og:description\" content=\"Vivez les plus belles randonn\u00e9es ! Planifiez, d\u00e9couvrez et emportez les meilleurs itin\u00e9raires. Ces cartes de randonn\u00e9e \u00e0 l\u2019\u00e9chelle 1:40 000 constituent une base id\u00e9ale pour planifier vos excursions. La cartographie pr\u00e9cise indique les sentiers praticables avec leur classification. Des informations sur l\u2019h\u00e9bergement et la restauration, les lignes de bus avec arr\u00eats, les remont\u00e9es m\u00e9caniques, [&hellip;]\" \/>\n<meta property=\"og:url\" content=\"https:\/\/shop.bantam.ch\/fr\/produit\/kummerlyfrey-carte-de-randonnee-n-39-dents-du-midi-val-dilliez-leysin-140-000-140000\/\" \/>\n<meta property=\"og:site_name\" content=\"Bantam\" \/>\n<meta property=\"article:modified_time\" content=\"2026-05-01T21:55:52+00:00\" \/>\n<meta property=\"og:image\" content=\"https:\/\/shop.bantam.ch\/wp-content\/uploads\/2026\/04\/76326040.jpg\" \/>\n\t<meta property=\"og:image:width\" content=\"101\" \/>\n\t<meta property=\"og:image:height\" content=\"180\" \/>\n\t<meta property=\"og:image:type\" content=\"image\/jpeg\" \/>\n<meta name=\"twitter:card\" content=\"summary_large_image\" \/>\n<meta name=\"twitter:label1\" content=\"Dur\u00e9e de lecture estim\u00e9e\" \/>\n\t<meta name=\"twitter:data1\" content=\"1 minute\" \/>\n<script type=\"application\/ld+json\" class=\"yoast-schema-graph\">{\"@context\":\"https:\\\/\\\/schema.org\",\"@graph\":[{\"@type\":\"WebPage\",\"@id\":\"https:\\\/\\\/shop.bantam.ch\\\/fr\\\/produit\\\/kummerlyfrey-carte-de-randonnee-n-39-dents-du-midi-val-dilliez-leysin-140-000-140000\\\/\",\"url\":\"https:\\\/\\\/shop.bantam.ch\\\/fr\\\/produit\\\/kummerlyfrey-carte-de-randonnee-n-39-dents-du-midi-val-dilliez-leysin-140-000-140000\\\/\",\"name\":\"K\u00fcmmerly+Frey \u2013 Carte de randonn\u00e9e n\u00b0 39 Dents du Midi, Val d'Illiez, Leysin 1:40.000. 1:40'000 - Bantam\",\"isPartOf\":{\"@id\":\"https:\\\/\\\/shop.bantam.ch\\\/fr\\\/#website\"},\"primaryImageOfPage\":{\"@id\":\"https:\\\/\\\/shop.bantam.ch\\\/fr\\\/produit\\\/kummerlyfrey-carte-de-randonnee-n-39-dents-du-midi-val-dilliez-leysin-140-000-140000\\\/#primaryimage\"},\"image\":{\"@id\":\"https:\\\/\\\/shop.bantam.ch\\\/fr\\\/produit\\\/kummerlyfrey-carte-de-randonnee-n-39-dents-du-midi-val-dilliez-leysin-140-000-140000\\\/#primaryimage\"},\"thumbnailUrl\":\"https:\\\/\\\/shop.bantam.ch\\\/wp-content\\\/uploads\\\/2026\\\/04\\\/76326040.jpg\",\"datePublished\":\"2026-04-01T09:17:52+00:00\",\"dateModified\":\"2026-05-01T21:55:52+00:00\",\"breadcrumb\":{\"@id\":\"https:\\\/\\\/shop.bantam.ch\\\/fr\\\/produit\\\/kummerlyfrey-carte-de-randonnee-n-39-dents-du-midi-val-dilliez-leysin-140-000-140000\\\/#breadcrumb\"},\"inLanguage\":\"fr-FR\",\"potentialAction\":[{\"@type\":\"ReadAction\",\"target\":[\"https:\\\/\\\/shop.bantam.ch\\\/fr\\\/produit\\\/kummerlyfrey-carte-de-randonnee-n-39-dents-du-midi-val-dilliez-leysin-140-000-140000\\\/\"]}]},{\"@type\":\"ImageObject\",\"inLanguage\":\"fr-FR\",\"@id\":\"https:\\\/\\\/shop.bantam.ch\\\/fr\\\/produit\\\/kummerlyfrey-carte-de-randonnee-n-39-dents-du-midi-val-dilliez-leysin-140-000-140000\\\/#primaryimage\",\"url\":\"https:\\\/\\\/shop.bantam.ch\\\/wp-content\\\/uploads\\\/2026\\\/04\\\/76326040.jpg\",\"contentUrl\":\"https:\\\/\\\/shop.bantam.ch\\\/wp-content\\\/uploads\\\/2026\\\/04\\\/76326040.jpg\",\"width\":101,\"height\":180},{\"@type\":\"BreadcrumbList\",\"@id\":\"https:\\\/\\\/shop.bantam.ch\\\/fr\\\/produit\\\/kummerlyfrey-carte-de-randonnee-n-39-dents-du-midi-val-dilliez-leysin-140-000-140000\\\/#breadcrumb\",\"itemListElement\":[{\"@type\":\"ListItem\",\"position\":1,\"name\":\"Accueil\",\"item\":\"https:\\\/\\\/shop.bantam.ch\\\/fr\\\/\"},{\"@type\":\"ListItem\",\"position\":2,\"name\":\"Boutique\",\"item\":\"https:\\\/\\\/shop.bantam.ch\\\/fr\\\/boutique\\\/\"},{\"@type\":\"ListItem\",\"position\":3,\"name\":\"K\u00fcmmerly+Frey \u2013 Carte de randonn\u00e9e n\u00b0 39 Dents du Midi, Val d&rsquo;Illiez, Leysin 1:40.000. 1:40&rsquo;000\"}]},{\"@type\":\"WebSite\",\"@id\":\"https:\\\/\\\/shop.bantam.ch\\\/fr\\\/#website\",\"url\":\"https:\\\/\\\/shop.bantam.ch\\\/fr\\\/\",\"name\":\"Bantam\",\"description\":\"\",\"publisher\":{\"@id\":\"https:\\\/\\\/shop.bantam.ch\\\/fr\\\/#organization\"},\"inLanguage\":\"fr-FR\"},{\"@type\":\"Organization\",\"@id\":\"https:\\\/\\\/shop.bantam.ch\\\/fr\\\/#organization\",\"name\":\"Bantam\",\"url\":\"https:\\\/\\\/shop.bantam.ch\\\/fr\\\/\",\"logo\":{\"@type\":\"ImageObject\",\"inLanguage\":\"fr-FR\",\"@id\":\"https:\\\/\\\/shop.bantam.ch\\\/fr\\\/#\\\/schema\\\/logo\\\/image\\\/\",\"url\":\"https:\\\/\\\/shop.bantam.ch\\\/wp-content\\\/uploads\\\/2022\\\/12\\\/bantam-logo.png\",\"contentUrl\":\"https:\\\/\\\/shop.bantam.ch\\\/wp-content\\\/uploads\\\/2022\\\/12\\\/bantam-logo.png\",\"width\":320,\"height\":71,\"caption\":\"Bantam\"},\"image\":{\"@id\":\"https:\\\/\\\/shop.bantam.ch\\\/fr\\\/#\\\/schema\\\/logo\\\/image\\\/\"}}]}<\/script>\n<!-- \/ Yoast SEO plugin. -->","yoast_head_json":{"title":"K\u00fcmmerly+Frey \u2013 Carte de randonn\u00e9e n\u00b0 39 Dents du Midi, Val d'Illiez, Leysin 1:40.000. 1:40'000 - Bantam","robots":{"index":"index","follow":"follow","max-snippet":"max-snippet:-1","max-image-preview":"max-image-preview:large","max-video-preview":"max-video-preview:-1"},"canonical":"https:\/\/shop.bantam.ch\/fr\/produit\/kummerlyfrey-carte-de-randonnee-n-39-dents-du-midi-val-dilliez-leysin-140-000-140000\/","og_locale":"fr_FR","og_type":"article","og_title":"K\u00fcmmerly+Frey \u2013 Carte de randonn\u00e9e n\u00b0 39 Dents du Midi, Val d'Illiez, Leysin 1:40.000. 1:40'000 - Bantam","og_description":"Vivez les plus belles randonn\u00e9es ! Planifiez, d\u00e9couvrez et emportez les meilleurs itin\u00e9raires. Ces cartes de randonn\u00e9e \u00e0 l\u2019\u00e9chelle 1:40 000 constituent une base id\u00e9ale pour planifier vos excursions. La cartographie pr\u00e9cise indique les sentiers praticables avec leur classification. Des informations sur l\u2019h\u00e9bergement et la restauration, les lignes de bus avec arr\u00eats, les remont\u00e9es m\u00e9caniques, [&hellip;]","og_url":"https:\/\/shop.bantam.ch\/fr\/produit\/kummerlyfrey-carte-de-randonnee-n-39-dents-du-midi-val-dilliez-leysin-140-000-140000\/","og_site_name":"Bantam","article_modified_time":"2026-05-01T21:55:52+00:00","og_image":[{"width":101,"height":180,"url":"https:\/\/shop.bantam.ch\/wp-content\/uploads\/2026\/04\/76326040.jpg","type":"image\/jpeg"}],"twitter_card":"summary_large_image","twitter_misc":{"Dur\u00e9e de lecture estim\u00e9e":"1 minute"},"schema":{"@context":"https:\/\/schema.org","@graph":[{"@type":"WebPage","@id":"https:\/\/shop.bantam.ch\/fr\/produit\/kummerlyfrey-carte-de-randonnee-n-39-dents-du-midi-val-dilliez-leysin-140-000-140000\/","url":"https:\/\/shop.bantam.ch\/fr\/produit\/kummerlyfrey-carte-de-randonnee-n-39-dents-du-midi-val-dilliez-leysin-140-000-140000\/","name":"K\u00fcmmerly+Frey \u2013 Carte de randonn\u00e9e n\u00b0 39 Dents du Midi, Val d'Illiez, Leysin 1:40.000. 1:40'000 - Bantam","isPartOf":{"@id":"https:\/\/shop.bantam.ch\/fr\/#website"},"primaryImageOfPage":{"@id":"https:\/\/shop.bantam.ch\/fr\/produit\/kummerlyfrey-carte-de-randonnee-n-39-dents-du-midi-val-dilliez-leysin-140-000-140000\/#primaryimage"},"image":{"@id":"https:\/\/shop.bantam.ch\/fr\/produit\/kummerlyfrey-carte-de-randonnee-n-39-dents-du-midi-val-dilliez-leysin-140-000-140000\/#primaryimage"},"thumbnailUrl":"https:\/\/shop.bantam.ch\/wp-content\/uploads\/2026\/04\/76326040.jpg","datePublished":"2026-04-01T09:17:52+00:00","dateModified":"2026-05-01T21:55:52+00:00","breadcrumb":{"@id":"https:\/\/shop.bantam.ch\/fr\/produit\/kummerlyfrey-carte-de-randonnee-n-39-dents-du-midi-val-dilliez-leysin-140-000-140000\/#breadcrumb"},"inLanguage":"fr-FR","potentialAction":[{"@type":"ReadAction","target":["https:\/\/shop.bantam.ch\/fr\/produit\/kummerlyfrey-carte-de-randonnee-n-39-dents-du-midi-val-dilliez-leysin-140-000-140000\/"]}]},{"@type":"ImageObject","inLanguage":"fr-FR","@id":"https:\/\/shop.bantam.ch\/fr\/produit\/kummerlyfrey-carte-de-randonnee-n-39-dents-du-midi-val-dilliez-leysin-140-000-140000\/#primaryimage","url":"https:\/\/shop.bantam.ch\/wp-content\/uploads\/2026\/04\/76326040.jpg","contentUrl":"https:\/\/shop.bantam.ch\/wp-content\/uploads\/2026\/04\/76326040.jpg","width":101,"height":180},{"@type":"BreadcrumbList","@id":"https:\/\/shop.bantam.ch\/fr\/produit\/kummerlyfrey-carte-de-randonnee-n-39-dents-du-midi-val-dilliez-leysin-140-000-140000\/#breadcrumb","itemListElement":[{"@type":"ListItem","position":1,"name":"Accueil","item":"https:\/\/shop.bantam.ch\/fr\/"},{"@type":"ListItem","position":2,"name":"Boutique","item":"https:\/\/shop.bantam.ch\/fr\/boutique\/"},{"@type":"ListItem","position":3,"name":"K\u00fcmmerly+Frey \u2013 Carte de randonn\u00e9e n\u00b0 39 Dents du Midi, Val d&rsquo;Illiez, Leysin 1:40.000. 1:40&rsquo;000"}]},{"@type":"WebSite","@id":"https:\/\/shop.bantam.ch\/fr\/#website","url":"https:\/\/shop.bantam.ch\/fr\/","name":"Bantam","description":"","publisher":{"@id":"https:\/\/shop.bantam.ch\/fr\/#organization"},"inLanguage":"fr-FR"},{"@type":"Organization","@id":"https:\/\/shop.bantam.ch\/fr\/#organization","name":"Bantam","url":"https:\/\/shop.bantam.ch\/fr\/","logo":{"@type":"ImageObject","inLanguage":"fr-FR","@id":"https:\/\/shop.bantam.ch\/fr\/#\/schema\/logo\/image\/","url":"https:\/\/shop.bantam.ch\/wp-content\/uploads\/2022\/12\/bantam-logo.png","contentUrl":"https:\/\/shop.bantam.ch\/wp-content\/uploads\/2022\/12\/bantam-logo.png","width":320,"height":71,"caption":"Bantam"},"image":{"@id":"https:\/\/shop.bantam.ch\/fr\/#\/schema\/logo\/image\/"}}]}},"_links":{"self":[{"href":"https:\/\/shop.bantam.ch\/fr\/wp-json\/wp\/v2\/product\/235443","targetHints":{"allow":["GET"]}}],"collection":[{"href":"https:\/\/shop.bantam.ch\/fr\/wp-json\/wp\/v2\/product"}],"about":[{"href":"https:\/\/shop.bantam.ch\/fr\/wp-json\/wp\/v2\/types\/product"}],"wp:featuredmedia":[{"embeddable":true,"href":"https:\/\/shop.bantam.ch\/fr\/wp-json\/wp\/v2\/media\/235441"}],"wp:attachment":[{"href":"https:\/\/shop.bantam.ch\/fr\/wp-json\/wp\/v2\/media?parent=235443"}],"wp:term":[{"taxonomy":"product_featured_cat","embeddable":true,"href":"https:\/\/shop.bantam.ch\/fr\/wp-json\/wp\/v2\/product_featured_cat?post=235443"},{"taxonomy":"product_brand","embeddable":true,"href":"https:\/\/shop.bantam.ch\/fr\/wp-json\/wp\/v2\/product_brand?post=235443"},{"taxonomy":"product_cat","embeddable":true,"href":"https:\/\/shop.bantam.ch\/fr\/wp-json\/wp\/v2\/product_cat?post=235443"},{"taxonomy":"product_tag","embeddable":true,"href":"https:\/\/shop.bantam.ch\/fr\/wp-json\/wp\/v2\/product_tag?post=235443"}],"curies":[{"name":"wp","href":"https:\/\/api.w.org\/{rel}","templated":true}]}}