{"id":219222,"date":"2025-05-22T10:05:44","date_gmt":"2025-05-22T08:05:44","guid":{"rendered":"https:\/\/shop.bantam.ch\/produit\/tente-interieure-pour-auvent-2-personnes\/"},"modified":"2026-05-01T23:29:43","modified_gmt":"2026-05-01T21:29:43","slug":"tente-interieure-pour-auvent-2-personnes","status":"publish","type":"product","link":"https:\/\/shop.bantam.ch\/fr\/produit\/tente-interieure-pour-auvent-2-personnes\/","title":{"rendered":"Tente int\u00e9rieure pour auvent 2 personnes"},"content":{"rendered":"<p>Tente int\u00e9rieure sp\u00e9cifiquement pour l\u2019auvent. Facile \u00e0 assembler gr\u00e2ce aux boucles de suspension. La tente int\u00e9rieure est \u00e9quip\u00e9e d\u2019un fond en PVC robuste et \u00e9tanche avec des \u0153illets soud\u00e9s pour une fixation au sol. La construction est faite d\u2019un coton polyester respirant et confortable. Livrable en 2 taille. Dimensions : 210x145x185cm \/ 210x180x185cm. Mat\u00e9riau du cadre : 65% polyester \u2013 35% coton. Mat\u00e9riau du fond : PVC 100% polyester. Poids : env. 3,05 kg<\/p>\n","protected":false},"excerpt":{"rendered":"<p>Tente int\u00e9rieure sp\u00e9cifiquement pour l\u2019auvent. Facile \u00e0 assembler gr\u00e2ce aux boucles de suspension. La tente int\u00e9rieure est \u00e9quip\u00e9e d\u2019un fond en PVC robuste et \u00e9tanche avec des \u0153illets soud\u00e9s pour une fixation au sol. La construction est faite d\u2019un coton polyester respirant et confortable. Livrable en 2 taille. Dimensions : 210x145x185cm \/ 210x180x185cm. Mat\u00e9riau du [&hellip;]<\/p>\n","protected":false},"featured_media":219216,"template":"","meta":{"_acf_changed":false},"product_featured_cat":[94,5297],"product_brand":[3812],"product_cat":[3981],"product_tag":[],"class_list":{"0":"post-219222","1":"product","2":"type-product","3":"status-publish","4":"has-post-thumbnail","6":"product_featured_cat-promotions-etagnieres","7":"product_featured_cat-sonderangebote-hindelbank-fr","8":"product_brand-eutrotrail","9":"product_cat-tentes-interieures","11":"first","12":"instock","13":"sale","14":"taxable","15":"shipping-taxable","16":"purchasable","17":"product-type-simple"},"acf":[],"yoast_head":"<!-- This site is optimized with the Yoast SEO plugin v27.5 - https:\/\/yoast.com\/product\/yoast-seo-wordpress\/ -->\n<title>Tente int\u00e9rieure pour auvent 2 personnes - Bantam<\/title>\n<meta name=\"robots\" content=\"index, follow, max-snippet:-1, max-image-preview:large, max-video-preview:-1\" \/>\n<link rel=\"canonical\" href=\"https:\/\/shop.bantam.ch\/fr\/produit\/tente-interieure-pour-auvent-2-personnes\/\" \/>\n<meta property=\"og:locale\" content=\"fr_FR\" \/>\n<meta property=\"og:type\" content=\"article\" \/>\n<meta property=\"og:title\" content=\"Tente int\u00e9rieure pour auvent 2 personnes - Bantam\" \/>\n<meta property=\"og:description\" content=\"Tente int\u00e9rieure sp\u00e9cifiquement pour l\u2019auvent. Facile \u00e0 assembler gr\u00e2ce aux boucles de suspension. La tente int\u00e9rieure est \u00e9quip\u00e9e d\u2019un fond en PVC robuste et \u00e9tanche avec des \u0153illets soud\u00e9s pour une fixation au sol. La construction est faite d\u2019un coton polyester respirant et confortable. Livrable en 2 taille. Dimensions : 210x145x185cm \/ 210x180x185cm. Mat\u00e9riau du [&hellip;]\" \/>\n<meta property=\"og:url\" content=\"https:\/\/shop.bantam.ch\/fr\/produit\/tente-interieure-pour-auvent-2-personnes\/\" \/>\n<meta property=\"og:site_name\" content=\"Bantam\" \/>\n<meta property=\"article:modified_time\" content=\"2026-05-01T21:29:43+00:00\" \/>\n<meta property=\"og:image\" content=\"https:\/\/shop.bantam.ch\/wp-content\/uploads\/2025\/05\/ETCT0096.jpg\" \/>\n\t<meta property=\"og:image:width\" content=\"640\" \/>\n\t<meta property=\"og:image:height\" content=\"542\" \/>\n\t<meta property=\"og:image:type\" content=\"image\/jpeg\" \/>\n<meta name=\"twitter:card\" content=\"summary_large_image\" \/>\n<script type=\"application\/ld+json\" class=\"yoast-schema-graph\">{\"@context\":\"https:\\\/\\\/schema.org\",\"@graph\":[{\"@type\":\"WebPage\",\"@id\":\"https:\\\/\\\/shop.bantam.ch\\\/fr\\\/produit\\\/tente-interieure-pour-auvent-2-personnes\\\/\",\"url\":\"https:\\\/\\\/shop.bantam.ch\\\/fr\\\/produit\\\/tente-interieure-pour-auvent-2-personnes\\\/\",\"name\":\"Tente int\u00e9rieure pour auvent 2 personnes - Bantam\",\"isPartOf\":{\"@id\":\"https:\\\/\\\/shop.bantam.ch\\\/fr\\\/#website\"},\"primaryImageOfPage\":{\"@id\":\"https:\\\/\\\/shop.bantam.ch\\\/fr\\\/produit\\\/tente-interieure-pour-auvent-2-personnes\\\/#primaryimage\"},\"image\":{\"@id\":\"https:\\\/\\\/shop.bantam.ch\\\/fr\\\/produit\\\/tente-interieure-pour-auvent-2-personnes\\\/#primaryimage\"},\"thumbnailUrl\":\"https:\\\/\\\/shop.bantam.ch\\\/wp-content\\\/uploads\\\/2025\\\/05\\\/ETCT0096.jpg\",\"datePublished\":\"2025-05-22T08:05:44+00:00\",\"dateModified\":\"2026-05-01T21:29:43+00:00\",\"breadcrumb\":{\"@id\":\"https:\\\/\\\/shop.bantam.ch\\\/fr\\\/produit\\\/tente-interieure-pour-auvent-2-personnes\\\/#breadcrumb\"},\"inLanguage\":\"fr-FR\",\"potentialAction\":[{\"@type\":\"ReadAction\",\"target\":[\"https:\\\/\\\/shop.bantam.ch\\\/fr\\\/produit\\\/tente-interieure-pour-auvent-2-personnes\\\/\"]}]},{\"@type\":\"ImageObject\",\"inLanguage\":\"fr-FR\",\"@id\":\"https:\\\/\\\/shop.bantam.ch\\\/fr\\\/produit\\\/tente-interieure-pour-auvent-2-personnes\\\/#primaryimage\",\"url\":\"https:\\\/\\\/shop.bantam.ch\\\/wp-content\\\/uploads\\\/2025\\\/05\\\/ETCT0096.jpg\",\"contentUrl\":\"https:\\\/\\\/shop.bantam.ch\\\/wp-content\\\/uploads\\\/2025\\\/05\\\/ETCT0096.jpg\",\"width\":640,\"height\":542},{\"@type\":\"BreadcrumbList\",\"@id\":\"https:\\\/\\\/shop.bantam.ch\\\/fr\\\/produit\\\/tente-interieure-pour-auvent-2-personnes\\\/#breadcrumb\",\"itemListElement\":[{\"@type\":\"ListItem\",\"position\":1,\"name\":\"Accueil\",\"item\":\"https:\\\/\\\/shop.bantam.ch\\\/fr\\\/\"},{\"@type\":\"ListItem\",\"position\":2,\"name\":\"Boutique\",\"item\":\"https:\\\/\\\/shop.bantam.ch\\\/fr\\\/boutique\\\/\"},{\"@type\":\"ListItem\",\"position\":3,\"name\":\"Tente int\u00e9rieure pour auvent 2 personnes\"}]},{\"@type\":\"WebSite\",\"@id\":\"https:\\\/\\\/shop.bantam.ch\\\/fr\\\/#website\",\"url\":\"https:\\\/\\\/shop.bantam.ch\\\/fr\\\/\",\"name\":\"Bantam\",\"description\":\"\",\"publisher\":{\"@id\":\"https:\\\/\\\/shop.bantam.ch\\\/fr\\\/#organization\"},\"inLanguage\":\"fr-FR\"},{\"@type\":\"Organization\",\"@id\":\"https:\\\/\\\/shop.bantam.ch\\\/fr\\\/#organization\",\"name\":\"Bantam\",\"url\":\"https:\\\/\\\/shop.bantam.ch\\\/fr\\\/\",\"logo\":{\"@type\":\"ImageObject\",\"inLanguage\":\"fr-FR\",\"@id\":\"https:\\\/\\\/shop.bantam.ch\\\/fr\\\/#\\\/schema\\\/logo\\\/image\\\/\",\"url\":\"https:\\\/\\\/shop.bantam.ch\\\/wp-content\\\/uploads\\\/2022\\\/12\\\/bantam-logo.png\",\"contentUrl\":\"https:\\\/\\\/shop.bantam.ch\\\/wp-content\\\/uploads\\\/2022\\\/12\\\/bantam-logo.png\",\"width\":320,\"height\":71,\"caption\":\"Bantam\"},\"image\":{\"@id\":\"https:\\\/\\\/shop.bantam.ch\\\/fr\\\/#\\\/schema\\\/logo\\\/image\\\/\"}}]}<\/script>\n<!-- \/ Yoast SEO plugin. -->","yoast_head_json":{"title":"Tente int\u00e9rieure pour auvent 2 personnes - Bantam","robots":{"index":"index","follow":"follow","max-snippet":"max-snippet:-1","max-image-preview":"max-image-preview:large","max-video-preview":"max-video-preview:-1"},"canonical":"https:\/\/shop.bantam.ch\/fr\/produit\/tente-interieure-pour-auvent-2-personnes\/","og_locale":"fr_FR","og_type":"article","og_title":"Tente int\u00e9rieure pour auvent 2 personnes - Bantam","og_description":"Tente int\u00e9rieure sp\u00e9cifiquement pour l\u2019auvent. Facile \u00e0 assembler gr\u00e2ce aux boucles de suspension. La tente int\u00e9rieure est \u00e9quip\u00e9e d\u2019un fond en PVC robuste et \u00e9tanche avec des \u0153illets soud\u00e9s pour une fixation au sol. La construction est faite d\u2019un coton polyester respirant et confortable. Livrable en 2 taille. Dimensions : 210x145x185cm \/ 210x180x185cm. Mat\u00e9riau du [&hellip;]","og_url":"https:\/\/shop.bantam.ch\/fr\/produit\/tente-interieure-pour-auvent-2-personnes\/","og_site_name":"Bantam","article_modified_time":"2026-05-01T21:29:43+00:00","og_image":[{"width":640,"height":542,"url":"https:\/\/shop.bantam.ch\/wp-content\/uploads\/2025\/05\/ETCT0096.jpg","type":"image\/jpeg"}],"twitter_card":"summary_large_image","schema":{"@context":"https:\/\/schema.org","@graph":[{"@type":"WebPage","@id":"https:\/\/shop.bantam.ch\/fr\/produit\/tente-interieure-pour-auvent-2-personnes\/","url":"https:\/\/shop.bantam.ch\/fr\/produit\/tente-interieure-pour-auvent-2-personnes\/","name":"Tente int\u00e9rieure pour auvent 2 personnes - Bantam","isPartOf":{"@id":"https:\/\/shop.bantam.ch\/fr\/#website"},"primaryImageOfPage":{"@id":"https:\/\/shop.bantam.ch\/fr\/produit\/tente-interieure-pour-auvent-2-personnes\/#primaryimage"},"image":{"@id":"https:\/\/shop.bantam.ch\/fr\/produit\/tente-interieure-pour-auvent-2-personnes\/#primaryimage"},"thumbnailUrl":"https:\/\/shop.bantam.ch\/wp-content\/uploads\/2025\/05\/ETCT0096.jpg","datePublished":"2025-05-22T08:05:44+00:00","dateModified":"2026-05-01T21:29:43+00:00","breadcrumb":{"@id":"https:\/\/shop.bantam.ch\/fr\/produit\/tente-interieure-pour-auvent-2-personnes\/#breadcrumb"},"inLanguage":"fr-FR","potentialAction":[{"@type":"ReadAction","target":["https:\/\/shop.bantam.ch\/fr\/produit\/tente-interieure-pour-auvent-2-personnes\/"]}]},{"@type":"ImageObject","inLanguage":"fr-FR","@id":"https:\/\/shop.bantam.ch\/fr\/produit\/tente-interieure-pour-auvent-2-personnes\/#primaryimage","url":"https:\/\/shop.bantam.ch\/wp-content\/uploads\/2025\/05\/ETCT0096.jpg","contentUrl":"https:\/\/shop.bantam.ch\/wp-content\/uploads\/2025\/05\/ETCT0096.jpg","width":640,"height":542},{"@type":"BreadcrumbList","@id":"https:\/\/shop.bantam.ch\/fr\/produit\/tente-interieure-pour-auvent-2-personnes\/#breadcrumb","itemListElement":[{"@type":"ListItem","position":1,"name":"Accueil","item":"https:\/\/shop.bantam.ch\/fr\/"},{"@type":"ListItem","position":2,"name":"Boutique","item":"https:\/\/shop.bantam.ch\/fr\/boutique\/"},{"@type":"ListItem","position":3,"name":"Tente int\u00e9rieure pour auvent 2 personnes"}]},{"@type":"WebSite","@id":"https:\/\/shop.bantam.ch\/fr\/#website","url":"https:\/\/shop.bantam.ch\/fr\/","name":"Bantam","description":"","publisher":{"@id":"https:\/\/shop.bantam.ch\/fr\/#organization"},"inLanguage":"fr-FR"},{"@type":"Organization","@id":"https:\/\/shop.bantam.ch\/fr\/#organization","name":"Bantam","url":"https:\/\/shop.bantam.ch\/fr\/","logo":{"@type":"ImageObject","inLanguage":"fr-FR","@id":"https:\/\/shop.bantam.ch\/fr\/#\/schema\/logo\/image\/","url":"https:\/\/shop.bantam.ch\/wp-content\/uploads\/2022\/12\/bantam-logo.png","contentUrl":"https:\/\/shop.bantam.ch\/wp-content\/uploads\/2022\/12\/bantam-logo.png","width":320,"height":71,"caption":"Bantam"},"image":{"@id":"https:\/\/shop.bantam.ch\/fr\/#\/schema\/logo\/image\/"}}]}},"_links":{"self":[{"href":"https:\/\/shop.bantam.ch\/fr\/wp-json\/wp\/v2\/product\/219222","targetHints":{"allow":["GET"]}}],"collection":[{"href":"https:\/\/shop.bantam.ch\/fr\/wp-json\/wp\/v2\/product"}],"about":[{"href":"https:\/\/shop.bantam.ch\/fr\/wp-json\/wp\/v2\/types\/product"}],"wp:featuredmedia":[{"embeddable":true,"href":"https:\/\/shop.bantam.ch\/fr\/wp-json\/wp\/v2\/media\/219216"}],"wp:attachment":[{"href":"https:\/\/shop.bantam.ch\/fr\/wp-json\/wp\/v2\/media?parent=219222"}],"wp:term":[{"taxonomy":"product_featured_cat","embeddable":true,"href":"https:\/\/shop.bantam.ch\/fr\/wp-json\/wp\/v2\/product_featured_cat?post=219222"},{"taxonomy":"product_brand","embeddable":true,"href":"https:\/\/shop.bantam.ch\/fr\/wp-json\/wp\/v2\/product_brand?post=219222"},{"taxonomy":"product_cat","embeddable":true,"href":"https:\/\/shop.bantam.ch\/fr\/wp-json\/wp\/v2\/product_cat?post=219222"},{"taxonomy":"product_tag","embeddable":true,"href":"https:\/\/shop.bantam.ch\/fr\/wp-json\/wp\/v2\/product_tag?post=219222"}],"curies":[{"name":"wp","href":"https:\/\/api.w.org\/{rel}","templated":true}]}}