{"id":138179,"date":"2023-03-01T19:50:32","date_gmt":"2023-03-01T18:50:32","guid":{"rendered":"https:\/\/shop.bantam.ch\/produit\/grande-air-pro-aufblasbar-vorzelt\/"},"modified":"2026-05-02T23:54:17","modified_gmt":"2026-05-02T21:54:17","slug":"grande-air-pro-aufblasbar-vorzelt","status":"publish","type":"product","link":"https:\/\/shop.bantam.ch\/fr\/produit\/grande-air-pro-aufblasbar-vorzelt\/","title":{"rendered":"Grande AIR Pro &#8211; aufblasbar Vorzelt"},"content":{"rendered":"<p><strong>Plus de profondeur, plus d&rsquo;espace<\/strong><\/p>\n<p>La Grande AIR Pro r\u00e9unit tous les avantages de nos c\u00e9l\u00e8bres mod\u00e8les Rally AIR, les auvents gonflables les plus vendus en Europe, mais avec une profondeur sensationnelle de trois m\u00e8tres. Associ\u00e9e \u00e0 notre syst\u00e8me de toit \u00e0 double pente, elle vous permet d&rsquo;utiliser tout l&rsquo;auvent. La Grande AIR Pro 390 offre ainsi une surface utile \u00e9tonnante de 11,7 m2 . Pour un refroidissement suppl\u00e9mentaire et une circulation de l&rsquo;air par temps chaud, l&rsquo;auvent peut \u00eatre \u00e9quip\u00e9 de parois en filet frontales en option ; avec l&rsquo;une de nos extensions gonflables Pro, il est possible de cr\u00e9er encore plus d&rsquo;espace. Un deuxi\u00e8me grand \u00e9l\u00e9ment en filet derri\u00e8re la fen\u00eatre lat\u00e9rale droite apporte de la fra\u00eecheur par temps chaud. Un deuxi\u00e8me filet se trouve \u00e9galement derri\u00e8re les deux portes lat\u00e9rales. Nos parois avant en filet optionnelles apportent une ventilation suppl\u00e9mentaire par l&rsquo;avant. Les deux \u00e9l\u00e9ments lat\u00e9raux sont interchangeables, c&rsquo;est pourquoi les portes lat\u00e9rales peuvent \u00e9galement \u00eatre remplac\u00e9es de mani\u00e8re flexible. Il est possible de monter une extension ou une v\u00e9randa en option sur l&rsquo;un des \u00e9l\u00e9ments lat\u00e9raux ou sur les deux.<\/p>\n<p><strong>Caract\u00e9ristiques principales de la Grande AIR Pro<\/strong><\/p>\n<p><span>\u2022<\/span><span>\u00a0<\/span>Gonflable &#8211; syst\u00e8me de gonflage en un seul point<\/p>\n<p><span>\u2022<\/span><span>\u00a0<\/span>Chaque tuyau peut \u00eatre s\u00e9par\u00e9 par des vannes d&rsquo;arr\u00eat<\/p>\n<p><span>\u2022<\/span><span>\u00a0<\/span>\u00ab\u00a0Sentez la diff\u00e9rence\u00a0\u00bb polyester Weathershield\u00ae Pro \u00e0 double rev\u00eatement<\/p>\n<p><span>\u2022<\/span><span>\u00a0<\/span>Ignifug\u00e9 et r\u00e9sistant aux UV<\/p>\n<p><span>\u2022<\/span><span>\u00a0<\/span>Une colonne d&rsquo;eau sensationnelle de 6000 mm<\/p>\n<p><span>\u2022<\/span><span>\u00a0<\/span>Coutures coll\u00e9es \u00e0 l&rsquo;air chaud &#8211; pour une r\u00e9sistance maximale aux intemp\u00e9ries<\/p>\n<p><span>\u2022<\/span><span>\u00a0<\/span>Parois avant enroulables sur les c\u00f4t\u00e9s<\/p>\n<p><span>\u2022<\/span><span>\u00a0<\/span>Parties lat\u00e9rales amovibles &#8211; pour accueillir une extension ou un jardin d&rsquo;hiver en option<\/p>\n<p><span>\u2022<\/span><span>\u00a0<\/span>Fen\u00eatres cristallines avec rideaux offrant une vue magnifique<\/p>\n<p><span>\u2022<\/span><span>\u00a0<\/span>Syst\u00e8me de haubanage Quickpitch<\/p>\n<p><span>\u2022<\/span><span>\u00a0<\/span>Moustiquaire \u00e0 mailles tr\u00e8s serr\u00e9es sur les portes lat\u00e9rales &#8211; garde m\u00eame les plus petits insectes \u00e0 l&rsquo;ext\u00e9rieur<\/p>\n<p><span>\u2022<\/span><span>\u00a0<\/span>Grande moustiquaire dans la fen\u00eatre lat\u00e9rale droite<\/p>\n<p><span>\u2022<\/span><span>\u00a0<\/span>Coussins de pression<\/p>\n<p><span>\u2022<\/span><span>\u00a0<\/span>Kit de barres de relevage arri\u00e8re et pompe \u00e0 main inclus<\/p>\n<p><span>\u2022<\/span><span>\u00a0<\/span>Bourrelets de 5,5 mm et 7 mm disponibles (Dual Keder)<\/p>\n<p><span>\u2022<\/span><span>\u00a0<\/span>Possibilit\u00e9 de personnalisation suppl\u00e9mentaire gr\u00e2ce \u00e0 un riche \u00e9quipement optionnel<\/p>\n<p><\/p>\n<p>S = 235 -265 cm<\/p>\n<p>M = 265 &#8211; 295 cm<\/p>\n","protected":false},"excerpt":{"rendered":"<p>Plus de profondeur, plus d&rsquo;espace La Grande AIR Pro r\u00e9unit tous les avantages de nos c\u00e9l\u00e8bres mod\u00e8les Rally AIR, les auvents gonflables les plus vendus en Europe, mais avec une profondeur sensationnelle de trois m\u00e8tres. Associ\u00e9e \u00e0 notre syst\u00e8me de toit \u00e0 double pente, elle vous permet d&rsquo;utiliser tout l&rsquo;auvent. La Grande AIR Pro 390 [&hellip;]<\/p>\n","protected":false},"featured_media":186404,"template":"","meta":{"_acf_changed":false},"product_featured_cat":[5306,5305],"product_brand":[3028],"product_cat":[4247],"product_tag":[],"class_list":{"0":"post-138179","1":"product","2":"type-product","3":"status-publish","4":"has-post-thumbnail","6":"product_featured_cat-auvents-hindelbank-fr","7":"product_featured_cat-offres-speciales-auvents_etagnieres","8":"product_brand-dometic","9":"product_cat-auvents","11":"first","12":"instock","13":"sale","14":"taxable","15":"shipping-taxable","16":"purchasable","17":"product-type-variable"},"acf":[],"yoast_head":"<!-- This site is optimized with the Yoast SEO plugin v27.5 - https:\/\/yoast.com\/product\/yoast-seo-wordpress\/ -->\n<title>Grande AIR Pro - aufblasbar Vorzelt - Bantam<\/title>\n<meta name=\"robots\" content=\"index, follow, max-snippet:-1, max-image-preview:large, max-video-preview:-1\" \/>\n<link rel=\"canonical\" href=\"https:\/\/shop.bantam.ch\/fr\/produit\/grande-air-pro-aufblasbar-vorzelt\/\" \/>\n<meta property=\"og:locale\" content=\"fr_FR\" \/>\n<meta property=\"og:type\" content=\"article\" \/>\n<meta property=\"og:title\" content=\"Grande AIR Pro - aufblasbar Vorzelt - Bantam\" \/>\n<meta property=\"og:description\" content=\"Plus de profondeur, plus d&rsquo;espace La Grande AIR Pro r\u00e9unit tous les avantages de nos c\u00e9l\u00e8bres mod\u00e8les Rally AIR, les auvents gonflables les plus vendus en Europe, mais avec une profondeur sensationnelle de trois m\u00e8tres. Associ\u00e9e \u00e0 notre syst\u00e8me de toit \u00e0 double pente, elle vous permet d&rsquo;utiliser tout l&rsquo;auvent. La Grande AIR Pro 390 [&hellip;]\" \/>\n<meta property=\"og:url\" content=\"https:\/\/shop.bantam.ch\/fr\/produit\/grande-air-pro-aufblasbar-vorzelt\/\" \/>\n<meta property=\"og:site_name\" content=\"Bantam\" \/>\n<meta property=\"article:modified_time\" content=\"2026-05-02T21:54:17+00:00\" \/>\n<meta property=\"og:image\" content=\"https:\/\/shop.bantam.ch\/wp-content\/uploads\/2023\/08\/9120001122_7_Grande-Air-Pro_ok.jpg\" \/>\n\t<meta property=\"og:image:width\" content=\"600\" \/>\n\t<meta property=\"og:image:height\" content=\"600\" \/>\n\t<meta property=\"og:image:type\" content=\"image\/jpeg\" \/>\n<meta name=\"twitter:card\" content=\"summary_large_image\" \/>\n<meta name=\"twitter:label1\" content=\"Dur\u00e9e de lecture estim\u00e9e\" \/>\n\t<meta name=\"twitter:data1\" content=\"2 minutes\" \/>\n<script type=\"application\/ld+json\" class=\"yoast-schema-graph\">{\"@context\":\"https:\\\/\\\/schema.org\",\"@graph\":[{\"@type\":\"WebPage\",\"@id\":\"https:\\\/\\\/shop.bantam.ch\\\/fr\\\/produit\\\/grande-air-pro-aufblasbar-vorzelt\\\/\",\"url\":\"https:\\\/\\\/shop.bantam.ch\\\/fr\\\/produit\\\/grande-air-pro-aufblasbar-vorzelt\\\/\",\"name\":\"Grande AIR Pro - aufblasbar Vorzelt - Bantam\",\"isPartOf\":{\"@id\":\"https:\\\/\\\/shop.bantam.ch\\\/fr\\\/#website\"},\"primaryImageOfPage\":{\"@id\":\"https:\\\/\\\/shop.bantam.ch\\\/fr\\\/produit\\\/grande-air-pro-aufblasbar-vorzelt\\\/#primaryimage\"},\"image\":{\"@id\":\"https:\\\/\\\/shop.bantam.ch\\\/fr\\\/produit\\\/grande-air-pro-aufblasbar-vorzelt\\\/#primaryimage\"},\"thumbnailUrl\":\"https:\\\/\\\/shop.bantam.ch\\\/wp-content\\\/uploads\\\/2023\\\/08\\\/9120001122_7_Grande-Air-Pro_ok.jpg\",\"datePublished\":\"2023-03-01T18:50:32+00:00\",\"dateModified\":\"2026-05-02T21:54:17+00:00\",\"breadcrumb\":{\"@id\":\"https:\\\/\\\/shop.bantam.ch\\\/fr\\\/produit\\\/grande-air-pro-aufblasbar-vorzelt\\\/#breadcrumb\"},\"inLanguage\":\"fr-FR\",\"potentialAction\":[{\"@type\":\"ReadAction\",\"target\":[\"https:\\\/\\\/shop.bantam.ch\\\/fr\\\/produit\\\/grande-air-pro-aufblasbar-vorzelt\\\/\"]}]},{\"@type\":\"ImageObject\",\"inLanguage\":\"fr-FR\",\"@id\":\"https:\\\/\\\/shop.bantam.ch\\\/fr\\\/produit\\\/grande-air-pro-aufblasbar-vorzelt\\\/#primaryimage\",\"url\":\"https:\\\/\\\/shop.bantam.ch\\\/wp-content\\\/uploads\\\/2023\\\/08\\\/9120001122_7_Grande-Air-Pro_ok.jpg\",\"contentUrl\":\"https:\\\/\\\/shop.bantam.ch\\\/wp-content\\\/uploads\\\/2023\\\/08\\\/9120001122_7_Grande-Air-Pro_ok.jpg\",\"width\":600,\"height\":600},{\"@type\":\"BreadcrumbList\",\"@id\":\"https:\\\/\\\/shop.bantam.ch\\\/fr\\\/produit\\\/grande-air-pro-aufblasbar-vorzelt\\\/#breadcrumb\",\"itemListElement\":[{\"@type\":\"ListItem\",\"position\":1,\"name\":\"Accueil\",\"item\":\"https:\\\/\\\/shop.bantam.ch\\\/fr\\\/\"},{\"@type\":\"ListItem\",\"position\":2,\"name\":\"Boutique\",\"item\":\"https:\\\/\\\/shop.bantam.ch\\\/fr\\\/boutique\\\/\"},{\"@type\":\"ListItem\",\"position\":3,\"name\":\"Grande AIR Pro &#8211; aufblasbar Vorzelt\"}]},{\"@type\":\"WebSite\",\"@id\":\"https:\\\/\\\/shop.bantam.ch\\\/fr\\\/#website\",\"url\":\"https:\\\/\\\/shop.bantam.ch\\\/fr\\\/\",\"name\":\"Bantam\",\"description\":\"\",\"publisher\":{\"@id\":\"https:\\\/\\\/shop.bantam.ch\\\/fr\\\/#organization\"},\"inLanguage\":\"fr-FR\"},{\"@type\":\"Organization\",\"@id\":\"https:\\\/\\\/shop.bantam.ch\\\/fr\\\/#organization\",\"name\":\"Bantam\",\"url\":\"https:\\\/\\\/shop.bantam.ch\\\/fr\\\/\",\"logo\":{\"@type\":\"ImageObject\",\"inLanguage\":\"fr-FR\",\"@id\":\"https:\\\/\\\/shop.bantam.ch\\\/fr\\\/#\\\/schema\\\/logo\\\/image\\\/\",\"url\":\"https:\\\/\\\/shop.bantam.ch\\\/wp-content\\\/uploads\\\/2022\\\/12\\\/bantam-logo.png\",\"contentUrl\":\"https:\\\/\\\/shop.bantam.ch\\\/wp-content\\\/uploads\\\/2022\\\/12\\\/bantam-logo.png\",\"width\":320,\"height\":71,\"caption\":\"Bantam\"},\"image\":{\"@id\":\"https:\\\/\\\/shop.bantam.ch\\\/fr\\\/#\\\/schema\\\/logo\\\/image\\\/\"}}]}<\/script>\n<!-- \/ Yoast SEO plugin. -->","yoast_head_json":{"title":"Grande AIR Pro - aufblasbar Vorzelt - Bantam","robots":{"index":"index","follow":"follow","max-snippet":"max-snippet:-1","max-image-preview":"max-image-preview:large","max-video-preview":"max-video-preview:-1"},"canonical":"https:\/\/shop.bantam.ch\/fr\/produit\/grande-air-pro-aufblasbar-vorzelt\/","og_locale":"fr_FR","og_type":"article","og_title":"Grande AIR Pro - aufblasbar Vorzelt - Bantam","og_description":"Plus de profondeur, plus d&rsquo;espace La Grande AIR Pro r\u00e9unit tous les avantages de nos c\u00e9l\u00e8bres mod\u00e8les Rally AIR, les auvents gonflables les plus vendus en Europe, mais avec une profondeur sensationnelle de trois m\u00e8tres. Associ\u00e9e \u00e0 notre syst\u00e8me de toit \u00e0 double pente, elle vous permet d&rsquo;utiliser tout l&rsquo;auvent. La Grande AIR Pro 390 [&hellip;]","og_url":"https:\/\/shop.bantam.ch\/fr\/produit\/grande-air-pro-aufblasbar-vorzelt\/","og_site_name":"Bantam","article_modified_time":"2026-05-02T21:54:17+00:00","og_image":[{"width":600,"height":600,"url":"https:\/\/shop.bantam.ch\/wp-content\/uploads\/2023\/08\/9120001122_7_Grande-Air-Pro_ok.jpg","type":"image\/jpeg"}],"twitter_card":"summary_large_image","twitter_misc":{"Dur\u00e9e de lecture estim\u00e9e":"2 minutes"},"schema":{"@context":"https:\/\/schema.org","@graph":[{"@type":"WebPage","@id":"https:\/\/shop.bantam.ch\/fr\/produit\/grande-air-pro-aufblasbar-vorzelt\/","url":"https:\/\/shop.bantam.ch\/fr\/produit\/grande-air-pro-aufblasbar-vorzelt\/","name":"Grande AIR Pro - aufblasbar Vorzelt - Bantam","isPartOf":{"@id":"https:\/\/shop.bantam.ch\/fr\/#website"},"primaryImageOfPage":{"@id":"https:\/\/shop.bantam.ch\/fr\/produit\/grande-air-pro-aufblasbar-vorzelt\/#primaryimage"},"image":{"@id":"https:\/\/shop.bantam.ch\/fr\/produit\/grande-air-pro-aufblasbar-vorzelt\/#primaryimage"},"thumbnailUrl":"https:\/\/shop.bantam.ch\/wp-content\/uploads\/2023\/08\/9120001122_7_Grande-Air-Pro_ok.jpg","datePublished":"2023-03-01T18:50:32+00:00","dateModified":"2026-05-02T21:54:17+00:00","breadcrumb":{"@id":"https:\/\/shop.bantam.ch\/fr\/produit\/grande-air-pro-aufblasbar-vorzelt\/#breadcrumb"},"inLanguage":"fr-FR","potentialAction":[{"@type":"ReadAction","target":["https:\/\/shop.bantam.ch\/fr\/produit\/grande-air-pro-aufblasbar-vorzelt\/"]}]},{"@type":"ImageObject","inLanguage":"fr-FR","@id":"https:\/\/shop.bantam.ch\/fr\/produit\/grande-air-pro-aufblasbar-vorzelt\/#primaryimage","url":"https:\/\/shop.bantam.ch\/wp-content\/uploads\/2023\/08\/9120001122_7_Grande-Air-Pro_ok.jpg","contentUrl":"https:\/\/shop.bantam.ch\/wp-content\/uploads\/2023\/08\/9120001122_7_Grande-Air-Pro_ok.jpg","width":600,"height":600},{"@type":"BreadcrumbList","@id":"https:\/\/shop.bantam.ch\/fr\/produit\/grande-air-pro-aufblasbar-vorzelt\/#breadcrumb","itemListElement":[{"@type":"ListItem","position":1,"name":"Accueil","item":"https:\/\/shop.bantam.ch\/fr\/"},{"@type":"ListItem","position":2,"name":"Boutique","item":"https:\/\/shop.bantam.ch\/fr\/boutique\/"},{"@type":"ListItem","position":3,"name":"Grande AIR Pro &#8211; aufblasbar Vorzelt"}]},{"@type":"WebSite","@id":"https:\/\/shop.bantam.ch\/fr\/#website","url":"https:\/\/shop.bantam.ch\/fr\/","name":"Bantam","description":"","publisher":{"@id":"https:\/\/shop.bantam.ch\/fr\/#organization"},"inLanguage":"fr-FR"},{"@type":"Organization","@id":"https:\/\/shop.bantam.ch\/fr\/#organization","name":"Bantam","url":"https:\/\/shop.bantam.ch\/fr\/","logo":{"@type":"ImageObject","inLanguage":"fr-FR","@id":"https:\/\/shop.bantam.ch\/fr\/#\/schema\/logo\/image\/","url":"https:\/\/shop.bantam.ch\/wp-content\/uploads\/2022\/12\/bantam-logo.png","contentUrl":"https:\/\/shop.bantam.ch\/wp-content\/uploads\/2022\/12\/bantam-logo.png","width":320,"height":71,"caption":"Bantam"},"image":{"@id":"https:\/\/shop.bantam.ch\/fr\/#\/schema\/logo\/image\/"}}]}},"_links":{"self":[{"href":"https:\/\/shop.bantam.ch\/fr\/wp-json\/wp\/v2\/product\/138179","targetHints":{"allow":["GET"]}}],"collection":[{"href":"https:\/\/shop.bantam.ch\/fr\/wp-json\/wp\/v2\/product"}],"about":[{"href":"https:\/\/shop.bantam.ch\/fr\/wp-json\/wp\/v2\/types\/product"}],"wp:featuredmedia":[{"embeddable":true,"href":"https:\/\/shop.bantam.ch\/fr\/wp-json\/wp\/v2\/media\/186404"}],"wp:attachment":[{"href":"https:\/\/shop.bantam.ch\/fr\/wp-json\/wp\/v2\/media?parent=138179"}],"wp:term":[{"taxonomy":"product_featured_cat","embeddable":true,"href":"https:\/\/shop.bantam.ch\/fr\/wp-json\/wp\/v2\/product_featured_cat?post=138179"},{"taxonomy":"product_brand","embeddable":true,"href":"https:\/\/shop.bantam.ch\/fr\/wp-json\/wp\/v2\/product_brand?post=138179"},{"taxonomy":"product_cat","embeddable":true,"href":"https:\/\/shop.bantam.ch\/fr\/wp-json\/wp\/v2\/product_cat?post=138179"},{"taxonomy":"product_tag","embeddable":true,"href":"https:\/\/shop.bantam.ch\/fr\/wp-json\/wp\/v2\/product_tag?post=138179"}],"curies":[{"name":"wp","href":"https:\/\/api.w.org\/{rel}","templated":true}]}}