{"id":121532,"date":"2023-02-28T23:43:44","date_gmt":"2023-02-28T22:43:44","guid":{"rendered":"https:\/\/shop.bantam.ch\/produit\/porte-velos-support-arriere-strada-trail-2\/"},"modified":"2026-05-02T21:47:39","modified_gmt":"2026-05-02T19:47:39","slug":"porte-velos-support-arriere-strada-trail-2","status":"publish","type":"product","link":"https:\/\/shop.bantam.ch\/fr\/produit\/porte-velos-support-arriere-strada-trail-2\/","title":{"rendered":"Porte-v\u00e9los arri\u00e8re Atera Strada Trail 2 2 v\u00e9los, charge admise 60 kg"},"content":{"rendered":"<p>Le nouveau Strada Trail 2, la combinaison parfaite entre v\u00e9hicule, porte-v\u00e9los et v\u00e9lo. Si le c\u0153ur vous en dit, tout est pr\u00eat.<\/p>\n<p>\u00a0Positionnement s\u00fbr &#8211; facile \u00e0 assembler &#8211; extensible. Et son crochet de maintien noir tr\u00e8s r\u00e9sistant contribue \u00e0 son look incomparable. D\u00e9sormais, vous pourrez \u00eatre plus spontan\u00e9(e) et vos voyages seront \u00e9galement plus confortables et plus s\u00fbrs. Avec le Strada Trail 2, vous pouvez compter sur un porte-v\u00e9los arri\u00e8re de qualit\u00e9 sup\u00e9rieure pour votre prochaine aventure \u00e0 v\u00e9lo.<\/p>\n<p>\u00a0La convivialit\u00e9 et la s\u00e9curit\u00e9 se ressentent dans chaque d\u00e9tail. La possibilit\u00e9 de modifier la charge utile le rend flexible. Lorsque le porte-v\u00e9los est compl\u00e8tement charg\u00e9, le m\u00e9canisme de pliage permet d&rsquo;acc\u00e9der rapidement au coffre. En plus de la qualit\u00e9 sup\u00e9rieure de ses mat\u00e9riaux et de sa structure robuste en acier-aluminium, le Strada Trail 2 a un faible poids net.<\/p>\n<p>\u00a0Atera attache une grande importance \u00e0 la qualit\u00e9 durable et \u00e0 la production durable de ses supports. Les pi\u00e8ces en plastique noir recyclable associ\u00e9es \u00e0 d&rsquo;\u00e9l\u00e9gants rails de roues en aluminium anodis\u00e9 mat et \u00e0 de grands feux arri\u00e8re \u00e0 l&rsquo;aspect de verre transparent refl\u00e8tent l&rsquo;orientation du design automobile.<\/p>\n<p><strong> Verrouillage rapide du Plug-in &amp; drive<\/strong><\/p>\n<p>Facile \u00e0 mettre et \u00e0 r\u00e9gler sur l&rsquo;attelage de remorque. Le levier de serrage puissant centre la position correcte et assure un maintien s\u00e9curis\u00e9.<\/p>\n<p><strong>Facile \u00e0 monter<\/strong><\/p>\n<p>Plus rien ne s&rsquo;oppose \u00e0 une randonn\u00e9e \u00e0 trois. La mise en place et la s\u00e9curisation des rails de v\u00e9lo suppl\u00e9mentaires se fait de mani\u00e8re rapide et sans outils.<\/p>\n<p><strong>Il porte tout<\/strong><\/p>\n<p>Porte-v\u00e9los parfait pour tous types de v\u00e9los : des v\u00e9los pour enfants aux v\u00e9los \u00e9lectriques lourds de 29 pouces avec un empattement long et des manivelles larges.<\/p>\n<p>\u00a0<strong>Protection des roues et du cadre<\/strong><\/p>\n<p>Supports de roue optimis\u00e9es pour des largeurs de pneus jusqu&rsquo;\u00e0 4 pouces. Ils sont facilement d\u00e9pla\u00e7ables et offrent un maintien s\u00fbr contre les \u00e9normes forces lat\u00e9rales dans les virages. Les bras de pr\u00e9hension rembourr\u00e9s en caoutchouc maintiennent et prot\u00e8gent le cadre.<\/p>\n<p>\u00a0<\/p>\n<ul>\n<li>Cadre + protection de roue : oui<\/li>\n<li>Bras de pr\u00e9hension librement positionnables : oui<\/li>\n<li>Supports de roue librement positionnables : oui<\/li>\n<li>M\u00e9canisme : technique de pliage<\/li>\n<li>Diam\u00e8tre du cadre en mm\u00a0: 25-80<\/li>\n<li>Charge admise par rail en kg\u00a0: 30 kg<\/li>\n<li>Distance de rail de roue en cm\u00a0: 23<\/li>\n<\/ul>\n","protected":false},"excerpt":{"rendered":"<p>Le nouveau Strada Trail 2, la combinaison parfaite entre v\u00e9hicule, porte-v\u00e9los et v\u00e9lo. Si le c\u0153ur vous en dit, tout est pr\u00eat. \u00a0Positionnement s\u00fbr &#8211; facile \u00e0 assembler &#8211; extensible. Et son crochet de maintien noir tr\u00e8s r\u00e9sistant contribue \u00e0 son look incomparable. D\u00e9sormais, vous pourrez \u00eatre plus spontan\u00e9(e) et vos voyages seront \u00e9galement plus [&hellip;]<\/p>\n","protected":false},"featured_media":121528,"template":"","meta":{"_acf_changed":false},"product_featured_cat":[],"product_brand":[3344],"product_cat":[4693],"product_tag":[],"class_list":{"0":"post-121532","1":"product","2":"type-product","3":"status-publish","4":"has-post-thumbnail","6":"product_brand-atera","7":"product_cat-porte-velos-dattelage","9":"first","10":"instock","11":"taxable","12":"shipping-taxable","13":"purchasable","14":"product-type-simple"},"acf":[],"yoast_head":"<!-- This site is optimized with the Yoast SEO plugin v27.5 - https:\/\/yoast.com\/product\/yoast-seo-wordpress\/ -->\n<title>Porte-v\u00e9los arri\u00e8re Atera Strada Trail 2 2 v\u00e9los, charge admise 60 kg - Bantam<\/title>\n<meta name=\"robots\" content=\"index, follow, max-snippet:-1, max-image-preview:large, max-video-preview:-1\" \/>\n<link rel=\"canonical\" href=\"https:\/\/shop.bantam.ch\/fr\/produit\/porte-velos-support-arriere-strada-trail-2\/\" \/>\n<meta property=\"og:locale\" content=\"fr_FR\" \/>\n<meta property=\"og:type\" content=\"article\" \/>\n<meta property=\"og:title\" content=\"Porte-v\u00e9los arri\u00e8re Atera Strada Trail 2 2 v\u00e9los, charge admise 60 kg - Bantam\" \/>\n<meta property=\"og:description\" content=\"Le nouveau Strada Trail 2, la combinaison parfaite entre v\u00e9hicule, porte-v\u00e9los et v\u00e9lo. Si le c\u0153ur vous en dit, tout est pr\u00eat. \u00a0Positionnement s\u00fbr &#8211; facile \u00e0 assembler &#8211; extensible. Et son crochet de maintien noir tr\u00e8s r\u00e9sistant contribue \u00e0 son look incomparable. D\u00e9sormais, vous pourrez \u00eatre plus spontan\u00e9(e) et vos voyages seront \u00e9galement plus [&hellip;]\" \/>\n<meta property=\"og:url\" content=\"https:\/\/shop.bantam.ch\/fr\/produit\/porte-velos-support-arriere-strada-trail-2\/\" \/>\n<meta property=\"og:site_name\" content=\"Bantam\" \/>\n<meta property=\"article:modified_time\" content=\"2026-05-02T19:47:39+00:00\" \/>\n<meta property=\"og:image\" content=\"https:\/\/shop.bantam.ch\/wp-content\/uploads\/2023\/02\/994462411-scaled.jpg\" \/>\n\t<meta property=\"og:image:width\" content=\"10000\" \/>\n\t<meta property=\"og:image:height\" content=\"5624\" \/>\n\t<meta property=\"og:image:type\" content=\"image\/jpeg\" \/>\n<meta name=\"twitter:card\" content=\"summary_large_image\" \/>\n<meta name=\"twitter:label1\" content=\"Dur\u00e9e de lecture estim\u00e9e\" \/>\n\t<meta name=\"twitter:data1\" content=\"2 minutes\" \/>\n<script type=\"application\/ld+json\" class=\"yoast-schema-graph\">{\"@context\":\"https:\\\/\\\/schema.org\",\"@graph\":[{\"@type\":\"WebPage\",\"@id\":\"https:\\\/\\\/shop.bantam.ch\\\/fr\\\/produit\\\/porte-velos-support-arriere-strada-trail-2\\\/\",\"url\":\"https:\\\/\\\/shop.bantam.ch\\\/fr\\\/produit\\\/porte-velos-support-arriere-strada-trail-2\\\/\",\"name\":\"Porte-v\u00e9los arri\u00e8re Atera Strada Trail 2 2 v\u00e9los, charge admise 60 kg - Bantam\",\"isPartOf\":{\"@id\":\"https:\\\/\\\/shop.bantam.ch\\\/fr\\\/#website\"},\"primaryImageOfPage\":{\"@id\":\"https:\\\/\\\/shop.bantam.ch\\\/fr\\\/produit\\\/porte-velos-support-arriere-strada-trail-2\\\/#primaryimage\"},\"image\":{\"@id\":\"https:\\\/\\\/shop.bantam.ch\\\/fr\\\/produit\\\/porte-velos-support-arriere-strada-trail-2\\\/#primaryimage\"},\"thumbnailUrl\":\"https:\\\/\\\/shop.bantam.ch\\\/wp-content\\\/uploads\\\/2023\\\/02\\\/994462411-scaled.jpg\",\"datePublished\":\"2023-02-28T22:43:44+00:00\",\"dateModified\":\"2026-05-02T19:47:39+00:00\",\"breadcrumb\":{\"@id\":\"https:\\\/\\\/shop.bantam.ch\\\/fr\\\/produit\\\/porte-velos-support-arriere-strada-trail-2\\\/#breadcrumb\"},\"inLanguage\":\"fr-FR\",\"potentialAction\":[{\"@type\":\"ReadAction\",\"target\":[\"https:\\\/\\\/shop.bantam.ch\\\/fr\\\/produit\\\/porte-velos-support-arriere-strada-trail-2\\\/\"]}]},{\"@type\":\"ImageObject\",\"inLanguage\":\"fr-FR\",\"@id\":\"https:\\\/\\\/shop.bantam.ch\\\/fr\\\/produit\\\/porte-velos-support-arriere-strada-trail-2\\\/#primaryimage\",\"url\":\"https:\\\/\\\/shop.bantam.ch\\\/wp-content\\\/uploads\\\/2023\\\/02\\\/994462411-scaled.jpg\",\"contentUrl\":\"https:\\\/\\\/shop.bantam.ch\\\/wp-content\\\/uploads\\\/2023\\\/02\\\/994462411-scaled.jpg\",\"width\":2048,\"height\":1152},{\"@type\":\"BreadcrumbList\",\"@id\":\"https:\\\/\\\/shop.bantam.ch\\\/fr\\\/produit\\\/porte-velos-support-arriere-strada-trail-2\\\/#breadcrumb\",\"itemListElement\":[{\"@type\":\"ListItem\",\"position\":1,\"name\":\"Accueil\",\"item\":\"https:\\\/\\\/shop.bantam.ch\\\/fr\\\/\"},{\"@type\":\"ListItem\",\"position\":2,\"name\":\"Boutique\",\"item\":\"https:\\\/\\\/shop.bantam.ch\\\/fr\\\/boutique\\\/\"},{\"@type\":\"ListItem\",\"position\":3,\"name\":\"Porte-v\u00e9los arri\u00e8re Atera Strada Trail 2 2 v\u00e9los, charge admise 60 kg\"}]},{\"@type\":\"WebSite\",\"@id\":\"https:\\\/\\\/shop.bantam.ch\\\/fr\\\/#website\",\"url\":\"https:\\\/\\\/shop.bantam.ch\\\/fr\\\/\",\"name\":\"Bantam\",\"description\":\"\",\"publisher\":{\"@id\":\"https:\\\/\\\/shop.bantam.ch\\\/fr\\\/#organization\"},\"inLanguage\":\"fr-FR\"},{\"@type\":\"Organization\",\"@id\":\"https:\\\/\\\/shop.bantam.ch\\\/fr\\\/#organization\",\"name\":\"Bantam\",\"url\":\"https:\\\/\\\/shop.bantam.ch\\\/fr\\\/\",\"logo\":{\"@type\":\"ImageObject\",\"inLanguage\":\"fr-FR\",\"@id\":\"https:\\\/\\\/shop.bantam.ch\\\/fr\\\/#\\\/schema\\\/logo\\\/image\\\/\",\"url\":\"https:\\\/\\\/shop.bantam.ch\\\/wp-content\\\/uploads\\\/2022\\\/12\\\/bantam-logo.png\",\"contentUrl\":\"https:\\\/\\\/shop.bantam.ch\\\/wp-content\\\/uploads\\\/2022\\\/12\\\/bantam-logo.png\",\"width\":320,\"height\":71,\"caption\":\"Bantam\"},\"image\":{\"@id\":\"https:\\\/\\\/shop.bantam.ch\\\/fr\\\/#\\\/schema\\\/logo\\\/image\\\/\"}}]}<\/script>\n<!-- \/ Yoast SEO plugin. -->","yoast_head_json":{"title":"Porte-v\u00e9los arri\u00e8re Atera Strada Trail 2 2 v\u00e9los, charge admise 60 kg - Bantam","robots":{"index":"index","follow":"follow","max-snippet":"max-snippet:-1","max-image-preview":"max-image-preview:large","max-video-preview":"max-video-preview:-1"},"canonical":"https:\/\/shop.bantam.ch\/fr\/produit\/porte-velos-support-arriere-strada-trail-2\/","og_locale":"fr_FR","og_type":"article","og_title":"Porte-v\u00e9los arri\u00e8re Atera Strada Trail 2 2 v\u00e9los, charge admise 60 kg - Bantam","og_description":"Le nouveau Strada Trail 2, la combinaison parfaite entre v\u00e9hicule, porte-v\u00e9los et v\u00e9lo. Si le c\u0153ur vous en dit, tout est pr\u00eat. \u00a0Positionnement s\u00fbr &#8211; facile \u00e0 assembler &#8211; extensible. Et son crochet de maintien noir tr\u00e8s r\u00e9sistant contribue \u00e0 son look incomparable. D\u00e9sormais, vous pourrez \u00eatre plus spontan\u00e9(e) et vos voyages seront \u00e9galement plus [&hellip;]","og_url":"https:\/\/shop.bantam.ch\/fr\/produit\/porte-velos-support-arriere-strada-trail-2\/","og_site_name":"Bantam","article_modified_time":"2026-05-02T19:47:39+00:00","og_image":[{"width":10000,"height":5624,"url":"https:\/\/shop.bantam.ch\/wp-content\/uploads\/2023\/02\/994462411-scaled.jpg","type":"image\/jpeg"}],"twitter_card":"summary_large_image","twitter_misc":{"Dur\u00e9e de lecture estim\u00e9e":"2 minutes"},"schema":{"@context":"https:\/\/schema.org","@graph":[{"@type":"WebPage","@id":"https:\/\/shop.bantam.ch\/fr\/produit\/porte-velos-support-arriere-strada-trail-2\/","url":"https:\/\/shop.bantam.ch\/fr\/produit\/porte-velos-support-arriere-strada-trail-2\/","name":"Porte-v\u00e9los arri\u00e8re Atera Strada Trail 2 2 v\u00e9los, charge admise 60 kg - Bantam","isPartOf":{"@id":"https:\/\/shop.bantam.ch\/fr\/#website"},"primaryImageOfPage":{"@id":"https:\/\/shop.bantam.ch\/fr\/produit\/porte-velos-support-arriere-strada-trail-2\/#primaryimage"},"image":{"@id":"https:\/\/shop.bantam.ch\/fr\/produit\/porte-velos-support-arriere-strada-trail-2\/#primaryimage"},"thumbnailUrl":"https:\/\/shop.bantam.ch\/wp-content\/uploads\/2023\/02\/994462411-scaled.jpg","datePublished":"2023-02-28T22:43:44+00:00","dateModified":"2026-05-02T19:47:39+00:00","breadcrumb":{"@id":"https:\/\/shop.bantam.ch\/fr\/produit\/porte-velos-support-arriere-strada-trail-2\/#breadcrumb"},"inLanguage":"fr-FR","potentialAction":[{"@type":"ReadAction","target":["https:\/\/shop.bantam.ch\/fr\/produit\/porte-velos-support-arriere-strada-trail-2\/"]}]},{"@type":"ImageObject","inLanguage":"fr-FR","@id":"https:\/\/shop.bantam.ch\/fr\/produit\/porte-velos-support-arriere-strada-trail-2\/#primaryimage","url":"https:\/\/shop.bantam.ch\/wp-content\/uploads\/2023\/02\/994462411-scaled.jpg","contentUrl":"https:\/\/shop.bantam.ch\/wp-content\/uploads\/2023\/02\/994462411-scaled.jpg","width":2048,"height":1152},{"@type":"BreadcrumbList","@id":"https:\/\/shop.bantam.ch\/fr\/produit\/porte-velos-support-arriere-strada-trail-2\/#breadcrumb","itemListElement":[{"@type":"ListItem","position":1,"name":"Accueil","item":"https:\/\/shop.bantam.ch\/fr\/"},{"@type":"ListItem","position":2,"name":"Boutique","item":"https:\/\/shop.bantam.ch\/fr\/boutique\/"},{"@type":"ListItem","position":3,"name":"Porte-v\u00e9los arri\u00e8re Atera Strada Trail 2 2 v\u00e9los, charge admise 60 kg"}]},{"@type":"WebSite","@id":"https:\/\/shop.bantam.ch\/fr\/#website","url":"https:\/\/shop.bantam.ch\/fr\/","name":"Bantam","description":"","publisher":{"@id":"https:\/\/shop.bantam.ch\/fr\/#organization"},"inLanguage":"fr-FR"},{"@type":"Organization","@id":"https:\/\/shop.bantam.ch\/fr\/#organization","name":"Bantam","url":"https:\/\/shop.bantam.ch\/fr\/","logo":{"@type":"ImageObject","inLanguage":"fr-FR","@id":"https:\/\/shop.bantam.ch\/fr\/#\/schema\/logo\/image\/","url":"https:\/\/shop.bantam.ch\/wp-content\/uploads\/2022\/12\/bantam-logo.png","contentUrl":"https:\/\/shop.bantam.ch\/wp-content\/uploads\/2022\/12\/bantam-logo.png","width":320,"height":71,"caption":"Bantam"},"image":{"@id":"https:\/\/shop.bantam.ch\/fr\/#\/schema\/logo\/image\/"}}]}},"_links":{"self":[{"href":"https:\/\/shop.bantam.ch\/fr\/wp-json\/wp\/v2\/product\/121532","targetHints":{"allow":["GET"]}}],"collection":[{"href":"https:\/\/shop.bantam.ch\/fr\/wp-json\/wp\/v2\/product"}],"about":[{"href":"https:\/\/shop.bantam.ch\/fr\/wp-json\/wp\/v2\/types\/product"}],"wp:featuredmedia":[{"embeddable":true,"href":"https:\/\/shop.bantam.ch\/fr\/wp-json\/wp\/v2\/media\/121528"}],"wp:attachment":[{"href":"https:\/\/shop.bantam.ch\/fr\/wp-json\/wp\/v2\/media?parent=121532"}],"wp:term":[{"taxonomy":"product_featured_cat","embeddable":true,"href":"https:\/\/shop.bantam.ch\/fr\/wp-json\/wp\/v2\/product_featured_cat?post=121532"},{"taxonomy":"product_brand","embeddable":true,"href":"https:\/\/shop.bantam.ch\/fr\/wp-json\/wp\/v2\/product_brand?post=121532"},{"taxonomy":"product_cat","embeddable":true,"href":"https:\/\/shop.bantam.ch\/fr\/wp-json\/wp\/v2\/product_cat?post=121532"},{"taxonomy":"product_tag","embeddable":true,"href":"https:\/\/shop.bantam.ch\/fr\/wp-json\/wp\/v2\/product_tag?post=121532"}],"curies":[{"name":"wp","href":"https:\/\/api.w.org\/{rel}","templated":true}]}}