{"id":91831,"date":"2023-02-28T04:02:04","date_gmt":"2023-02-28T03:02:04","guid":{"rendered":"http:\/\/shop.bantam.ch\/produit\/dachzelt-desert-i-mit-vorzelt-lang-sand\/"},"modified":"2026-05-01T22:40:34","modified_gmt":"2026-05-01T20:40:34","slug":"dachzelt-desert-i-mit-vorzelt-lang-sand","status":"publish","type":"product","link":"https:\/\/shop.bantam.ch\/de\/produkt\/dachzelt-desert-i-mit-vorzelt-lang-sand\/","title":{"rendered":"Dachzelt Desert I mit Vorzelt lang, sand"},"content":{"rendered":"<p>Das Desert I passt f\u00fcr fast alle Fahrzeuge, vom kleinen VW Polo bis zum Land Rover Defender.\u00a0<\/p>\n<p>Die Zelte werden in einer kleinen Manufaktur extra f\u00fcr unsere Breitengrade sorgf\u00e4ltig hergestellt. Das Zelt kommt komplett mit dem Vorzelt, Vorzeltboden und Zubeh\u00f6r. Das Desert ist besonders atmungsaktiv durch das hochwertige Segeltuchgewebe (280 G Segeltuch). F\u00fcr den Regenschutz sorgt das robuste \u00dcberdach aus Polyester. Der Einstieg erfolgt von unten, somit sind Sie vor Wind und Wetter gesch\u00fctzt. Zus\u00e4tzliche Moskitonetze an den beiden Fenstern und den zwei Eing\u00e4ngen sorgen f\u00fcr ungest\u00f6rten Schlaf. Das Zelt verf\u00fcgt \u00fcber einen Eingang und 3 Fenster, alle mit Moskitonetzen versehen.<\/p>\n<p>Das im Lieferumfang enthaltene gro\u00dfz\u00fcgige Vorzelt verf\u00fcgt \u00fcber einen obusten Gummi-Innenboden, der wahlweise auch rausgenommen werden kann. Der Boden ist wasserdicht, die Seitenw\u00e4nde sind spritzwasserresistent. Die Fenster seitlich k\u00f6nnen geschlossen werden und sind auch durch Moskitonetze gesch\u00fctzt. Das Vorzelt ist mit einem YKK Rei\u00dfverschluss in 3 Minuten am Dachzelt befestigt.<br \/>Ab einer Fahrzeugh\u00f6he von 2,10 m ist eine Leiterverl\u00e4ngerung und eine Vorzeltverl\u00e4ngerung empfohen.<\/p>\n<p>Material:<br \/>Zelt: 65 % Polyester, 35 ?umwolle\u00a0<br \/>Regen-\u00dcberzug und Vorzelt: 100 % Polyester<br \/>Gest\u00e4nge und Leiter: Aluminium<br \/>Bezug Matratze: 100 % Polyester<\/p>\n<p>Lieferumfang:<br \/>Dachzelt<br \/>Dachzelt Abdeckung<br \/>Leiter<br \/>Dachzelt Regen\u00fcberzug<br \/>Vorzelt<br \/>Vorzelt Innenboden<br \/>80 mm Matratze<br \/>Dachtr\u00e4ger Befestigungsmaterial<br \/>Werkzeug f\u00fcr den Aufbau<br \/>Spannstangen f\u00fcr die Ausstellfenster<br \/>Abspannschn\u00fcre und Karabiner<br \/>Bedienungs- und Pflegeanleitung<\/p>\n","protected":false},"excerpt":{"rendered":"<p>Das Desert I passt f\u00fcr fast alle Fahrzeuge, vom kleinen VW Polo bis zum Land Rover Defender.\u00a0 Die Zelte werden in einer kleinen Manufaktur extra f\u00fcr unsere Breitengrade sorgf\u00e4ltig hergestellt. Das Zelt kommt komplett mit dem Vorzelt, Vorzeltboden und Zubeh\u00f6r. Das Desert ist besonders atmungsaktiv durch das hochwertige Segeltuchgewebe (280 G Segeltuch). F\u00fcr den Regenschutz [&hellip;]<\/p>\n","protected":false},"featured_media":91768,"template":"","meta":{"_acf_changed":false},"product_featured_cat":[],"product_brand":[3509],"product_cat":[4244],"product_tag":[],"class_list":{"0":"post-91831","1":"product","2":"type-product","3":"status-publish","4":"has-post-thumbnail","6":"product_brand-horntools-de","7":"product_cat-dachzelte","9":"first","10":"instock","11":"taxable","12":"shipping-taxable","13":"purchasable","14":"product-type-variable"},"acf":[],"yoast_head":"<!-- This site is optimized with the Yoast SEO plugin v27.5 - https:\/\/yoast.com\/product\/yoast-seo-wordpress\/ -->\n<title>Dachzelt Desert I mit Vorzelt lang, sand - Bantam<\/title>\n<meta name=\"robots\" content=\"index, follow, max-snippet:-1, max-image-preview:large, max-video-preview:-1\" \/>\n<link rel=\"canonical\" href=\"https:\/\/shop.bantam.ch\/de\/produkt\/dachzelt-desert-i-mit-vorzelt-lang-sand\/\" \/>\n<meta property=\"og:locale\" content=\"de_DE\" \/>\n<meta property=\"og:type\" content=\"article\" \/>\n<meta property=\"og:title\" content=\"Dachzelt Desert I mit Vorzelt lang, sand - Bantam\" \/>\n<meta property=\"og:description\" content=\"Das Desert I passt f\u00fcr fast alle Fahrzeuge, vom kleinen VW Polo bis zum Land Rover Defender.\u00a0 Die Zelte werden in einer kleinen Manufaktur extra f\u00fcr unsere Breitengrade sorgf\u00e4ltig hergestellt. Das Zelt kommt komplett mit dem Vorzelt, Vorzeltboden und Zubeh\u00f6r. Das Desert ist besonders atmungsaktiv durch das hochwertige Segeltuchgewebe (280 G Segeltuch). F\u00fcr den Regenschutz [&hellip;]\" \/>\n<meta property=\"og:url\" content=\"https:\/\/shop.bantam.ch\/de\/produkt\/dachzelt-desert-i-mit-vorzelt-lang-sand\/\" \/>\n<meta property=\"og:site_name\" content=\"Bantam\" \/>\n<meta property=\"article:modified_time\" content=\"2026-05-01T20:40:34+00:00\" \/>\n<meta property=\"og:image\" content=\"https:\/\/shop.bantam.ch\/wp-content\/uploads\/2023\/02\/995546211.jpg\" \/>\n\t<meta property=\"og:image:width\" content=\"1000\" \/>\n\t<meta property=\"og:image:height\" content=\"667\" \/>\n\t<meta property=\"og:image:type\" content=\"image\/jpeg\" \/>\n<meta name=\"twitter:card\" content=\"summary_large_image\" \/>\n<meta name=\"twitter:label1\" content=\"Gesch\u00e4tzte Lesezeit\" \/>\n\t<meta name=\"twitter:data1\" content=\"1\u00a0Minute\" \/>\n<script type=\"application\/ld+json\" class=\"yoast-schema-graph\">{\"@context\":\"https:\\\/\\\/schema.org\",\"@graph\":[{\"@type\":\"WebPage\",\"@id\":\"https:\\\/\\\/shop.bantam.ch\\\/de\\\/produkt\\\/dachzelt-desert-i-mit-vorzelt-lang-sand\\\/\",\"url\":\"https:\\\/\\\/shop.bantam.ch\\\/de\\\/produkt\\\/dachzelt-desert-i-mit-vorzelt-lang-sand\\\/\",\"name\":\"Dachzelt Desert I mit Vorzelt lang, sand - Bantam\",\"isPartOf\":{\"@id\":\"https:\\\/\\\/shop.bantam.ch\\\/de\\\/#website\"},\"primaryImageOfPage\":{\"@id\":\"https:\\\/\\\/shop.bantam.ch\\\/de\\\/produkt\\\/dachzelt-desert-i-mit-vorzelt-lang-sand\\\/#primaryimage\"},\"image\":{\"@id\":\"https:\\\/\\\/shop.bantam.ch\\\/de\\\/produkt\\\/dachzelt-desert-i-mit-vorzelt-lang-sand\\\/#primaryimage\"},\"thumbnailUrl\":\"https:\\\/\\\/shop.bantam.ch\\\/wp-content\\\/uploads\\\/2023\\\/02\\\/995546211.jpg\",\"datePublished\":\"2023-02-28T03:02:04+00:00\",\"dateModified\":\"2026-05-01T20:40:34+00:00\",\"breadcrumb\":{\"@id\":\"https:\\\/\\\/shop.bantam.ch\\\/de\\\/produkt\\\/dachzelt-desert-i-mit-vorzelt-lang-sand\\\/#breadcrumb\"},\"inLanguage\":\"de\",\"potentialAction\":[{\"@type\":\"ReadAction\",\"target\":[\"https:\\\/\\\/shop.bantam.ch\\\/de\\\/produkt\\\/dachzelt-desert-i-mit-vorzelt-lang-sand\\\/\"]}]},{\"@type\":\"ImageObject\",\"inLanguage\":\"de\",\"@id\":\"https:\\\/\\\/shop.bantam.ch\\\/de\\\/produkt\\\/dachzelt-desert-i-mit-vorzelt-lang-sand\\\/#primaryimage\",\"url\":\"https:\\\/\\\/shop.bantam.ch\\\/wp-content\\\/uploads\\\/2023\\\/02\\\/995546211.jpg\",\"contentUrl\":\"https:\\\/\\\/shop.bantam.ch\\\/wp-content\\\/uploads\\\/2023\\\/02\\\/995546211.jpg\",\"width\":1000,\"height\":667},{\"@type\":\"BreadcrumbList\",\"@id\":\"https:\\\/\\\/shop.bantam.ch\\\/de\\\/produkt\\\/dachzelt-desert-i-mit-vorzelt-lang-sand\\\/#breadcrumb\",\"itemListElement\":[{\"@type\":\"ListItem\",\"position\":1,\"name\":\"Accueil\",\"item\":\"https:\\\/\\\/shop.bantam.ch\\\/de\\\/\"},{\"@type\":\"ListItem\",\"position\":2,\"name\":\"Shop\",\"item\":\"https:\\\/\\\/shop.bantam.ch\\\/de\\\/shop\\\/\"},{\"@type\":\"ListItem\",\"position\":3,\"name\":\"Dachzelt Desert I mit Vorzelt lang, sand\"}]},{\"@type\":\"WebSite\",\"@id\":\"https:\\\/\\\/shop.bantam.ch\\\/de\\\/#website\",\"url\":\"https:\\\/\\\/shop.bantam.ch\\\/de\\\/\",\"name\":\"Bantam\",\"description\":\"\",\"publisher\":{\"@id\":\"https:\\\/\\\/shop.bantam.ch\\\/de\\\/#organization\"},\"inLanguage\":\"de\"},{\"@type\":\"Organization\",\"@id\":\"https:\\\/\\\/shop.bantam.ch\\\/de\\\/#organization\",\"name\":\"Bantam\",\"url\":\"https:\\\/\\\/shop.bantam.ch\\\/de\\\/\",\"logo\":{\"@type\":\"ImageObject\",\"inLanguage\":\"de\",\"@id\":\"https:\\\/\\\/shop.bantam.ch\\\/de\\\/#\\\/schema\\\/logo\\\/image\\\/\",\"url\":\"https:\\\/\\\/shop.bantam.ch\\\/wp-content\\\/uploads\\\/2022\\\/12\\\/bantam-logo.png\",\"contentUrl\":\"https:\\\/\\\/shop.bantam.ch\\\/wp-content\\\/uploads\\\/2022\\\/12\\\/bantam-logo.png\",\"width\":320,\"height\":71,\"caption\":\"Bantam\"},\"image\":{\"@id\":\"https:\\\/\\\/shop.bantam.ch\\\/de\\\/#\\\/schema\\\/logo\\\/image\\\/\"}}]}<\/script>\n<!-- \/ Yoast SEO plugin. -->","yoast_head_json":{"title":"Dachzelt Desert I mit Vorzelt lang, sand - Bantam","robots":{"index":"index","follow":"follow","max-snippet":"max-snippet:-1","max-image-preview":"max-image-preview:large","max-video-preview":"max-video-preview:-1"},"canonical":"https:\/\/shop.bantam.ch\/de\/produkt\/dachzelt-desert-i-mit-vorzelt-lang-sand\/","og_locale":"de_DE","og_type":"article","og_title":"Dachzelt Desert I mit Vorzelt lang, sand - Bantam","og_description":"Das Desert I passt f\u00fcr fast alle Fahrzeuge, vom kleinen VW Polo bis zum Land Rover Defender.\u00a0 Die Zelte werden in einer kleinen Manufaktur extra f\u00fcr unsere Breitengrade sorgf\u00e4ltig hergestellt. Das Zelt kommt komplett mit dem Vorzelt, Vorzeltboden und Zubeh\u00f6r. Das Desert ist besonders atmungsaktiv durch das hochwertige Segeltuchgewebe (280 G Segeltuch). F\u00fcr den Regenschutz [&hellip;]","og_url":"https:\/\/shop.bantam.ch\/de\/produkt\/dachzelt-desert-i-mit-vorzelt-lang-sand\/","og_site_name":"Bantam","article_modified_time":"2026-05-01T20:40:34+00:00","og_image":[{"width":1000,"height":667,"url":"https:\/\/shop.bantam.ch\/wp-content\/uploads\/2023\/02\/995546211.jpg","type":"image\/jpeg"}],"twitter_card":"summary_large_image","twitter_misc":{"Gesch\u00e4tzte Lesezeit":"1\u00a0Minute"},"schema":{"@context":"https:\/\/schema.org","@graph":[{"@type":"WebPage","@id":"https:\/\/shop.bantam.ch\/de\/produkt\/dachzelt-desert-i-mit-vorzelt-lang-sand\/","url":"https:\/\/shop.bantam.ch\/de\/produkt\/dachzelt-desert-i-mit-vorzelt-lang-sand\/","name":"Dachzelt Desert I mit Vorzelt lang, sand - Bantam","isPartOf":{"@id":"https:\/\/shop.bantam.ch\/de\/#website"},"primaryImageOfPage":{"@id":"https:\/\/shop.bantam.ch\/de\/produkt\/dachzelt-desert-i-mit-vorzelt-lang-sand\/#primaryimage"},"image":{"@id":"https:\/\/shop.bantam.ch\/de\/produkt\/dachzelt-desert-i-mit-vorzelt-lang-sand\/#primaryimage"},"thumbnailUrl":"https:\/\/shop.bantam.ch\/wp-content\/uploads\/2023\/02\/995546211.jpg","datePublished":"2023-02-28T03:02:04+00:00","dateModified":"2026-05-01T20:40:34+00:00","breadcrumb":{"@id":"https:\/\/shop.bantam.ch\/de\/produkt\/dachzelt-desert-i-mit-vorzelt-lang-sand\/#breadcrumb"},"inLanguage":"de","potentialAction":[{"@type":"ReadAction","target":["https:\/\/shop.bantam.ch\/de\/produkt\/dachzelt-desert-i-mit-vorzelt-lang-sand\/"]}]},{"@type":"ImageObject","inLanguage":"de","@id":"https:\/\/shop.bantam.ch\/de\/produkt\/dachzelt-desert-i-mit-vorzelt-lang-sand\/#primaryimage","url":"https:\/\/shop.bantam.ch\/wp-content\/uploads\/2023\/02\/995546211.jpg","contentUrl":"https:\/\/shop.bantam.ch\/wp-content\/uploads\/2023\/02\/995546211.jpg","width":1000,"height":667},{"@type":"BreadcrumbList","@id":"https:\/\/shop.bantam.ch\/de\/produkt\/dachzelt-desert-i-mit-vorzelt-lang-sand\/#breadcrumb","itemListElement":[{"@type":"ListItem","position":1,"name":"Accueil","item":"https:\/\/shop.bantam.ch\/de\/"},{"@type":"ListItem","position":2,"name":"Shop","item":"https:\/\/shop.bantam.ch\/de\/shop\/"},{"@type":"ListItem","position":3,"name":"Dachzelt Desert I mit Vorzelt lang, sand"}]},{"@type":"WebSite","@id":"https:\/\/shop.bantam.ch\/de\/#website","url":"https:\/\/shop.bantam.ch\/de\/","name":"Bantam","description":"","publisher":{"@id":"https:\/\/shop.bantam.ch\/de\/#organization"},"inLanguage":"de"},{"@type":"Organization","@id":"https:\/\/shop.bantam.ch\/de\/#organization","name":"Bantam","url":"https:\/\/shop.bantam.ch\/de\/","logo":{"@type":"ImageObject","inLanguage":"de","@id":"https:\/\/shop.bantam.ch\/de\/#\/schema\/logo\/image\/","url":"https:\/\/shop.bantam.ch\/wp-content\/uploads\/2022\/12\/bantam-logo.png","contentUrl":"https:\/\/shop.bantam.ch\/wp-content\/uploads\/2022\/12\/bantam-logo.png","width":320,"height":71,"caption":"Bantam"},"image":{"@id":"https:\/\/shop.bantam.ch\/de\/#\/schema\/logo\/image\/"}}]}},"_links":{"self":[{"href":"https:\/\/shop.bantam.ch\/de\/wp-json\/wp\/v2\/product\/91831","targetHints":{"allow":["GET"]}}],"collection":[{"href":"https:\/\/shop.bantam.ch\/de\/wp-json\/wp\/v2\/product"}],"about":[{"href":"https:\/\/shop.bantam.ch\/de\/wp-json\/wp\/v2\/types\/product"}],"wp:featuredmedia":[{"embeddable":true,"href":"https:\/\/shop.bantam.ch\/de\/wp-json\/wp\/v2\/media\/91768"}],"wp:attachment":[{"href":"https:\/\/shop.bantam.ch\/de\/wp-json\/wp\/v2\/media?parent=91831"}],"wp:term":[{"taxonomy":"product_featured_cat","embeddable":true,"href":"https:\/\/shop.bantam.ch\/de\/wp-json\/wp\/v2\/product_featured_cat?post=91831"},{"taxonomy":"product_brand","embeddable":true,"href":"https:\/\/shop.bantam.ch\/de\/wp-json\/wp\/v2\/product_brand?post=91831"},{"taxonomy":"product_cat","embeddable":true,"href":"https:\/\/shop.bantam.ch\/de\/wp-json\/wp\/v2\/product_cat?post=91831"},{"taxonomy":"product_tag","embeddable":true,"href":"https:\/\/shop.bantam.ch\/de\/wp-json\/wp\/v2\/product_tag?post=91831"}],"curies":[{"name":"wp","href":"https:\/\/api.w.org\/{rel}","templated":true}]}}