{"id":77346,"date":"2023-02-28T00:51:26","date_gmt":"2023-02-27T23:51:26","guid":{"rendered":"http:\/\/shop.bantam.ch\/produit\/klimaanlage-aventa-compact-inkl-luftverteiler-small\/"},"modified":"2026-05-02T22:20:47","modified_gmt":"2026-05-02T20:20:47","slug":"klimaanlage-aventa-compact-inkl-luftverteiler-small","status":"publish","type":"product","link":"https:\/\/shop.bantam.ch\/de\/produkt\/klimaanlage-aventa-compact-inkl-luftverteiler-small\/","title":{"rendered":"Klimaanlage Aventa compact inkl. Luftverteiler small"},"content":{"rendered":"<p>Die Aventa compact ist so dimensioniert, dass sie auf jedes Fahrzeugdach passt. Zugleich ist sie die leichteste und leiseste Dachklimaanlage auf dem Markt. Eine exzellente K\u00fchlleistung ist dabei selbstverst\u00e4ndlich.<\/p>\n<p>Praktisch: Klimaanlage mit den universellen Einbaurahmen schnell und einfach montieren<br \/>Flexibel: Modulares Aventa Produktprogramm passt f\u00fcr alle Fahrzeuge &#8211; vom Kastenwagen bis zum Liner<br \/>Bew\u00e4hrt: Im Garantiefall erhalten Sie ein Neuger\u00e4t von uns<br \/>Vernetzt: Einfach ins Truma iNet System zu integrieren<br \/>\u00dcber den Luftverteiler small str\u00f6mt die k\u00fchle Luft in den gesamten Innenraum. Die vier Ausl\u00e4sse k\u00f6nnen individuell eingestellt werden und dosieren den Luftstrom gleichm\u00e4\u00dfig und zugluftfrei im Fahrzeug.<\/p>\n<p>Beim Luftverteiler small muss kein seitlicher Freiraum ber\u00fccksichtigt werden. Dadurch und durch die kompakten Abmessungen, bietet er wesentlich flexiblere Gestaltungsm\u00f6glichkeiten beim M\u00f6belbau. Vor und hinter den Luftverteilern muss ein ungehindertes Ausblasen gew\u00e4hrleistet sein.<br \/>Erfrischt souver\u00e4n \u02c6\u2019<br \/>leicht, leise, leistungsstark<br \/>Die Dachklimaanlagen Truma Aventa compact und Aventa compact plus sind so dimensioniert, dass sie nahezu auf jedes Fahrzeugdach passen. Zugleich sind sie die leichtesten und leisesten<br \/>Dachklimaanlagen auf dem Markt. Mit der exzellenten K\u00fchlleistung und dem individuell einstellbaren Luftverteiler sind sie die<br \/>erste Wahl f\u00fcr alle Freizeitmobile.<br \/>Kompakt: Leichteste Dachklimaanlage auf dem Markt*<br \/>Universell: Passt auf alle Freizeitfahrzeuge<br \/>Komfortabel: L\u00e4uft extrem leise<br \/>Leistungsstark: K\u00fchlt schneller als jede andere Dachklimaanlage*<br \/>Smart: Klimaanlage und Klimaautomatik bequem per App steuern<br \/>*in ihrer Leistungsklasse<\/p>\n<p>Temperatur und Gebl\u00e4sestufe werden an der Fernbedienung eingestellt &#8211; oder optional am Truma CP plus oder in der Truma App (in Kombination mit der Truma iNet Box). Die Truma Combi mit dem Bedienteil Truma CP plus ist in den meisten Fahrzeugen schon vorhanden und dadurch kann die Aventa Klimaanlage einfach in das bestehende System integriert werden. Die Klimaautomatik wird \u00fcber das Truma CP plus oder die Truma App gesteuert.<\/p>\n<p>\u00a0<\/p>\n<ul>\n<li>Stromaufnahme K\u00fchlbetrieb: 2,8 A<\/li>\n<li>Abmessungen au\u00dfen: 785 x 265 x 560 mm (B x H x T)<\/li>\n<li>Abmessungen innen: 556 x 46 x 496 mm (B x H x T)<\/li>\n<li>Dachausschnitt: 380 x 350 mm und 400 x 400 mm (B x T)<\/li>\n<li>Dachst\u00e4rke: 25 &#8211; 50 mm (mit Dachst\u00e4rkenadapter bis 110 mm)<\/li>\n<li>K\u00fchlleistung: 1700 W \/ 5800 BTU\/h<\/li>\n<li>Leistungsaufnahme: 650 W<\/li>\n<\/ul>\n<p>\u00a0<\/p>\n","protected":false},"excerpt":{"rendered":"<p>Die Aventa compact ist so dimensioniert, dass sie auf jedes Fahrzeugdach passt. Zugleich ist sie die leichteste und leiseste Dachklimaanlage auf dem Markt. Eine exzellente K\u00fchlleistung ist dabei selbstverst\u00e4ndlich. Praktisch: Klimaanlage mit den universellen Einbaurahmen schnell und einfach montierenFlexibel: Modulares Aventa Produktprogramm passt f\u00fcr alle Fahrzeuge &#8211; vom Kastenwagen bis zum LinerBew\u00e4hrt: Im Garantiefall erhalten [&hellip;]<\/p>\n","protected":false},"featured_media":77336,"template":"","meta":{"_acf_changed":false},"product_featured_cat":[],"product_brand":[3027],"product_cat":[4090],"product_tag":[],"class_list":{"0":"post-77346","1":"product","2":"type-product","3":"status-publish","4":"has-post-thumbnail","6":"product_brand-truma-de","7":"product_cat-klimaanlagen","9":"first","10":"instock","11":"featured","12":"taxable","13":"shipping-taxable","14":"purchasable","15":"product-type-variable"},"acf":[],"yoast_head":"<!-- This site is optimized with the Yoast SEO plugin v27.5 - https:\/\/yoast.com\/product\/yoast-seo-wordpress\/ -->\n<title>Klimaanlage Aventa compact inkl. Luftverteiler small - Bantam<\/title>\n<meta name=\"robots\" content=\"index, follow, max-snippet:-1, max-image-preview:large, max-video-preview:-1\" \/>\n<link rel=\"canonical\" href=\"https:\/\/shop.bantam.ch\/de\/produkt\/klimaanlage-aventa-compact-inkl-luftverteiler-small\/\" \/>\n<meta property=\"og:locale\" content=\"de_DE\" \/>\n<meta property=\"og:type\" content=\"article\" \/>\n<meta property=\"og:title\" content=\"Klimaanlage Aventa compact inkl. Luftverteiler small - Bantam\" \/>\n<meta property=\"og:description\" content=\"Die Aventa compact ist so dimensioniert, dass sie auf jedes Fahrzeugdach passt. Zugleich ist sie die leichteste und leiseste Dachklimaanlage auf dem Markt. Eine exzellente K\u00fchlleistung ist dabei selbstverst\u00e4ndlich. Praktisch: Klimaanlage mit den universellen Einbaurahmen schnell und einfach montierenFlexibel: Modulares Aventa Produktprogramm passt f\u00fcr alle Fahrzeuge &#8211; vom Kastenwagen bis zum LinerBew\u00e4hrt: Im Garantiefall erhalten [&hellip;]\" \/>\n<meta property=\"og:url\" content=\"https:\/\/shop.bantam.ch\/de\/produkt\/klimaanlage-aventa-compact-inkl-luftverteiler-small\/\" \/>\n<meta property=\"og:site_name\" content=\"Bantam\" \/>\n<meta property=\"article:modified_time\" content=\"2026-05-02T20:20:47+00:00\" \/>\n<meta property=\"og:image\" content=\"https:\/\/shop.bantam.ch\/wp-content\/uploads\/2023\/02\/995422611.jpg\" \/>\n\t<meta property=\"og:image:width\" content=\"1000\" \/>\n\t<meta property=\"og:image:height\" content=\"563\" \/>\n\t<meta property=\"og:image:type\" content=\"image\/jpeg\" \/>\n<meta name=\"twitter:card\" content=\"summary_large_image\" \/>\n<meta name=\"twitter:label1\" content=\"Gesch\u00e4tzte Lesezeit\" \/>\n\t<meta name=\"twitter:data1\" content=\"2\u00a0Minuten\" \/>\n<script type=\"application\/ld+json\" class=\"yoast-schema-graph\">{\"@context\":\"https:\\\/\\\/schema.org\",\"@graph\":[{\"@type\":\"WebPage\",\"@id\":\"https:\\\/\\\/shop.bantam.ch\\\/de\\\/produkt\\\/klimaanlage-aventa-compact-inkl-luftverteiler-small\\\/\",\"url\":\"https:\\\/\\\/shop.bantam.ch\\\/de\\\/produkt\\\/klimaanlage-aventa-compact-inkl-luftverteiler-small\\\/\",\"name\":\"Klimaanlage Aventa compact inkl. Luftverteiler small - Bantam\",\"isPartOf\":{\"@id\":\"https:\\\/\\\/shop.bantam.ch\\\/de\\\/#website\"},\"primaryImageOfPage\":{\"@id\":\"https:\\\/\\\/shop.bantam.ch\\\/de\\\/produkt\\\/klimaanlage-aventa-compact-inkl-luftverteiler-small\\\/#primaryimage\"},\"image\":{\"@id\":\"https:\\\/\\\/shop.bantam.ch\\\/de\\\/produkt\\\/klimaanlage-aventa-compact-inkl-luftverteiler-small\\\/#primaryimage\"},\"thumbnailUrl\":\"https:\\\/\\\/shop.bantam.ch\\\/wp-content\\\/uploads\\\/2023\\\/02\\\/995422611.jpg\",\"datePublished\":\"2023-02-27T23:51:26+00:00\",\"dateModified\":\"2026-05-02T20:20:47+00:00\",\"breadcrumb\":{\"@id\":\"https:\\\/\\\/shop.bantam.ch\\\/de\\\/produkt\\\/klimaanlage-aventa-compact-inkl-luftverteiler-small\\\/#breadcrumb\"},\"inLanguage\":\"de\",\"potentialAction\":[{\"@type\":\"ReadAction\",\"target\":[\"https:\\\/\\\/shop.bantam.ch\\\/de\\\/produkt\\\/klimaanlage-aventa-compact-inkl-luftverteiler-small\\\/\"]}]},{\"@type\":\"ImageObject\",\"inLanguage\":\"de\",\"@id\":\"https:\\\/\\\/shop.bantam.ch\\\/de\\\/produkt\\\/klimaanlage-aventa-compact-inkl-luftverteiler-small\\\/#primaryimage\",\"url\":\"https:\\\/\\\/shop.bantam.ch\\\/wp-content\\\/uploads\\\/2023\\\/02\\\/995422611.jpg\",\"contentUrl\":\"https:\\\/\\\/shop.bantam.ch\\\/wp-content\\\/uploads\\\/2023\\\/02\\\/995422611.jpg\",\"width\":1000,\"height\":563},{\"@type\":\"BreadcrumbList\",\"@id\":\"https:\\\/\\\/shop.bantam.ch\\\/de\\\/produkt\\\/klimaanlage-aventa-compact-inkl-luftverteiler-small\\\/#breadcrumb\",\"itemListElement\":[{\"@type\":\"ListItem\",\"position\":1,\"name\":\"Accueil\",\"item\":\"https:\\\/\\\/shop.bantam.ch\\\/de\\\/\"},{\"@type\":\"ListItem\",\"position\":2,\"name\":\"Shop\",\"item\":\"https:\\\/\\\/shop.bantam.ch\\\/de\\\/shop\\\/\"},{\"@type\":\"ListItem\",\"position\":3,\"name\":\"Klimaanlage Aventa compact inkl. Luftverteiler small\"}]},{\"@type\":\"WebSite\",\"@id\":\"https:\\\/\\\/shop.bantam.ch\\\/de\\\/#website\",\"url\":\"https:\\\/\\\/shop.bantam.ch\\\/de\\\/\",\"name\":\"Bantam\",\"description\":\"\",\"publisher\":{\"@id\":\"https:\\\/\\\/shop.bantam.ch\\\/de\\\/#organization\"},\"inLanguage\":\"de\"},{\"@type\":\"Organization\",\"@id\":\"https:\\\/\\\/shop.bantam.ch\\\/de\\\/#organization\",\"name\":\"Bantam\",\"url\":\"https:\\\/\\\/shop.bantam.ch\\\/de\\\/\",\"logo\":{\"@type\":\"ImageObject\",\"inLanguage\":\"de\",\"@id\":\"https:\\\/\\\/shop.bantam.ch\\\/de\\\/#\\\/schema\\\/logo\\\/image\\\/\",\"url\":\"https:\\\/\\\/shop.bantam.ch\\\/wp-content\\\/uploads\\\/2022\\\/12\\\/bantam-logo.png\",\"contentUrl\":\"https:\\\/\\\/shop.bantam.ch\\\/wp-content\\\/uploads\\\/2022\\\/12\\\/bantam-logo.png\",\"width\":320,\"height\":71,\"caption\":\"Bantam\"},\"image\":{\"@id\":\"https:\\\/\\\/shop.bantam.ch\\\/de\\\/#\\\/schema\\\/logo\\\/image\\\/\"}}]}<\/script>\n<!-- \/ Yoast SEO plugin. -->","yoast_head_json":{"title":"Klimaanlage Aventa compact inkl. Luftverteiler small - Bantam","robots":{"index":"index","follow":"follow","max-snippet":"max-snippet:-1","max-image-preview":"max-image-preview:large","max-video-preview":"max-video-preview:-1"},"canonical":"https:\/\/shop.bantam.ch\/de\/produkt\/klimaanlage-aventa-compact-inkl-luftverteiler-small\/","og_locale":"de_DE","og_type":"article","og_title":"Klimaanlage Aventa compact inkl. Luftverteiler small - Bantam","og_description":"Die Aventa compact ist so dimensioniert, dass sie auf jedes Fahrzeugdach passt. Zugleich ist sie die leichteste und leiseste Dachklimaanlage auf dem Markt. Eine exzellente K\u00fchlleistung ist dabei selbstverst\u00e4ndlich. Praktisch: Klimaanlage mit den universellen Einbaurahmen schnell und einfach montierenFlexibel: Modulares Aventa Produktprogramm passt f\u00fcr alle Fahrzeuge &#8211; vom Kastenwagen bis zum LinerBew\u00e4hrt: Im Garantiefall erhalten [&hellip;]","og_url":"https:\/\/shop.bantam.ch\/de\/produkt\/klimaanlage-aventa-compact-inkl-luftverteiler-small\/","og_site_name":"Bantam","article_modified_time":"2026-05-02T20:20:47+00:00","og_image":[{"width":1000,"height":563,"url":"https:\/\/shop.bantam.ch\/wp-content\/uploads\/2023\/02\/995422611.jpg","type":"image\/jpeg"}],"twitter_card":"summary_large_image","twitter_misc":{"Gesch\u00e4tzte Lesezeit":"2\u00a0Minuten"},"schema":{"@context":"https:\/\/schema.org","@graph":[{"@type":"WebPage","@id":"https:\/\/shop.bantam.ch\/de\/produkt\/klimaanlage-aventa-compact-inkl-luftverteiler-small\/","url":"https:\/\/shop.bantam.ch\/de\/produkt\/klimaanlage-aventa-compact-inkl-luftverteiler-small\/","name":"Klimaanlage Aventa compact inkl. Luftverteiler small - Bantam","isPartOf":{"@id":"https:\/\/shop.bantam.ch\/de\/#website"},"primaryImageOfPage":{"@id":"https:\/\/shop.bantam.ch\/de\/produkt\/klimaanlage-aventa-compact-inkl-luftverteiler-small\/#primaryimage"},"image":{"@id":"https:\/\/shop.bantam.ch\/de\/produkt\/klimaanlage-aventa-compact-inkl-luftverteiler-small\/#primaryimage"},"thumbnailUrl":"https:\/\/shop.bantam.ch\/wp-content\/uploads\/2023\/02\/995422611.jpg","datePublished":"2023-02-27T23:51:26+00:00","dateModified":"2026-05-02T20:20:47+00:00","breadcrumb":{"@id":"https:\/\/shop.bantam.ch\/de\/produkt\/klimaanlage-aventa-compact-inkl-luftverteiler-small\/#breadcrumb"},"inLanguage":"de","potentialAction":[{"@type":"ReadAction","target":["https:\/\/shop.bantam.ch\/de\/produkt\/klimaanlage-aventa-compact-inkl-luftverteiler-small\/"]}]},{"@type":"ImageObject","inLanguage":"de","@id":"https:\/\/shop.bantam.ch\/de\/produkt\/klimaanlage-aventa-compact-inkl-luftverteiler-small\/#primaryimage","url":"https:\/\/shop.bantam.ch\/wp-content\/uploads\/2023\/02\/995422611.jpg","contentUrl":"https:\/\/shop.bantam.ch\/wp-content\/uploads\/2023\/02\/995422611.jpg","width":1000,"height":563},{"@type":"BreadcrumbList","@id":"https:\/\/shop.bantam.ch\/de\/produkt\/klimaanlage-aventa-compact-inkl-luftverteiler-small\/#breadcrumb","itemListElement":[{"@type":"ListItem","position":1,"name":"Accueil","item":"https:\/\/shop.bantam.ch\/de\/"},{"@type":"ListItem","position":2,"name":"Shop","item":"https:\/\/shop.bantam.ch\/de\/shop\/"},{"@type":"ListItem","position":3,"name":"Klimaanlage Aventa compact inkl. Luftverteiler small"}]},{"@type":"WebSite","@id":"https:\/\/shop.bantam.ch\/de\/#website","url":"https:\/\/shop.bantam.ch\/de\/","name":"Bantam","description":"","publisher":{"@id":"https:\/\/shop.bantam.ch\/de\/#organization"},"inLanguage":"de"},{"@type":"Organization","@id":"https:\/\/shop.bantam.ch\/de\/#organization","name":"Bantam","url":"https:\/\/shop.bantam.ch\/de\/","logo":{"@type":"ImageObject","inLanguage":"de","@id":"https:\/\/shop.bantam.ch\/de\/#\/schema\/logo\/image\/","url":"https:\/\/shop.bantam.ch\/wp-content\/uploads\/2022\/12\/bantam-logo.png","contentUrl":"https:\/\/shop.bantam.ch\/wp-content\/uploads\/2022\/12\/bantam-logo.png","width":320,"height":71,"caption":"Bantam"},"image":{"@id":"https:\/\/shop.bantam.ch\/de\/#\/schema\/logo\/image\/"}}]}},"_links":{"self":[{"href":"https:\/\/shop.bantam.ch\/de\/wp-json\/wp\/v2\/product\/77346","targetHints":{"allow":["GET"]}}],"collection":[{"href":"https:\/\/shop.bantam.ch\/de\/wp-json\/wp\/v2\/product"}],"about":[{"href":"https:\/\/shop.bantam.ch\/de\/wp-json\/wp\/v2\/types\/product"}],"wp:featuredmedia":[{"embeddable":true,"href":"https:\/\/shop.bantam.ch\/de\/wp-json\/wp\/v2\/media\/77336"}],"wp:attachment":[{"href":"https:\/\/shop.bantam.ch\/de\/wp-json\/wp\/v2\/media?parent=77346"}],"wp:term":[{"taxonomy":"product_featured_cat","embeddable":true,"href":"https:\/\/shop.bantam.ch\/de\/wp-json\/wp\/v2\/product_featured_cat?post=77346"},{"taxonomy":"product_brand","embeddable":true,"href":"https:\/\/shop.bantam.ch\/de\/wp-json\/wp\/v2\/product_brand?post=77346"},{"taxonomy":"product_cat","embeddable":true,"href":"https:\/\/shop.bantam.ch\/de\/wp-json\/wp\/v2\/product_cat?post=77346"},{"taxonomy":"product_tag","embeddable":true,"href":"https:\/\/shop.bantam.ch\/de\/wp-json\/wp\/v2\/product_tag?post=77346"}],"curies":[{"name":"wp","href":"https:\/\/api.w.org\/{rel}","templated":true}]}}