{"id":41750,"date":"2023-02-22T21:31:52","date_gmt":"2023-02-22T20:31:52","guid":{"rendered":"http:\/\/preprod-dev.sh1.hidora.com\/webshop\/produit\/fahrradtraeger-velocompact-fuer-2-fahrraeder-13pin\/"},"modified":"2026-05-02T20:58:34","modified_gmt":"2026-05-02T18:58:34","slug":"fahrradtraeger-velocompact-fuer-2-fahrraeder-13pin","status":"publish","type":"product","link":"https:\/\/shop.bantam.ch\/de\/produkt\/fahrradtraeger-velocompact-fuer-2-fahrraeder-13pin\/","title":{"rendered":"Fahrradtr\u00e4ger Thule VeloCompact 2 R\u00e4der 13pin Traglast 46 kg"},"content":{"rendered":"<p>Der kompakte und leichte Fahrradtr\u00e4ger f\u00fcr den Alltagsgebrauch.<\/p>\n<p>Lieferumfang:<br \/>Inklusive abschlie\u00dfbare Schl\u00f6sser<\/p>\n<ul>\n<li>F\u00fcr 2 R\u00e4der<\/li>\n<li>Auf 3 Fahrr\u00e4der aufr\u00fcstbar<\/li>\n<li>Einfache Montage und Einstellung des Tr\u00e4gers vor dem Arretieren des Spannhebels dank der stabilen Verbindung zur Anh\u00e4ngekupplung.<\/li>\n<li>Die Transportkapazit\u00e4t l\u00e4sst sich durch Anbau eines Adapters auf vier Fahrr\u00e4der erh\u00f6hen.<\/li>\n<li>Bequemes Aufladen der Fahrr\u00e4der mithilfe von abnehmbaren Fahrradhaltearmen.<\/li>\n<li>Transportiert Fahrr\u00e4der mit gro\u00dfem Radstand dank einfach ausziehbarer Felgenhalter.<\/li>\n<li>Praktischer Abklappmechanismus mit Fu\u00dfpedal erm\u00f6glicht einfachen Zugang zum Kofferraum, selbst mit Fahrr\u00e4dern auf dem Tr\u00e4ger.<\/li>\n<li>Einfaches Befestigen der R\u00e4der durch lange Felgenhalteb\u00e4nder mit Ratschenfunktion<\/li>\n<li>Einfach zusammenzufalten und zu verstauen passt in die Gep\u00e4ckr\u00e4ume der meisten Pkw.<\/li>\n<li>Schlie\u00dfen Sie Ihre Fahrr\u00e4der am Tr\u00e4ger und den Tr\u00e4ger an der Anh\u00e4ngekupplung ab<\/li>\n<li>Vormontiert, kein Werkzeug erforderlich.<\/li>\n<li>Erf\u00fcllt die Anforderungen der City Crash-Norm<\/li>\n<\/ul>\n","protected":false},"excerpt":{"rendered":"<p>Der kompakte und leichte Fahrradtr\u00e4ger f\u00fcr den Alltagsgebrauch. Lieferumfang:Inklusive abschlie\u00dfbare Schl\u00f6sser F\u00fcr 2 R\u00e4der Auf 3 Fahrr\u00e4der aufr\u00fcstbar Einfache Montage und Einstellung des Tr\u00e4gers vor dem Arretieren des Spannhebels dank der stabilen Verbindung zur Anh\u00e4ngekupplung. Die Transportkapazit\u00e4t l\u00e4sst sich durch Anbau eines Adapters auf vier Fahrr\u00e4der erh\u00f6hen. Bequemes Aufladen der Fahrr\u00e4der mithilfe von abnehmbaren Fahrradhaltearmen. [&hellip;]<\/p>\n","protected":false},"featured_media":41744,"template":"","meta":{"_acf_changed":false},"product_featured_cat":[],"product_brand":[3047],"product_cat":[4694],"product_tag":[],"class_list":{"0":"post-41750","1":"product","2":"type-product","3":"status-publish","4":"has-post-thumbnail","6":"product_brand-thule-de","7":"product_cat-kupplungs-fahrradtraeger","9":"first","10":"instock","11":"taxable","12":"shipping-taxable","13":"purchasable","14":"product-type-simple"},"acf":[],"yoast_head":"<!-- This site is optimized with the Yoast SEO plugin v27.5 - https:\/\/yoast.com\/product\/yoast-seo-wordpress\/ -->\n<title>Fahrradtr\u00e4ger Thule VeloCompact 2 R\u00e4der 13pin Traglast 46 kg - Bantam<\/title>\n<meta name=\"robots\" content=\"index, follow, max-snippet:-1, max-image-preview:large, max-video-preview:-1\" \/>\n<link rel=\"canonical\" href=\"https:\/\/shop.bantam.ch\/de\/produkt\/fahrradtraeger-velocompact-fuer-2-fahrraeder-13pin\/\" \/>\n<meta property=\"og:locale\" content=\"de_DE\" \/>\n<meta property=\"og:type\" content=\"article\" \/>\n<meta property=\"og:title\" content=\"Fahrradtr\u00e4ger Thule VeloCompact 2 R\u00e4der 13pin Traglast 46 kg - Bantam\" \/>\n<meta property=\"og:description\" content=\"Der kompakte und leichte Fahrradtr\u00e4ger f\u00fcr den Alltagsgebrauch. Lieferumfang:Inklusive abschlie\u00dfbare Schl\u00f6sser F\u00fcr 2 R\u00e4der Auf 3 Fahrr\u00e4der aufr\u00fcstbar Einfache Montage und Einstellung des Tr\u00e4gers vor dem Arretieren des Spannhebels dank der stabilen Verbindung zur Anh\u00e4ngekupplung. Die Transportkapazit\u00e4t l\u00e4sst sich durch Anbau eines Adapters auf vier Fahrr\u00e4der erh\u00f6hen. Bequemes Aufladen der Fahrr\u00e4der mithilfe von abnehmbaren Fahrradhaltearmen. [&hellip;]\" \/>\n<meta property=\"og:url\" content=\"https:\/\/shop.bantam.ch\/de\/produkt\/fahrradtraeger-velocompact-fuer-2-fahrraeder-13pin\/\" \/>\n<meta property=\"og:site_name\" content=\"Bantam\" \/>\n<meta property=\"article:modified_time\" content=\"2026-05-02T18:58:34+00:00\" \/>\n<meta property=\"og:image\" content=\"https:\/\/shop.bantam.ch\/wp-content\/uploads\/2023\/02\/9950952-Fahrradtraeger_Thule_VeloCompact_fuer_2_Fahrraeder-Standard-01-1.jpg\" \/>\n\t<meta property=\"og:image:width\" content=\"1000\" \/>\n\t<meta property=\"og:image:height\" content=\"707\" \/>\n\t<meta property=\"og:image:type\" content=\"image\/jpeg\" \/>\n<meta name=\"twitter:card\" content=\"summary_large_image\" \/>\n<meta name=\"twitter:label1\" content=\"Gesch\u00e4tzte Lesezeit\" \/>\n\t<meta name=\"twitter:data1\" content=\"1\u00a0Minute\" \/>\n<script type=\"application\/ld+json\" class=\"yoast-schema-graph\">{\"@context\":\"https:\\\/\\\/schema.org\",\"@graph\":[{\"@type\":\"WebPage\",\"@id\":\"https:\\\/\\\/shop.bantam.ch\\\/de\\\/produkt\\\/fahrradtraeger-velocompact-fuer-2-fahrraeder-13pin\\\/\",\"url\":\"https:\\\/\\\/shop.bantam.ch\\\/de\\\/produkt\\\/fahrradtraeger-velocompact-fuer-2-fahrraeder-13pin\\\/\",\"name\":\"Fahrradtr\u00e4ger Thule VeloCompact 2 R\u00e4der 13pin Traglast 46 kg - Bantam\",\"isPartOf\":{\"@id\":\"https:\\\/\\\/shop.bantam.ch\\\/de\\\/#website\"},\"primaryImageOfPage\":{\"@id\":\"https:\\\/\\\/shop.bantam.ch\\\/de\\\/produkt\\\/fahrradtraeger-velocompact-fuer-2-fahrraeder-13pin\\\/#primaryimage\"},\"image\":{\"@id\":\"https:\\\/\\\/shop.bantam.ch\\\/de\\\/produkt\\\/fahrradtraeger-velocompact-fuer-2-fahrraeder-13pin\\\/#primaryimage\"},\"thumbnailUrl\":\"https:\\\/\\\/shop.bantam.ch\\\/wp-content\\\/uploads\\\/2023\\\/02\\\/9950952-Fahrradtraeger_Thule_VeloCompact_fuer_2_Fahrraeder-Standard-01-1.jpg\",\"datePublished\":\"2023-02-22T20:31:52+00:00\",\"dateModified\":\"2026-05-02T18:58:34+00:00\",\"breadcrumb\":{\"@id\":\"https:\\\/\\\/shop.bantam.ch\\\/de\\\/produkt\\\/fahrradtraeger-velocompact-fuer-2-fahrraeder-13pin\\\/#breadcrumb\"},\"inLanguage\":\"de\",\"potentialAction\":[{\"@type\":\"ReadAction\",\"target\":[\"https:\\\/\\\/shop.bantam.ch\\\/de\\\/produkt\\\/fahrradtraeger-velocompact-fuer-2-fahrraeder-13pin\\\/\"]}]},{\"@type\":\"ImageObject\",\"inLanguage\":\"de\",\"@id\":\"https:\\\/\\\/shop.bantam.ch\\\/de\\\/produkt\\\/fahrradtraeger-velocompact-fuer-2-fahrraeder-13pin\\\/#primaryimage\",\"url\":\"https:\\\/\\\/shop.bantam.ch\\\/wp-content\\\/uploads\\\/2023\\\/02\\\/9950952-Fahrradtraeger_Thule_VeloCompact_fuer_2_Fahrraeder-Standard-01-1.jpg\",\"contentUrl\":\"https:\\\/\\\/shop.bantam.ch\\\/wp-content\\\/uploads\\\/2023\\\/02\\\/9950952-Fahrradtraeger_Thule_VeloCompact_fuer_2_Fahrraeder-Standard-01-1.jpg\",\"width\":1000,\"height\":707},{\"@type\":\"BreadcrumbList\",\"@id\":\"https:\\\/\\\/shop.bantam.ch\\\/de\\\/produkt\\\/fahrradtraeger-velocompact-fuer-2-fahrraeder-13pin\\\/#breadcrumb\",\"itemListElement\":[{\"@type\":\"ListItem\",\"position\":1,\"name\":\"Accueil\",\"item\":\"https:\\\/\\\/shop.bantam.ch\\\/de\\\/\"},{\"@type\":\"ListItem\",\"position\":2,\"name\":\"Shop\",\"item\":\"https:\\\/\\\/shop.bantam.ch\\\/de\\\/shop\\\/\"},{\"@type\":\"ListItem\",\"position\":3,\"name\":\"Fahrradtr\u00e4ger Thule VeloCompact 2 R\u00e4der 13pin Traglast 46 kg\"}]},{\"@type\":\"WebSite\",\"@id\":\"https:\\\/\\\/shop.bantam.ch\\\/de\\\/#website\",\"url\":\"https:\\\/\\\/shop.bantam.ch\\\/de\\\/\",\"name\":\"Bantam\",\"description\":\"\",\"publisher\":{\"@id\":\"https:\\\/\\\/shop.bantam.ch\\\/de\\\/#organization\"},\"inLanguage\":\"de\"},{\"@type\":\"Organization\",\"@id\":\"https:\\\/\\\/shop.bantam.ch\\\/de\\\/#organization\",\"name\":\"Bantam\",\"url\":\"https:\\\/\\\/shop.bantam.ch\\\/de\\\/\",\"logo\":{\"@type\":\"ImageObject\",\"inLanguage\":\"de\",\"@id\":\"https:\\\/\\\/shop.bantam.ch\\\/de\\\/#\\\/schema\\\/logo\\\/image\\\/\",\"url\":\"https:\\\/\\\/shop.bantam.ch\\\/wp-content\\\/uploads\\\/2022\\\/12\\\/bantam-logo.png\",\"contentUrl\":\"https:\\\/\\\/shop.bantam.ch\\\/wp-content\\\/uploads\\\/2022\\\/12\\\/bantam-logo.png\",\"width\":320,\"height\":71,\"caption\":\"Bantam\"},\"image\":{\"@id\":\"https:\\\/\\\/shop.bantam.ch\\\/de\\\/#\\\/schema\\\/logo\\\/image\\\/\"}}]}<\/script>\n<!-- \/ Yoast SEO plugin. -->","yoast_head_json":{"title":"Fahrradtr\u00e4ger Thule VeloCompact 2 R\u00e4der 13pin Traglast 46 kg - Bantam","robots":{"index":"index","follow":"follow","max-snippet":"max-snippet:-1","max-image-preview":"max-image-preview:large","max-video-preview":"max-video-preview:-1"},"canonical":"https:\/\/shop.bantam.ch\/de\/produkt\/fahrradtraeger-velocompact-fuer-2-fahrraeder-13pin\/","og_locale":"de_DE","og_type":"article","og_title":"Fahrradtr\u00e4ger Thule VeloCompact 2 R\u00e4der 13pin Traglast 46 kg - Bantam","og_description":"Der kompakte und leichte Fahrradtr\u00e4ger f\u00fcr den Alltagsgebrauch. Lieferumfang:Inklusive abschlie\u00dfbare Schl\u00f6sser F\u00fcr 2 R\u00e4der Auf 3 Fahrr\u00e4der aufr\u00fcstbar Einfache Montage und Einstellung des Tr\u00e4gers vor dem Arretieren des Spannhebels dank der stabilen Verbindung zur Anh\u00e4ngekupplung. Die Transportkapazit\u00e4t l\u00e4sst sich durch Anbau eines Adapters auf vier Fahrr\u00e4der erh\u00f6hen. Bequemes Aufladen der Fahrr\u00e4der mithilfe von abnehmbaren Fahrradhaltearmen. [&hellip;]","og_url":"https:\/\/shop.bantam.ch\/de\/produkt\/fahrradtraeger-velocompact-fuer-2-fahrraeder-13pin\/","og_site_name":"Bantam","article_modified_time":"2026-05-02T18:58:34+00:00","og_image":[{"width":1000,"height":707,"url":"https:\/\/shop.bantam.ch\/wp-content\/uploads\/2023\/02\/9950952-Fahrradtraeger_Thule_VeloCompact_fuer_2_Fahrraeder-Standard-01-1.jpg","type":"image\/jpeg"}],"twitter_card":"summary_large_image","twitter_misc":{"Gesch\u00e4tzte Lesezeit":"1\u00a0Minute"},"schema":{"@context":"https:\/\/schema.org","@graph":[{"@type":"WebPage","@id":"https:\/\/shop.bantam.ch\/de\/produkt\/fahrradtraeger-velocompact-fuer-2-fahrraeder-13pin\/","url":"https:\/\/shop.bantam.ch\/de\/produkt\/fahrradtraeger-velocompact-fuer-2-fahrraeder-13pin\/","name":"Fahrradtr\u00e4ger Thule VeloCompact 2 R\u00e4der 13pin Traglast 46 kg - Bantam","isPartOf":{"@id":"https:\/\/shop.bantam.ch\/de\/#website"},"primaryImageOfPage":{"@id":"https:\/\/shop.bantam.ch\/de\/produkt\/fahrradtraeger-velocompact-fuer-2-fahrraeder-13pin\/#primaryimage"},"image":{"@id":"https:\/\/shop.bantam.ch\/de\/produkt\/fahrradtraeger-velocompact-fuer-2-fahrraeder-13pin\/#primaryimage"},"thumbnailUrl":"https:\/\/shop.bantam.ch\/wp-content\/uploads\/2023\/02\/9950952-Fahrradtraeger_Thule_VeloCompact_fuer_2_Fahrraeder-Standard-01-1.jpg","datePublished":"2023-02-22T20:31:52+00:00","dateModified":"2026-05-02T18:58:34+00:00","breadcrumb":{"@id":"https:\/\/shop.bantam.ch\/de\/produkt\/fahrradtraeger-velocompact-fuer-2-fahrraeder-13pin\/#breadcrumb"},"inLanguage":"de","potentialAction":[{"@type":"ReadAction","target":["https:\/\/shop.bantam.ch\/de\/produkt\/fahrradtraeger-velocompact-fuer-2-fahrraeder-13pin\/"]}]},{"@type":"ImageObject","inLanguage":"de","@id":"https:\/\/shop.bantam.ch\/de\/produkt\/fahrradtraeger-velocompact-fuer-2-fahrraeder-13pin\/#primaryimage","url":"https:\/\/shop.bantam.ch\/wp-content\/uploads\/2023\/02\/9950952-Fahrradtraeger_Thule_VeloCompact_fuer_2_Fahrraeder-Standard-01-1.jpg","contentUrl":"https:\/\/shop.bantam.ch\/wp-content\/uploads\/2023\/02\/9950952-Fahrradtraeger_Thule_VeloCompact_fuer_2_Fahrraeder-Standard-01-1.jpg","width":1000,"height":707},{"@type":"BreadcrumbList","@id":"https:\/\/shop.bantam.ch\/de\/produkt\/fahrradtraeger-velocompact-fuer-2-fahrraeder-13pin\/#breadcrumb","itemListElement":[{"@type":"ListItem","position":1,"name":"Accueil","item":"https:\/\/shop.bantam.ch\/de\/"},{"@type":"ListItem","position":2,"name":"Shop","item":"https:\/\/shop.bantam.ch\/de\/shop\/"},{"@type":"ListItem","position":3,"name":"Fahrradtr\u00e4ger Thule VeloCompact 2 R\u00e4der 13pin Traglast 46 kg"}]},{"@type":"WebSite","@id":"https:\/\/shop.bantam.ch\/de\/#website","url":"https:\/\/shop.bantam.ch\/de\/","name":"Bantam","description":"","publisher":{"@id":"https:\/\/shop.bantam.ch\/de\/#organization"},"inLanguage":"de"},{"@type":"Organization","@id":"https:\/\/shop.bantam.ch\/de\/#organization","name":"Bantam","url":"https:\/\/shop.bantam.ch\/de\/","logo":{"@type":"ImageObject","inLanguage":"de","@id":"https:\/\/shop.bantam.ch\/de\/#\/schema\/logo\/image\/","url":"https:\/\/shop.bantam.ch\/wp-content\/uploads\/2022\/12\/bantam-logo.png","contentUrl":"https:\/\/shop.bantam.ch\/wp-content\/uploads\/2022\/12\/bantam-logo.png","width":320,"height":71,"caption":"Bantam"},"image":{"@id":"https:\/\/shop.bantam.ch\/de\/#\/schema\/logo\/image\/"}}]}},"_links":{"self":[{"href":"https:\/\/shop.bantam.ch\/de\/wp-json\/wp\/v2\/product\/41750","targetHints":{"allow":["GET"]}}],"collection":[{"href":"https:\/\/shop.bantam.ch\/de\/wp-json\/wp\/v2\/product"}],"about":[{"href":"https:\/\/shop.bantam.ch\/de\/wp-json\/wp\/v2\/types\/product"}],"wp:featuredmedia":[{"embeddable":true,"href":"https:\/\/shop.bantam.ch\/de\/wp-json\/wp\/v2\/media\/41744"}],"wp:attachment":[{"href":"https:\/\/shop.bantam.ch\/de\/wp-json\/wp\/v2\/media?parent=41750"}],"wp:term":[{"taxonomy":"product_featured_cat","embeddable":true,"href":"https:\/\/shop.bantam.ch\/de\/wp-json\/wp\/v2\/product_featured_cat?post=41750"},{"taxonomy":"product_brand","embeddable":true,"href":"https:\/\/shop.bantam.ch\/de\/wp-json\/wp\/v2\/product_brand?post=41750"},{"taxonomy":"product_cat","embeddable":true,"href":"https:\/\/shop.bantam.ch\/de\/wp-json\/wp\/v2\/product_cat?post=41750"},{"taxonomy":"product_tag","embeddable":true,"href":"https:\/\/shop.bantam.ch\/de\/wp-json\/wp\/v2\/product_tag?post=41750"}],"curies":[{"name":"wp","href":"https:\/\/api.w.org\/{rel}","templated":true}]}}