{"id":237098,"date":"2026-05-01T10:46:06","date_gmt":"2026-05-01T08:46:06","guid":{"rendered":"https:\/\/shop.bantam.ch\/produit\/emphaser-em-ftf2-compo-laustsprechersatz-passend-fuer-fiat-ducato-und-baugleiche-ab-06-2006-inkl-serie-8\/"},"modified":"2026-05-03T00:00:26","modified_gmt":"2026-05-02T22:00:26","slug":"emphaser-em-ftf2-compo-laustsprechersatz-passend-fuer-fiat-ducato-und-baugleiche-ab-06-2006-inkl-serie-8","status":"publish","type":"product","link":"https:\/\/shop.bantam.ch\/de\/produkt\/emphaser-em-ftf2-compo-laustsprechersatz-passend-fuer-fiat-ducato-und-baugleiche-ab-06-2006-inkl-serie-8\/","title":{"rendered":"Emphaser EM-FTF2 Compo Laustsprechersatz passend f\u00fcr Fiat Ducato und baugleiche ab 06\/2006  inkl. Serie 8"},"content":{"rendered":"<p>EMPHASER EM-FTF2: Lautsprecher Einbauset, kompatibel mit Fiat Ducato, inklusive der neuen Serie 9, Citroen Jumper und Peugeot Boxer, einfach einzubauendes Komponenten System f\u00fcr die vorderen T\u00fcren. F\u00fcr alle, die ihren Fiat Ducato III, Ducato Serie 8, Opel Movano C, Peugeot Boxer II oder Citroen Jumper II klanglich aufr\u00fcsten m\u00f6chten, ohne Ver\u00e4nderungen am Fahrzeug vorzunehmen, gibt es das Lautsprechersystem EM-FTF2 von EMPHASER. Es ist akustisch perfekt auf die Fahrzeuge abgestimmt und l\u00e4sst sich ohne grossen Installationsaufwand gegen das Original-Werkssystem tauschen. Alle Komponenten passen perfekt in die jeweiligen Lautsprecherhalterungen und werden einfach an die Originalstecker angeschlossen. Kernelement des Lautsprechersets sind die Tieft\u00f6ner mit Cambridge Sicke und einer Membran aus Aluminium &#8211; die hohe Schallleitf\u00e4higkeit und Stabilit\u00e4t dieses Materials bilden die Ausgangsbasis f\u00fcr eine pr\u00e4zise Musikwiedergabe und eine exzellente Dynamik. Die St\u00e4rke des Membran-Materials ist so gew\u00e4hlt, dass sie die Stabilit\u00e4t f\u00fcr beeindruckende Bass-Attacken, aber auch die notwendige Leichtigkeit f\u00fcr pr\u00e4zise Mitten bietet. Dank des grossen Magnetantriebs mit Faraday-Kupferkappe und des geringen Gesamtgewichts der Schwingeinheit erzielt das EMPHASER Compo einen hohen Wirkungsgrad und erreicht so seine \u00fcberzeugende Performance &#8211; selbst wenn der EM-FTF2 nur an einem &#8222;&#8220;normalen&#8220;&#8220; Radio betrieben wird. Die Hocht\u00f6ner haben eine 20 mm Gewebekalotte und zus\u00e4tzlich ein Koppelvolumen f\u00fcr eine tiefe Resonanzfrequenz und somit einen erweiterten Wiedergabebereich. Sie \u00fcberzeugen mit ihrer Brillanz und r\u00e4umlichen Wiedergabe. Die Hocht\u00f6ner integrieren sich perfekt die Aufnahmen des Remi Front-Verdunkelungssystems &#8211; einfach in die originalen Halterungen einrasten, fertig. Die aufwendig gestalteten Frequenzweichen sind zus\u00e4tzlich mit einem LCR Schwingkreis ausgestattet, um den Klang perfekt auf die Akustik in der Fahrerkabine abzustimmen. Das Ergebnis ist ein harmonischer Frequenzverlauf bis in den Bassbereich; ein separater Subwoofer ist f\u00fcr audiophilen Hi-Fi Musikgenuss nicht mehr unbedingt n\u00f6tig. Die Weichen sind direkt am Tieft\u00f6ner bzw. als Kabelweiche am Hocht\u00f6ner, so dass eine einfache Installation m\u00f6glich ist &#8211; Plug &amp; Play mit der Original-Steckverbindung.<\/p>\n<p>Hauptmerkmale:<\/p>\n<ul>\n<li>Plug &amp; Play 2-Wege Composystem f\u00fcr Fiat Ducato III, Fiat Ducato Serie 8, Fiat Ducato Serie 9, Peugeot Boxer II oder Citro\u00ebn Jumper II<\/li>\n<li>Fahrzeugspezifische Anschl\u00fcsse<\/li>\n<li>12 dB\/12 dB\/Okt. Frequenzweiche @ 3400 Hz, best\u00fcckt mit hochwertigen Bauteilen<\/li>\n<li>Aluminium Membran f\u00fcr den Tieft\u00f6ner, Cambridge Sicke, 25 mm Schwingspule, Faraday-Kupferkappe f\u00fcr ein stabiles Magnetfeld<\/li>\n<li>20 mm Hocht\u00f6ner mit Gewebe-Kalotte und Koppelvolumen<\/li>\n<\/ul>\n<p>Technische Daten:<\/p>\n<ul>\n<li>Nennbelastbarkeit: 50 W RMS<\/li>\n<li>Frequenzgang: 70 Hz &#8211; 22 kHz<\/li>\n<li>Impedanz: 4 Ohm<\/li>\n<li>Empfindlichkeit: 90 dB<\/li>\n<\/ul>\n<p>Lieferumfang: Inklusive 2 x Tieft\u00f6ner, 2 x Hocht\u00f6ner und 2 x Frequenzweiche<\/p>\n<p>Hinweis: Die D\u00e4mmung der T\u00fcr im Bereich hinter dem Lautsprecher mit ESP-DM2 wird dringend empfohlen.<\/p>\n","protected":false},"excerpt":{"rendered":"<p>EMPHASER EM-FTF2: Lautsprecher Einbauset, kompatibel mit Fiat Ducato, inklusive der neuen Serie 9, Citroen Jumper und Peugeot Boxer, einfach einzubauendes Komponenten System f\u00fcr die vorderen T\u00fcren. F\u00fcr alle, die ihren Fiat Ducato III, Ducato Serie 8, Opel Movano C, Peugeot Boxer II oder Citroen Jumper II klanglich aufr\u00fcsten m\u00f6chten, ohne Ver\u00e4nderungen am Fahrzeug vorzunehmen, gibt [&hellip;]<\/p>\n","protected":false},"featured_media":237096,"template":"","meta":{"_acf_changed":false},"product_featured_cat":[],"product_brand":[5392],"product_cat":[4500],"product_tag":[],"class_list":{"0":"post-237098","1":"product","2":"type-product","3":"status-publish","4":"has-post-thumbnail","6":"product_brand-emphaser-de","7":"product_cat-lautsprecher","9":"first","10":"instock","11":"taxable","12":"shipping-taxable","13":"purchasable","14":"product-type-simple"},"acf":[],"yoast_head":"<!-- This site is optimized with the Yoast SEO plugin v27.5 - https:\/\/yoast.com\/product\/yoast-seo-wordpress\/ -->\n<title>Emphaser EM-FTF2 Compo Laustsprechersatz passend f\u00fcr Fiat Ducato und baugleiche ab 06\/2006 inkl. Serie 8 - Bantam<\/title>\n<meta name=\"robots\" content=\"index, follow, max-snippet:-1, max-image-preview:large, max-video-preview:-1\" \/>\n<link rel=\"canonical\" href=\"https:\/\/shop.bantam.ch\/de\/produkt\/emphaser-em-ftf2-compo-laustsprechersatz-passend-fuer-fiat-ducato-und-baugleiche-ab-06-2006-inkl-serie-8\/\" \/>\n<meta property=\"og:locale\" content=\"de_DE\" \/>\n<meta property=\"og:type\" content=\"article\" \/>\n<meta property=\"og:title\" content=\"Emphaser EM-FTF2 Compo Laustsprechersatz passend f\u00fcr Fiat Ducato und baugleiche ab 06\/2006 inkl. Serie 8 - Bantam\" \/>\n<meta property=\"og:description\" content=\"EMPHASER EM-FTF2: Lautsprecher Einbauset, kompatibel mit Fiat Ducato, inklusive der neuen Serie 9, Citroen Jumper und Peugeot Boxer, einfach einzubauendes Komponenten System f\u00fcr die vorderen T\u00fcren. F\u00fcr alle, die ihren Fiat Ducato III, Ducato Serie 8, Opel Movano C, Peugeot Boxer II oder Citroen Jumper II klanglich aufr\u00fcsten m\u00f6chten, ohne Ver\u00e4nderungen am Fahrzeug vorzunehmen, gibt [&hellip;]\" \/>\n<meta property=\"og:url\" content=\"https:\/\/shop.bantam.ch\/de\/produkt\/emphaser-em-ftf2-compo-laustsprechersatz-passend-fuer-fiat-ducato-und-baugleiche-ab-06-2006-inkl-serie-8\/\" \/>\n<meta property=\"og:site_name\" content=\"Bantam\" \/>\n<meta property=\"article:modified_time\" content=\"2026-05-02T22:00:26+00:00\" \/>\n<meta property=\"og:image\" content=\"https:\/\/shop.bantam.ch\/wp-content\/uploads\/2026\/05\/Movera-L-9947738100.png\" \/>\n\t<meta property=\"og:image:width\" content=\"640\" \/>\n\t<meta property=\"og:image:height\" content=\"554\" \/>\n\t<meta property=\"og:image:type\" content=\"image\/png\" \/>\n<meta name=\"twitter:card\" content=\"summary_large_image\" \/>\n<meta name=\"twitter:label1\" content=\"Gesch\u00e4tzte Lesezeit\" \/>\n\t<meta name=\"twitter:data1\" content=\"2\u00a0Minuten\" \/>\n<script type=\"application\/ld+json\" class=\"yoast-schema-graph\">{\"@context\":\"https:\\\/\\\/schema.org\",\"@graph\":[{\"@type\":\"WebPage\",\"@id\":\"https:\\\/\\\/shop.bantam.ch\\\/de\\\/produkt\\\/emphaser-em-ftf2-compo-laustsprechersatz-passend-fuer-fiat-ducato-und-baugleiche-ab-06-2006-inkl-serie-8\\\/\",\"url\":\"https:\\\/\\\/shop.bantam.ch\\\/de\\\/produkt\\\/emphaser-em-ftf2-compo-laustsprechersatz-passend-fuer-fiat-ducato-und-baugleiche-ab-06-2006-inkl-serie-8\\\/\",\"name\":\"Emphaser EM-FTF2 Compo Laustsprechersatz passend f\u00fcr Fiat Ducato und baugleiche ab 06\\\/2006 inkl. Serie 8 - Bantam\",\"isPartOf\":{\"@id\":\"https:\\\/\\\/shop.bantam.ch\\\/de\\\/#website\"},\"primaryImageOfPage\":{\"@id\":\"https:\\\/\\\/shop.bantam.ch\\\/de\\\/produkt\\\/emphaser-em-ftf2-compo-laustsprechersatz-passend-fuer-fiat-ducato-und-baugleiche-ab-06-2006-inkl-serie-8\\\/#primaryimage\"},\"image\":{\"@id\":\"https:\\\/\\\/shop.bantam.ch\\\/de\\\/produkt\\\/emphaser-em-ftf2-compo-laustsprechersatz-passend-fuer-fiat-ducato-und-baugleiche-ab-06-2006-inkl-serie-8\\\/#primaryimage\"},\"thumbnailUrl\":\"https:\\\/\\\/shop.bantam.ch\\\/wp-content\\\/uploads\\\/2026\\\/05\\\/Movera-L-9947738100.png\",\"datePublished\":\"2026-05-01T08:46:06+00:00\",\"dateModified\":\"2026-05-02T22:00:26+00:00\",\"breadcrumb\":{\"@id\":\"https:\\\/\\\/shop.bantam.ch\\\/de\\\/produkt\\\/emphaser-em-ftf2-compo-laustsprechersatz-passend-fuer-fiat-ducato-und-baugleiche-ab-06-2006-inkl-serie-8\\\/#breadcrumb\"},\"inLanguage\":\"de\",\"potentialAction\":[{\"@type\":\"ReadAction\",\"target\":[\"https:\\\/\\\/shop.bantam.ch\\\/de\\\/produkt\\\/emphaser-em-ftf2-compo-laustsprechersatz-passend-fuer-fiat-ducato-und-baugleiche-ab-06-2006-inkl-serie-8\\\/\"]}]},{\"@type\":\"ImageObject\",\"inLanguage\":\"de\",\"@id\":\"https:\\\/\\\/shop.bantam.ch\\\/de\\\/produkt\\\/emphaser-em-ftf2-compo-laustsprechersatz-passend-fuer-fiat-ducato-und-baugleiche-ab-06-2006-inkl-serie-8\\\/#primaryimage\",\"url\":\"https:\\\/\\\/shop.bantam.ch\\\/wp-content\\\/uploads\\\/2026\\\/05\\\/Movera-L-9947738100.png\",\"contentUrl\":\"https:\\\/\\\/shop.bantam.ch\\\/wp-content\\\/uploads\\\/2026\\\/05\\\/Movera-L-9947738100.png\",\"width\":640,\"height\":554},{\"@type\":\"BreadcrumbList\",\"@id\":\"https:\\\/\\\/shop.bantam.ch\\\/de\\\/produkt\\\/emphaser-em-ftf2-compo-laustsprechersatz-passend-fuer-fiat-ducato-und-baugleiche-ab-06-2006-inkl-serie-8\\\/#breadcrumb\",\"itemListElement\":[{\"@type\":\"ListItem\",\"position\":1,\"name\":\"Accueil\",\"item\":\"https:\\\/\\\/shop.bantam.ch\\\/de\\\/\"},{\"@type\":\"ListItem\",\"position\":2,\"name\":\"Shop\",\"item\":\"https:\\\/\\\/shop.bantam.ch\\\/de\\\/shop\\\/\"},{\"@type\":\"ListItem\",\"position\":3,\"name\":\"Emphaser EM-FTF2 Compo Laustsprechersatz passend f\u00fcr Fiat Ducato und baugleiche ab 06\\\/2006 inkl. Serie 8\"}]},{\"@type\":\"WebSite\",\"@id\":\"https:\\\/\\\/shop.bantam.ch\\\/de\\\/#website\",\"url\":\"https:\\\/\\\/shop.bantam.ch\\\/de\\\/\",\"name\":\"Bantam\",\"description\":\"\",\"publisher\":{\"@id\":\"https:\\\/\\\/shop.bantam.ch\\\/de\\\/#organization\"},\"inLanguage\":\"de\"},{\"@type\":\"Organization\",\"@id\":\"https:\\\/\\\/shop.bantam.ch\\\/de\\\/#organization\",\"name\":\"Bantam\",\"url\":\"https:\\\/\\\/shop.bantam.ch\\\/de\\\/\",\"logo\":{\"@type\":\"ImageObject\",\"inLanguage\":\"de\",\"@id\":\"https:\\\/\\\/shop.bantam.ch\\\/de\\\/#\\\/schema\\\/logo\\\/image\\\/\",\"url\":\"https:\\\/\\\/shop.bantam.ch\\\/wp-content\\\/uploads\\\/2022\\\/12\\\/bantam-logo.png\",\"contentUrl\":\"https:\\\/\\\/shop.bantam.ch\\\/wp-content\\\/uploads\\\/2022\\\/12\\\/bantam-logo.png\",\"width\":320,\"height\":71,\"caption\":\"Bantam\"},\"image\":{\"@id\":\"https:\\\/\\\/shop.bantam.ch\\\/de\\\/#\\\/schema\\\/logo\\\/image\\\/\"}}]}<\/script>\n<!-- \/ Yoast SEO plugin. -->","yoast_head_json":{"title":"Emphaser EM-FTF2 Compo Laustsprechersatz passend f\u00fcr Fiat Ducato und baugleiche ab 06\/2006 inkl. Serie 8 - Bantam","robots":{"index":"index","follow":"follow","max-snippet":"max-snippet:-1","max-image-preview":"max-image-preview:large","max-video-preview":"max-video-preview:-1"},"canonical":"https:\/\/shop.bantam.ch\/de\/produkt\/emphaser-em-ftf2-compo-laustsprechersatz-passend-fuer-fiat-ducato-und-baugleiche-ab-06-2006-inkl-serie-8\/","og_locale":"de_DE","og_type":"article","og_title":"Emphaser EM-FTF2 Compo Laustsprechersatz passend f\u00fcr Fiat Ducato und baugleiche ab 06\/2006 inkl. Serie 8 - Bantam","og_description":"EMPHASER EM-FTF2: Lautsprecher Einbauset, kompatibel mit Fiat Ducato, inklusive der neuen Serie 9, Citroen Jumper und Peugeot Boxer, einfach einzubauendes Komponenten System f\u00fcr die vorderen T\u00fcren. F\u00fcr alle, die ihren Fiat Ducato III, Ducato Serie 8, Opel Movano C, Peugeot Boxer II oder Citroen Jumper II klanglich aufr\u00fcsten m\u00f6chten, ohne Ver\u00e4nderungen am Fahrzeug vorzunehmen, gibt [&hellip;]","og_url":"https:\/\/shop.bantam.ch\/de\/produkt\/emphaser-em-ftf2-compo-laustsprechersatz-passend-fuer-fiat-ducato-und-baugleiche-ab-06-2006-inkl-serie-8\/","og_site_name":"Bantam","article_modified_time":"2026-05-02T22:00:26+00:00","og_image":[{"width":640,"height":554,"url":"https:\/\/shop.bantam.ch\/wp-content\/uploads\/2026\/05\/Movera-L-9947738100.png","type":"image\/png"}],"twitter_card":"summary_large_image","twitter_misc":{"Gesch\u00e4tzte Lesezeit":"2\u00a0Minuten"},"schema":{"@context":"https:\/\/schema.org","@graph":[{"@type":"WebPage","@id":"https:\/\/shop.bantam.ch\/de\/produkt\/emphaser-em-ftf2-compo-laustsprechersatz-passend-fuer-fiat-ducato-und-baugleiche-ab-06-2006-inkl-serie-8\/","url":"https:\/\/shop.bantam.ch\/de\/produkt\/emphaser-em-ftf2-compo-laustsprechersatz-passend-fuer-fiat-ducato-und-baugleiche-ab-06-2006-inkl-serie-8\/","name":"Emphaser EM-FTF2 Compo Laustsprechersatz passend f\u00fcr Fiat Ducato und baugleiche ab 06\/2006 inkl. Serie 8 - Bantam","isPartOf":{"@id":"https:\/\/shop.bantam.ch\/de\/#website"},"primaryImageOfPage":{"@id":"https:\/\/shop.bantam.ch\/de\/produkt\/emphaser-em-ftf2-compo-laustsprechersatz-passend-fuer-fiat-ducato-und-baugleiche-ab-06-2006-inkl-serie-8\/#primaryimage"},"image":{"@id":"https:\/\/shop.bantam.ch\/de\/produkt\/emphaser-em-ftf2-compo-laustsprechersatz-passend-fuer-fiat-ducato-und-baugleiche-ab-06-2006-inkl-serie-8\/#primaryimage"},"thumbnailUrl":"https:\/\/shop.bantam.ch\/wp-content\/uploads\/2026\/05\/Movera-L-9947738100.png","datePublished":"2026-05-01T08:46:06+00:00","dateModified":"2026-05-02T22:00:26+00:00","breadcrumb":{"@id":"https:\/\/shop.bantam.ch\/de\/produkt\/emphaser-em-ftf2-compo-laustsprechersatz-passend-fuer-fiat-ducato-und-baugleiche-ab-06-2006-inkl-serie-8\/#breadcrumb"},"inLanguage":"de","potentialAction":[{"@type":"ReadAction","target":["https:\/\/shop.bantam.ch\/de\/produkt\/emphaser-em-ftf2-compo-laustsprechersatz-passend-fuer-fiat-ducato-und-baugleiche-ab-06-2006-inkl-serie-8\/"]}]},{"@type":"ImageObject","inLanguage":"de","@id":"https:\/\/shop.bantam.ch\/de\/produkt\/emphaser-em-ftf2-compo-laustsprechersatz-passend-fuer-fiat-ducato-und-baugleiche-ab-06-2006-inkl-serie-8\/#primaryimage","url":"https:\/\/shop.bantam.ch\/wp-content\/uploads\/2026\/05\/Movera-L-9947738100.png","contentUrl":"https:\/\/shop.bantam.ch\/wp-content\/uploads\/2026\/05\/Movera-L-9947738100.png","width":640,"height":554},{"@type":"BreadcrumbList","@id":"https:\/\/shop.bantam.ch\/de\/produkt\/emphaser-em-ftf2-compo-laustsprechersatz-passend-fuer-fiat-ducato-und-baugleiche-ab-06-2006-inkl-serie-8\/#breadcrumb","itemListElement":[{"@type":"ListItem","position":1,"name":"Accueil","item":"https:\/\/shop.bantam.ch\/de\/"},{"@type":"ListItem","position":2,"name":"Shop","item":"https:\/\/shop.bantam.ch\/de\/shop\/"},{"@type":"ListItem","position":3,"name":"Emphaser EM-FTF2 Compo Laustsprechersatz passend f\u00fcr Fiat Ducato und baugleiche ab 06\/2006 inkl. Serie 8"}]},{"@type":"WebSite","@id":"https:\/\/shop.bantam.ch\/de\/#website","url":"https:\/\/shop.bantam.ch\/de\/","name":"Bantam","description":"","publisher":{"@id":"https:\/\/shop.bantam.ch\/de\/#organization"},"inLanguage":"de"},{"@type":"Organization","@id":"https:\/\/shop.bantam.ch\/de\/#organization","name":"Bantam","url":"https:\/\/shop.bantam.ch\/de\/","logo":{"@type":"ImageObject","inLanguage":"de","@id":"https:\/\/shop.bantam.ch\/de\/#\/schema\/logo\/image\/","url":"https:\/\/shop.bantam.ch\/wp-content\/uploads\/2022\/12\/bantam-logo.png","contentUrl":"https:\/\/shop.bantam.ch\/wp-content\/uploads\/2022\/12\/bantam-logo.png","width":320,"height":71,"caption":"Bantam"},"image":{"@id":"https:\/\/shop.bantam.ch\/de\/#\/schema\/logo\/image\/"}}]}},"_links":{"self":[{"href":"https:\/\/shop.bantam.ch\/de\/wp-json\/wp\/v2\/product\/237098","targetHints":{"allow":["GET"]}}],"collection":[{"href":"https:\/\/shop.bantam.ch\/de\/wp-json\/wp\/v2\/product"}],"about":[{"href":"https:\/\/shop.bantam.ch\/de\/wp-json\/wp\/v2\/types\/product"}],"wp:featuredmedia":[{"embeddable":true,"href":"https:\/\/shop.bantam.ch\/de\/wp-json\/wp\/v2\/media\/237096"}],"wp:attachment":[{"href":"https:\/\/shop.bantam.ch\/de\/wp-json\/wp\/v2\/media?parent=237098"}],"wp:term":[{"taxonomy":"product_featured_cat","embeddable":true,"href":"https:\/\/shop.bantam.ch\/de\/wp-json\/wp\/v2\/product_featured_cat?post=237098"},{"taxonomy":"product_brand","embeddable":true,"href":"https:\/\/shop.bantam.ch\/de\/wp-json\/wp\/v2\/product_brand?post=237098"},{"taxonomy":"product_cat","embeddable":true,"href":"https:\/\/shop.bantam.ch\/de\/wp-json\/wp\/v2\/product_cat?post=237098"},{"taxonomy":"product_tag","embeddable":true,"href":"https:\/\/shop.bantam.ch\/de\/wp-json\/wp\/v2\/product_tag?post=237098"}],"curies":[{"name":"wp","href":"https:\/\/api.w.org\/{rel}","templated":true}]}}