{"id":232710,"date":"2026-02-04T10:47:03","date_gmt":"2026-02-04T09:47:03","guid":{"rendered":"https:\/\/shop.bantam.ch\/produit\/fahrradtraeger-carry-bike-dj-passend-fuer-ducato-deep-black\/"},"modified":"2026-05-01T23:51:04","modified_gmt":"2026-05-01T21:51:04","slug":"fahrradtraeger-carry-bike-dj-passend-fuer-ducato-deep-black","status":"publish","type":"product","link":"https:\/\/shop.bantam.ch\/de\/produkt\/fahrradtraeger-carry-bike-dj-passend-fuer-ducato-deep-black\/","title":{"rendered":"Fahrradtr\u00e4ger Carry-Bike DJ passend f\u00fcr Ducato Deep Black"},"content":{"rendered":"<p>Nutzen Sie die Doppelt\u00fcr Ihres Fahrzeugs f\u00fcr den Transport Ihrer Fahrr\u00e4der!<br \/>\nDieses Carry-Bike wird durch den separaten Kauf des Fahrradtr\u00e4gers und der Befestigungsstangen, die speziell f\u00fcr das Fahrzeug Fiat Ducato \u2265 06 entwickelt wurden, zusammengestellt.<\/p>\n<p>Genau das Richtige f\u00fcr diejenigen, die f\u00fcr den Fiat Ducato auf der Suche nach einem Fahrradtr\u00e4ger f\u00fcr den Transport von 2 Fahrr\u00e4dern sind, mit welchem dennoch auch die Leiter Deluxe an der linken Heckklappe montieren werden kann.<\/p>\n<ul>\n<li>Schienenabstand 23 cm<\/li>\n<li>F\u00fcr max. 2 Fahrr\u00e4der<\/li>\n<li>Schiene: Rail Quick Pro<\/li>\n<li>Bike-Block: Pro S1 \/ Pro S3<\/li>\n<\/ul>\n<p>Fahrzeugkompatibilit\u00e4t<br \/>\nFiat Ducato III-IV Baureihe \/ Citro\u00ebn Jumper II-III Baureihe \/ Peugeot Boxer II-III Baureihe (\u2265 2006 &#8211; H2\/H3)<\/p>\n","protected":false},"excerpt":{"rendered":"<p>Nutzen Sie die Doppelt\u00fcr Ihres Fahrzeugs f\u00fcr den Transport Ihrer Fahrr\u00e4der! Dieses Carry-Bike wird durch den separaten Kauf des Fahrradtr\u00e4gers und der Befestigungsstangen, die speziell f\u00fcr das Fahrzeug Fiat Ducato \u2265 06 entwickelt wurden, zusammengestellt. Genau das Richtige f\u00fcr diejenigen, die f\u00fcr den Fiat Ducato auf der Suche nach einem Fahrradtr\u00e4ger f\u00fcr den Transport von [&hellip;]<\/p>\n","protected":false},"featured_media":232702,"template":"","meta":{"_acf_changed":false},"product_featured_cat":[],"product_brand":[],"product_cat":[5138],"product_tag":[],"class_list":{"0":"post-232710","1":"product","2":"type-product","3":"status-publish","4":"has-post-thumbnail","6":"product_cat-heck-fahrradtraeger","8":"first","9":"instock","10":"taxable","11":"shipping-taxable","12":"purchasable","13":"product-type-simple"},"acf":[],"yoast_head":"<!-- This site is optimized with the Yoast SEO plugin v27.5 - https:\/\/yoast.com\/product\/yoast-seo-wordpress\/ -->\n<title>Fahrradtr\u00e4ger Carry-Bike DJ passend f\u00fcr Ducato Deep Black - Bantam<\/title>\n<meta name=\"robots\" content=\"index, follow, max-snippet:-1, max-image-preview:large, max-video-preview:-1\" \/>\n<link rel=\"canonical\" href=\"https:\/\/shop.bantam.ch\/de\/produkt\/fahrradtraeger-carry-bike-dj-passend-fuer-ducato-deep-black\/\" \/>\n<meta property=\"og:locale\" content=\"de_DE\" \/>\n<meta property=\"og:type\" content=\"article\" \/>\n<meta property=\"og:title\" content=\"Fahrradtr\u00e4ger Carry-Bike DJ passend f\u00fcr Ducato Deep Black - Bantam\" \/>\n<meta property=\"og:description\" content=\"Nutzen Sie die Doppelt\u00fcr Ihres Fahrzeugs f\u00fcr den Transport Ihrer Fahrr\u00e4der! Dieses Carry-Bike wird durch den separaten Kauf des Fahrradtr\u00e4gers und der Befestigungsstangen, die speziell f\u00fcr das Fahrzeug Fiat Ducato \u2265 06 entwickelt wurden, zusammengestellt. Genau das Richtige f\u00fcr diejenigen, die f\u00fcr den Fiat Ducato auf der Suche nach einem Fahrradtr\u00e4ger f\u00fcr den Transport von [&hellip;]\" \/>\n<meta property=\"og:url\" content=\"https:\/\/shop.bantam.ch\/de\/produkt\/fahrradtraeger-carry-bike-dj-passend-fuer-ducato-deep-black\/\" \/>\n<meta property=\"og:site_name\" content=\"Bantam\" \/>\n<meta property=\"article:modified_time\" content=\"2026-05-01T21:51:04+00:00\" \/>\n<meta name=\"twitter:card\" content=\"summary_large_image\" \/>\n<meta name=\"twitter:label1\" content=\"Gesch\u00e4tzte Lesezeit\" \/>\n\t<meta name=\"twitter:data1\" content=\"1\u00a0Minute\" \/>\n<script type=\"application\/ld+json\" class=\"yoast-schema-graph\">{\"@context\":\"https:\\\/\\\/schema.org\",\"@graph\":[{\"@type\":\"WebPage\",\"@id\":\"https:\\\/\\\/shop.bantam.ch\\\/de\\\/produkt\\\/fahrradtraeger-carry-bike-dj-passend-fuer-ducato-deep-black\\\/\",\"url\":\"https:\\\/\\\/shop.bantam.ch\\\/de\\\/produkt\\\/fahrradtraeger-carry-bike-dj-passend-fuer-ducato-deep-black\\\/\",\"name\":\"Fahrradtr\u00e4ger Carry-Bike DJ passend f\u00fcr Ducato Deep Black - Bantam\",\"isPartOf\":{\"@id\":\"https:\\\/\\\/shop.bantam.ch\\\/de\\\/#website\"},\"primaryImageOfPage\":{\"@id\":\"https:\\\/\\\/shop.bantam.ch\\\/de\\\/produkt\\\/fahrradtraeger-carry-bike-dj-passend-fuer-ducato-deep-black\\\/#primaryimage\"},\"image\":{\"@id\":\"https:\\\/\\\/shop.bantam.ch\\\/de\\\/produkt\\\/fahrradtraeger-carry-bike-dj-passend-fuer-ducato-deep-black\\\/#primaryimage\"},\"thumbnailUrl\":\"https:\\\/\\\/shop.bantam.ch\\\/wp-content\\\/uploads\\\/2026\\\/02\\\/Movera-L-9966402100.png\",\"datePublished\":\"2026-02-04T09:47:03+00:00\",\"dateModified\":\"2026-05-01T21:51:04+00:00\",\"breadcrumb\":{\"@id\":\"https:\\\/\\\/shop.bantam.ch\\\/de\\\/produkt\\\/fahrradtraeger-carry-bike-dj-passend-fuer-ducato-deep-black\\\/#breadcrumb\"},\"inLanguage\":\"de\",\"potentialAction\":[{\"@type\":\"ReadAction\",\"target\":[\"https:\\\/\\\/shop.bantam.ch\\\/de\\\/produkt\\\/fahrradtraeger-carry-bike-dj-passend-fuer-ducato-deep-black\\\/\"]}]},{\"@type\":\"ImageObject\",\"inLanguage\":\"de\",\"@id\":\"https:\\\/\\\/shop.bantam.ch\\\/de\\\/produkt\\\/fahrradtraeger-carry-bike-dj-passend-fuer-ducato-deep-black\\\/#primaryimage\",\"url\":\"https:\\\/\\\/shop.bantam.ch\\\/wp-content\\\/uploads\\\/2026\\\/02\\\/Movera-L-9966402100.png\",\"contentUrl\":\"https:\\\/\\\/shop.bantam.ch\\\/wp-content\\\/uploads\\\/2026\\\/02\\\/Movera-L-9966402100.png\",\"width\":640,\"height\":360},{\"@type\":\"BreadcrumbList\",\"@id\":\"https:\\\/\\\/shop.bantam.ch\\\/de\\\/produkt\\\/fahrradtraeger-carry-bike-dj-passend-fuer-ducato-deep-black\\\/#breadcrumb\",\"itemListElement\":[{\"@type\":\"ListItem\",\"position\":1,\"name\":\"Accueil\",\"item\":\"https:\\\/\\\/shop.bantam.ch\\\/de\\\/\"},{\"@type\":\"ListItem\",\"position\":2,\"name\":\"Shop\",\"item\":\"https:\\\/\\\/shop.bantam.ch\\\/de\\\/shop\\\/\"},{\"@type\":\"ListItem\",\"position\":3,\"name\":\"Fahrradtr\u00e4ger Carry-Bike DJ passend f\u00fcr Ducato Deep Black\"}]},{\"@type\":\"WebSite\",\"@id\":\"https:\\\/\\\/shop.bantam.ch\\\/de\\\/#website\",\"url\":\"https:\\\/\\\/shop.bantam.ch\\\/de\\\/\",\"name\":\"Bantam\",\"description\":\"\",\"publisher\":{\"@id\":\"https:\\\/\\\/shop.bantam.ch\\\/de\\\/#organization\"},\"inLanguage\":\"de\"},{\"@type\":\"Organization\",\"@id\":\"https:\\\/\\\/shop.bantam.ch\\\/de\\\/#organization\",\"name\":\"Bantam\",\"url\":\"https:\\\/\\\/shop.bantam.ch\\\/de\\\/\",\"logo\":{\"@type\":\"ImageObject\",\"inLanguage\":\"de\",\"@id\":\"https:\\\/\\\/shop.bantam.ch\\\/de\\\/#\\\/schema\\\/logo\\\/image\\\/\",\"url\":\"https:\\\/\\\/shop.bantam.ch\\\/wp-content\\\/uploads\\\/2022\\\/12\\\/bantam-logo.png\",\"contentUrl\":\"https:\\\/\\\/shop.bantam.ch\\\/wp-content\\\/uploads\\\/2022\\\/12\\\/bantam-logo.png\",\"width\":320,\"height\":71,\"caption\":\"Bantam\"},\"image\":{\"@id\":\"https:\\\/\\\/shop.bantam.ch\\\/de\\\/#\\\/schema\\\/logo\\\/image\\\/\"}}]}<\/script>\n<!-- \/ Yoast SEO plugin. -->","yoast_head_json":{"title":"Fahrradtr\u00e4ger Carry-Bike DJ passend f\u00fcr Ducato Deep Black - Bantam","robots":{"index":"index","follow":"follow","max-snippet":"max-snippet:-1","max-image-preview":"max-image-preview:large","max-video-preview":"max-video-preview:-1"},"canonical":"https:\/\/shop.bantam.ch\/de\/produkt\/fahrradtraeger-carry-bike-dj-passend-fuer-ducato-deep-black\/","og_locale":"de_DE","og_type":"article","og_title":"Fahrradtr\u00e4ger Carry-Bike DJ passend f\u00fcr Ducato Deep Black - Bantam","og_description":"Nutzen Sie die Doppelt\u00fcr Ihres Fahrzeugs f\u00fcr den Transport Ihrer Fahrr\u00e4der! Dieses Carry-Bike wird durch den separaten Kauf des Fahrradtr\u00e4gers und der Befestigungsstangen, die speziell f\u00fcr das Fahrzeug Fiat Ducato \u2265 06 entwickelt wurden, zusammengestellt. Genau das Richtige f\u00fcr diejenigen, die f\u00fcr den Fiat Ducato auf der Suche nach einem Fahrradtr\u00e4ger f\u00fcr den Transport von [&hellip;]","og_url":"https:\/\/shop.bantam.ch\/de\/produkt\/fahrradtraeger-carry-bike-dj-passend-fuer-ducato-deep-black\/","og_site_name":"Bantam","article_modified_time":"2026-05-01T21:51:04+00:00","twitter_card":"summary_large_image","twitter_misc":{"Gesch\u00e4tzte Lesezeit":"1\u00a0Minute"},"schema":{"@context":"https:\/\/schema.org","@graph":[{"@type":"WebPage","@id":"https:\/\/shop.bantam.ch\/de\/produkt\/fahrradtraeger-carry-bike-dj-passend-fuer-ducato-deep-black\/","url":"https:\/\/shop.bantam.ch\/de\/produkt\/fahrradtraeger-carry-bike-dj-passend-fuer-ducato-deep-black\/","name":"Fahrradtr\u00e4ger Carry-Bike DJ passend f\u00fcr Ducato Deep Black - Bantam","isPartOf":{"@id":"https:\/\/shop.bantam.ch\/de\/#website"},"primaryImageOfPage":{"@id":"https:\/\/shop.bantam.ch\/de\/produkt\/fahrradtraeger-carry-bike-dj-passend-fuer-ducato-deep-black\/#primaryimage"},"image":{"@id":"https:\/\/shop.bantam.ch\/de\/produkt\/fahrradtraeger-carry-bike-dj-passend-fuer-ducato-deep-black\/#primaryimage"},"thumbnailUrl":"https:\/\/shop.bantam.ch\/wp-content\/uploads\/2026\/02\/Movera-L-9966402100.png","datePublished":"2026-02-04T09:47:03+00:00","dateModified":"2026-05-01T21:51:04+00:00","breadcrumb":{"@id":"https:\/\/shop.bantam.ch\/de\/produkt\/fahrradtraeger-carry-bike-dj-passend-fuer-ducato-deep-black\/#breadcrumb"},"inLanguage":"de","potentialAction":[{"@type":"ReadAction","target":["https:\/\/shop.bantam.ch\/de\/produkt\/fahrradtraeger-carry-bike-dj-passend-fuer-ducato-deep-black\/"]}]},{"@type":"ImageObject","inLanguage":"de","@id":"https:\/\/shop.bantam.ch\/de\/produkt\/fahrradtraeger-carry-bike-dj-passend-fuer-ducato-deep-black\/#primaryimage","url":"https:\/\/shop.bantam.ch\/wp-content\/uploads\/2026\/02\/Movera-L-9966402100.png","contentUrl":"https:\/\/shop.bantam.ch\/wp-content\/uploads\/2026\/02\/Movera-L-9966402100.png","width":640,"height":360},{"@type":"BreadcrumbList","@id":"https:\/\/shop.bantam.ch\/de\/produkt\/fahrradtraeger-carry-bike-dj-passend-fuer-ducato-deep-black\/#breadcrumb","itemListElement":[{"@type":"ListItem","position":1,"name":"Accueil","item":"https:\/\/shop.bantam.ch\/de\/"},{"@type":"ListItem","position":2,"name":"Shop","item":"https:\/\/shop.bantam.ch\/de\/shop\/"},{"@type":"ListItem","position":3,"name":"Fahrradtr\u00e4ger Carry-Bike DJ passend f\u00fcr Ducato Deep Black"}]},{"@type":"WebSite","@id":"https:\/\/shop.bantam.ch\/de\/#website","url":"https:\/\/shop.bantam.ch\/de\/","name":"Bantam","description":"","publisher":{"@id":"https:\/\/shop.bantam.ch\/de\/#organization"},"inLanguage":"de"},{"@type":"Organization","@id":"https:\/\/shop.bantam.ch\/de\/#organization","name":"Bantam","url":"https:\/\/shop.bantam.ch\/de\/","logo":{"@type":"ImageObject","inLanguage":"de","@id":"https:\/\/shop.bantam.ch\/de\/#\/schema\/logo\/image\/","url":"https:\/\/shop.bantam.ch\/wp-content\/uploads\/2022\/12\/bantam-logo.png","contentUrl":"https:\/\/shop.bantam.ch\/wp-content\/uploads\/2022\/12\/bantam-logo.png","width":320,"height":71,"caption":"Bantam"},"image":{"@id":"https:\/\/shop.bantam.ch\/de\/#\/schema\/logo\/image\/"}}]}},"_links":{"self":[{"href":"https:\/\/shop.bantam.ch\/de\/wp-json\/wp\/v2\/product\/232710","targetHints":{"allow":["GET"]}}],"collection":[{"href":"https:\/\/shop.bantam.ch\/de\/wp-json\/wp\/v2\/product"}],"about":[{"href":"https:\/\/shop.bantam.ch\/de\/wp-json\/wp\/v2\/types\/product"}],"wp:featuredmedia":[{"embeddable":true,"href":"https:\/\/shop.bantam.ch\/de\/wp-json\/wp\/v2\/media\/232702"}],"wp:attachment":[{"href":"https:\/\/shop.bantam.ch\/de\/wp-json\/wp\/v2\/media?parent=232710"}],"wp:term":[{"taxonomy":"product_featured_cat","embeddable":true,"href":"https:\/\/shop.bantam.ch\/de\/wp-json\/wp\/v2\/product_featured_cat?post=232710"},{"taxonomy":"product_brand","embeddable":true,"href":"https:\/\/shop.bantam.ch\/de\/wp-json\/wp\/v2\/product_brand?post=232710"},{"taxonomy":"product_cat","embeddable":true,"href":"https:\/\/shop.bantam.ch\/de\/wp-json\/wp\/v2\/product_cat?post=232710"},{"taxonomy":"product_tag","embeddable":true,"href":"https:\/\/shop.bantam.ch\/de\/wp-json\/wp\/v2\/product_tag?post=232710"}],"curies":[{"name":"wp","href":"https:\/\/api.w.org\/{rel}","templated":true}]}}