{"id":232556,"date":"2026-02-04T10:43:18","date_gmt":"2026-02-04T09:43:18","guid":{"rendered":"https:\/\/shop.bantam.ch\/produit\/fahrradtraeger-tecdc1\/"},"modified":"2026-05-02T23:50:13","modified_gmt":"2026-05-02T21:50:13","slug":"fahrradtraeger-tecdc1","status":"publish","type":"product","link":"https:\/\/shop.bantam.ch\/de\/produkt\/fahrradtraeger-tecdc1\/","title":{"rendered":"Fahrradtr\u00e4ger TECDC1+"},"content":{"rendered":"<p>Der EUFAB TECDC1+ ist ein Kupplungstr\u00e4ger f\u00fcr zwei Fahrr\u00e4der oder E-Bikes, mit schwarzem Design und modernen LED-R\u00fcck\u00adleuchten. Dank Abklappfunktion per Fu\u00dfpedal, Schnellverschluss-System und vormontierter Lieferung ist er besonders benutzerfreundlich. Ideal f\u00fcr Fahrzeuge mit gro\u00dfen Heckklappen. Die stabilen Stahlschienen eignen sich f\u00fcr Radst\u00e4nde bis 130 cm, Reifenbreiten bis 3,25 Zoll und einen Schienenabstand von ca. 24 cm.<\/p>\n<ul>\n<li>Abklappmechanismus per Fu\u00dfpedal bedienbar&nbsp;<\/li>\n<li>inkl. abschlie\u00dfbarem Rahmenhalter und Schnellverschluss&nbsp;<\/li>\n<li>13 pol. Stecker&nbsp;<\/li>\n<li>Rahmendurchmesser bis 10cm<\/li>\n<\/ul>\n","protected":false},"excerpt":{"rendered":"<p>Der EUFAB TECDC1+ ist ein Kupplungstr\u00e4ger f\u00fcr zwei Fahrr\u00e4der oder E-Bikes, mit schwarzem Design und modernen LED-R\u00fcck\u00adleuchten. Dank Abklappfunktion per Fu\u00dfpedal, Schnellverschluss-System und vormontierter Lieferung ist er besonders benutzerfreundlich. Ideal f\u00fcr Fahrzeuge mit gro\u00dfen Heckklappen. Die stabilen Stahlschienen eignen sich f\u00fcr Radst\u00e4nde bis 130 cm, Reifenbreiten bis 3,25 Zoll und einen Schienenabstand von ca. 24 [&hellip;]<\/p>\n","protected":false},"featured_media":232546,"template":"","meta":{"_acf_changed":false},"product_featured_cat":[],"product_brand":[],"product_cat":[4694],"product_tag":[],"class_list":{"0":"post-232556","1":"product","2":"type-product","3":"status-publish","4":"has-post-thumbnail","6":"product_cat-kupplungs-fahrradtraeger","8":"first","9":"instock","10":"taxable","11":"shipping-taxable","12":"purchasable","13":"product-type-simple"},"acf":[],"yoast_head":"<!-- This site is optimized with the Yoast SEO plugin v27.5 - https:\/\/yoast.com\/product\/yoast-seo-wordpress\/ -->\n<title>Fahrradtr\u00e4ger TECDC1+ - Bantam<\/title>\n<meta name=\"robots\" content=\"index, follow, max-snippet:-1, max-image-preview:large, max-video-preview:-1\" \/>\n<link rel=\"canonical\" href=\"https:\/\/shop.bantam.ch\/de\/produkt\/fahrradtraeger-tecdc1\/\" \/>\n<meta property=\"og:locale\" content=\"de_DE\" \/>\n<meta property=\"og:type\" content=\"article\" \/>\n<meta property=\"og:title\" content=\"Fahrradtr\u00e4ger TECDC1+ - Bantam\" \/>\n<meta property=\"og:description\" content=\"Der EUFAB TECDC1+ ist ein Kupplungstr\u00e4ger f\u00fcr zwei Fahrr\u00e4der oder E-Bikes, mit schwarzem Design und modernen LED-R\u00fcck\u00adleuchten. Dank Abklappfunktion per Fu\u00dfpedal, Schnellverschluss-System und vormontierter Lieferung ist er besonders benutzerfreundlich. Ideal f\u00fcr Fahrzeuge mit gro\u00dfen Heckklappen. Die stabilen Stahlschienen eignen sich f\u00fcr Radst\u00e4nde bis 130 cm, Reifenbreiten bis 3,25 Zoll und einen Schienenabstand von ca. 24 [&hellip;]\" \/>\n<meta property=\"og:url\" content=\"https:\/\/shop.bantam.ch\/de\/produkt\/fahrradtraeger-tecdc1\/\" \/>\n<meta property=\"og:site_name\" content=\"Bantam\" \/>\n<meta property=\"article:modified_time\" content=\"2026-05-02T21:50:13+00:00\" \/>\n<meta name=\"twitter:card\" content=\"summary_large_image\" \/>\n<script type=\"application\/ld+json\" class=\"yoast-schema-graph\">{\"@context\":\"https:\\\/\\\/schema.org\",\"@graph\":[{\"@type\":\"WebPage\",\"@id\":\"https:\\\/\\\/shop.bantam.ch\\\/de\\\/produkt\\\/fahrradtraeger-tecdc1\\\/\",\"url\":\"https:\\\/\\\/shop.bantam.ch\\\/de\\\/produkt\\\/fahrradtraeger-tecdc1\\\/\",\"name\":\"Fahrradtr\u00e4ger TECDC1+ - Bantam\",\"isPartOf\":{\"@id\":\"https:\\\/\\\/shop.bantam.ch\\\/de\\\/#website\"},\"primaryImageOfPage\":{\"@id\":\"https:\\\/\\\/shop.bantam.ch\\\/de\\\/produkt\\\/fahrradtraeger-tecdc1\\\/#primaryimage\"},\"image\":{\"@id\":\"https:\\\/\\\/shop.bantam.ch\\\/de\\\/produkt\\\/fahrradtraeger-tecdc1\\\/#primaryimage\"},\"thumbnailUrl\":\"https:\\\/\\\/shop.bantam.ch\\\/wp-content\\\/uploads\\\/2026\\\/02\\\/Movera-L-9966372100.jpg\",\"datePublished\":\"2026-02-04T09:43:18+00:00\",\"dateModified\":\"2026-05-02T21:50:13+00:00\",\"breadcrumb\":{\"@id\":\"https:\\\/\\\/shop.bantam.ch\\\/de\\\/produkt\\\/fahrradtraeger-tecdc1\\\/#breadcrumb\"},\"inLanguage\":\"de\",\"potentialAction\":[{\"@type\":\"ReadAction\",\"target\":[\"https:\\\/\\\/shop.bantam.ch\\\/de\\\/produkt\\\/fahrradtraeger-tecdc1\\\/\"]}]},{\"@type\":\"ImageObject\",\"inLanguage\":\"de\",\"@id\":\"https:\\\/\\\/shop.bantam.ch\\\/de\\\/produkt\\\/fahrradtraeger-tecdc1\\\/#primaryimage\",\"url\":\"https:\\\/\\\/shop.bantam.ch\\\/wp-content\\\/uploads\\\/2026\\\/02\\\/Movera-L-9966372100.jpg\",\"contentUrl\":\"https:\\\/\\\/shop.bantam.ch\\\/wp-content\\\/uploads\\\/2026\\\/02\\\/Movera-L-9966372100.jpg\",\"width\":640,\"height\":486},{\"@type\":\"BreadcrumbList\",\"@id\":\"https:\\\/\\\/shop.bantam.ch\\\/de\\\/produkt\\\/fahrradtraeger-tecdc1\\\/#breadcrumb\",\"itemListElement\":[{\"@type\":\"ListItem\",\"position\":1,\"name\":\"Accueil\",\"item\":\"https:\\\/\\\/shop.bantam.ch\\\/de\\\/\"},{\"@type\":\"ListItem\",\"position\":2,\"name\":\"Shop\",\"item\":\"https:\\\/\\\/shop.bantam.ch\\\/de\\\/shop\\\/\"},{\"@type\":\"ListItem\",\"position\":3,\"name\":\"Fahrradtr\u00e4ger TECDC1+\"}]},{\"@type\":\"WebSite\",\"@id\":\"https:\\\/\\\/shop.bantam.ch\\\/de\\\/#website\",\"url\":\"https:\\\/\\\/shop.bantam.ch\\\/de\\\/\",\"name\":\"Bantam\",\"description\":\"\",\"publisher\":{\"@id\":\"https:\\\/\\\/shop.bantam.ch\\\/de\\\/#organization\"},\"inLanguage\":\"de\"},{\"@type\":\"Organization\",\"@id\":\"https:\\\/\\\/shop.bantam.ch\\\/de\\\/#organization\",\"name\":\"Bantam\",\"url\":\"https:\\\/\\\/shop.bantam.ch\\\/de\\\/\",\"logo\":{\"@type\":\"ImageObject\",\"inLanguage\":\"de\",\"@id\":\"https:\\\/\\\/shop.bantam.ch\\\/de\\\/#\\\/schema\\\/logo\\\/image\\\/\",\"url\":\"https:\\\/\\\/shop.bantam.ch\\\/wp-content\\\/uploads\\\/2022\\\/12\\\/bantam-logo.png\",\"contentUrl\":\"https:\\\/\\\/shop.bantam.ch\\\/wp-content\\\/uploads\\\/2022\\\/12\\\/bantam-logo.png\",\"width\":320,\"height\":71,\"caption\":\"Bantam\"},\"image\":{\"@id\":\"https:\\\/\\\/shop.bantam.ch\\\/de\\\/#\\\/schema\\\/logo\\\/image\\\/\"}}]}<\/script>\n<!-- \/ Yoast SEO plugin. -->","yoast_head_json":{"title":"Fahrradtr\u00e4ger TECDC1+ - Bantam","robots":{"index":"index","follow":"follow","max-snippet":"max-snippet:-1","max-image-preview":"max-image-preview:large","max-video-preview":"max-video-preview:-1"},"canonical":"https:\/\/shop.bantam.ch\/de\/produkt\/fahrradtraeger-tecdc1\/","og_locale":"de_DE","og_type":"article","og_title":"Fahrradtr\u00e4ger TECDC1+ - Bantam","og_description":"Der EUFAB TECDC1+ ist ein Kupplungstr\u00e4ger f\u00fcr zwei Fahrr\u00e4der oder E-Bikes, mit schwarzem Design und modernen LED-R\u00fcck\u00adleuchten. Dank Abklappfunktion per Fu\u00dfpedal, Schnellverschluss-System und vormontierter Lieferung ist er besonders benutzerfreundlich. Ideal f\u00fcr Fahrzeuge mit gro\u00dfen Heckklappen. Die stabilen Stahlschienen eignen sich f\u00fcr Radst\u00e4nde bis 130 cm, Reifenbreiten bis 3,25 Zoll und einen Schienenabstand von ca. 24 [&hellip;]","og_url":"https:\/\/shop.bantam.ch\/de\/produkt\/fahrradtraeger-tecdc1\/","og_site_name":"Bantam","article_modified_time":"2026-05-02T21:50:13+00:00","twitter_card":"summary_large_image","schema":{"@context":"https:\/\/schema.org","@graph":[{"@type":"WebPage","@id":"https:\/\/shop.bantam.ch\/de\/produkt\/fahrradtraeger-tecdc1\/","url":"https:\/\/shop.bantam.ch\/de\/produkt\/fahrradtraeger-tecdc1\/","name":"Fahrradtr\u00e4ger TECDC1+ - Bantam","isPartOf":{"@id":"https:\/\/shop.bantam.ch\/de\/#website"},"primaryImageOfPage":{"@id":"https:\/\/shop.bantam.ch\/de\/produkt\/fahrradtraeger-tecdc1\/#primaryimage"},"image":{"@id":"https:\/\/shop.bantam.ch\/de\/produkt\/fahrradtraeger-tecdc1\/#primaryimage"},"thumbnailUrl":"https:\/\/shop.bantam.ch\/wp-content\/uploads\/2026\/02\/Movera-L-9966372100.jpg","datePublished":"2026-02-04T09:43:18+00:00","dateModified":"2026-05-02T21:50:13+00:00","breadcrumb":{"@id":"https:\/\/shop.bantam.ch\/de\/produkt\/fahrradtraeger-tecdc1\/#breadcrumb"},"inLanguage":"de","potentialAction":[{"@type":"ReadAction","target":["https:\/\/shop.bantam.ch\/de\/produkt\/fahrradtraeger-tecdc1\/"]}]},{"@type":"ImageObject","inLanguage":"de","@id":"https:\/\/shop.bantam.ch\/de\/produkt\/fahrradtraeger-tecdc1\/#primaryimage","url":"https:\/\/shop.bantam.ch\/wp-content\/uploads\/2026\/02\/Movera-L-9966372100.jpg","contentUrl":"https:\/\/shop.bantam.ch\/wp-content\/uploads\/2026\/02\/Movera-L-9966372100.jpg","width":640,"height":486},{"@type":"BreadcrumbList","@id":"https:\/\/shop.bantam.ch\/de\/produkt\/fahrradtraeger-tecdc1\/#breadcrumb","itemListElement":[{"@type":"ListItem","position":1,"name":"Accueil","item":"https:\/\/shop.bantam.ch\/de\/"},{"@type":"ListItem","position":2,"name":"Shop","item":"https:\/\/shop.bantam.ch\/de\/shop\/"},{"@type":"ListItem","position":3,"name":"Fahrradtr\u00e4ger TECDC1+"}]},{"@type":"WebSite","@id":"https:\/\/shop.bantam.ch\/de\/#website","url":"https:\/\/shop.bantam.ch\/de\/","name":"Bantam","description":"","publisher":{"@id":"https:\/\/shop.bantam.ch\/de\/#organization"},"inLanguage":"de"},{"@type":"Organization","@id":"https:\/\/shop.bantam.ch\/de\/#organization","name":"Bantam","url":"https:\/\/shop.bantam.ch\/de\/","logo":{"@type":"ImageObject","inLanguage":"de","@id":"https:\/\/shop.bantam.ch\/de\/#\/schema\/logo\/image\/","url":"https:\/\/shop.bantam.ch\/wp-content\/uploads\/2022\/12\/bantam-logo.png","contentUrl":"https:\/\/shop.bantam.ch\/wp-content\/uploads\/2022\/12\/bantam-logo.png","width":320,"height":71,"caption":"Bantam"},"image":{"@id":"https:\/\/shop.bantam.ch\/de\/#\/schema\/logo\/image\/"}}]}},"_links":{"self":[{"href":"https:\/\/shop.bantam.ch\/de\/wp-json\/wp\/v2\/product\/232556","targetHints":{"allow":["GET"]}}],"collection":[{"href":"https:\/\/shop.bantam.ch\/de\/wp-json\/wp\/v2\/product"}],"about":[{"href":"https:\/\/shop.bantam.ch\/de\/wp-json\/wp\/v2\/types\/product"}],"wp:featuredmedia":[{"embeddable":true,"href":"https:\/\/shop.bantam.ch\/de\/wp-json\/wp\/v2\/media\/232546"}],"wp:attachment":[{"href":"https:\/\/shop.bantam.ch\/de\/wp-json\/wp\/v2\/media?parent=232556"}],"wp:term":[{"taxonomy":"product_featured_cat","embeddable":true,"href":"https:\/\/shop.bantam.ch\/de\/wp-json\/wp\/v2\/product_featured_cat?post=232556"},{"taxonomy":"product_brand","embeddable":true,"href":"https:\/\/shop.bantam.ch\/de\/wp-json\/wp\/v2\/product_brand?post=232556"},{"taxonomy":"product_cat","embeddable":true,"href":"https:\/\/shop.bantam.ch\/de\/wp-json\/wp\/v2\/product_cat?post=232556"},{"taxonomy":"product_tag","embeddable":true,"href":"https:\/\/shop.bantam.ch\/de\/wp-json\/wp\/v2\/product_tag?post=232556"}],"curies":[{"name":"wp","href":"https:\/\/api.w.org\/{rel}","templated":true}]}}