{"id":195395,"date":"2024-05-15T15:31:20","date_gmt":"2024-05-15T13:31:20","guid":{"rendered":"https:\/\/shop.bantam.ch\/produit\/heckfahrradtraeger-atera-genio-pro-black-edition-2-raeder-traglast-60-kg-farbe-schwarz\/"},"modified":"2026-05-02T23:00:56","modified_gmt":"2026-05-02T21:00:56","slug":"heckfahrradtraeger-atera-genio-pro-black-edition-2-raeder-traglast-60-kg-farbe-schwarz","status":"publish","type":"product","link":"https:\/\/shop.bantam.ch\/de\/produkt\/heckfahrradtraeger-atera-genio-pro-black-edition-2-raeder-traglast-60-kg-farbe-schwarz\/","title":{"rendered":"Heckfahrradtr\u00e4ger Atera Genio Pro Black Edition 2 R\u00e4der, Traglast 60 kg Farbe schwarz"},"content":{"rendered":"<p>Komplett faltbarer, erweiterbarer Anh\u00e4ngekupplungs-Fahrradtr\u00e4ger f\u00fcr Fahrr\u00e4der und E-Bikes.<\/p>\n<p>&nbsp;<\/p>\n<p>Eigenschaften:<\/p>\n<ul>\n<li>Plug &amp; Drive Schnellverschluss auf der Anh\u00e4ngerkupplung<\/li>\n<li>Genialer Faltmechanismus sch\u00fctzt die R\u00fcckleuchten des Hecktr\u00e4gers<\/li>\n<li>210 mm Radschienenabstand f\u00fcr komfortable Fahrradmontage<\/li>\n<li>Weit abklappbar in verschiedenen Stufe f\u00fcr problemlosen Kofferraumzugang<\/li>\n<li>Zuladung max. 30 kg pro Schiene<\/li>\n<li>Werkzeuglos erweiterbar &#8211; Maximale Gesamtzuladung mit Erweiterungsset 60 kg<\/li>\n<\/ul>\n","protected":false},"excerpt":{"rendered":"<p>Komplett faltbarer, erweiterbarer Anh\u00e4ngekupplungs-Fahrradtr\u00e4ger f\u00fcr Fahrr\u00e4der und E-Bikes. &nbsp; Eigenschaften: Plug &amp; Drive Schnellverschluss auf der Anh\u00e4ngerkupplung Genialer Faltmechanismus sch\u00fctzt die R\u00fcckleuchten des Hecktr\u00e4gers 210 mm Radschienenabstand f\u00fcr komfortable Fahrradmontage Weit abklappbar in verschiedenen Stufe f\u00fcr problemlosen Kofferraumzugang Zuladung max. 30 kg pro Schiene Werkzeuglos erweiterbar &#8211; Maximale Gesamtzuladung mit Erweiterungsset 60 kg<\/p>\n","protected":false},"featured_media":206617,"template":"","meta":{"_acf_changed":false},"product_featured_cat":[],"product_brand":[3345],"product_cat":[4694],"product_tag":[],"class_list":{"0":"post-195395","1":"product","2":"type-product","3":"status-publish","4":"has-post-thumbnail","6":"product_brand-atera-de","7":"product_cat-kupplungs-fahrradtraeger","9":"first","10":"instock","11":"taxable","12":"shipping-taxable","13":"purchasable","14":"product-type-simple"},"acf":[],"yoast_head":"<!-- This site is optimized with the Yoast SEO plugin v27.5 - https:\/\/yoast.com\/product\/yoast-seo-wordpress\/ -->\n<title>Heckfahrradtr\u00e4ger Atera Genio Pro Black Edition 2 R\u00e4der, Traglast 60 kg Farbe schwarz - Bantam<\/title>\n<meta name=\"robots\" content=\"index, follow, max-snippet:-1, max-image-preview:large, max-video-preview:-1\" \/>\n<link rel=\"canonical\" href=\"https:\/\/shop.bantam.ch\/de\/produkt\/heckfahrradtraeger-atera-genio-pro-black-edition-2-raeder-traglast-60-kg-farbe-schwarz\/\" \/>\n<meta property=\"og:locale\" content=\"de_DE\" \/>\n<meta property=\"og:type\" content=\"article\" \/>\n<meta property=\"og:title\" content=\"Heckfahrradtr\u00e4ger Atera Genio Pro Black Edition 2 R\u00e4der, Traglast 60 kg Farbe schwarz - Bantam\" \/>\n<meta property=\"og:description\" content=\"Komplett faltbarer, erweiterbarer Anh\u00e4ngekupplungs-Fahrradtr\u00e4ger f\u00fcr Fahrr\u00e4der und E-Bikes. &nbsp; Eigenschaften: Plug &amp; Drive Schnellverschluss auf der Anh\u00e4ngerkupplung Genialer Faltmechanismus sch\u00fctzt die R\u00fcckleuchten des Hecktr\u00e4gers 210 mm Radschienenabstand f\u00fcr komfortable Fahrradmontage Weit abklappbar in verschiedenen Stufe f\u00fcr problemlosen Kofferraumzugang Zuladung max. 30 kg pro Schiene Werkzeuglos erweiterbar &#8211; Maximale Gesamtzuladung mit Erweiterungsset 60 kg\" \/>\n<meta property=\"og:url\" content=\"https:\/\/shop.bantam.ch\/de\/produkt\/heckfahrradtraeger-atera-genio-pro-black-edition-2-raeder-traglast-60-kg-farbe-schwarz\/\" \/>\n<meta property=\"og:site_name\" content=\"Bantam\" \/>\n<meta property=\"article:modified_time\" content=\"2026-05-02T21:00:56+00:00\" \/>\n<meta property=\"og:image\" content=\"https:\/\/shop.bantam.ch\/wp-content\/uploads\/2024\/05\/Movera-L-9949266100.jpg\" \/>\n\t<meta property=\"og:image:width\" content=\"640\" \/>\n\t<meta property=\"og:image:height\" content=\"321\" \/>\n\t<meta property=\"og:image:type\" content=\"image\/jpeg\" \/>\n<meta name=\"twitter:card\" content=\"summary_large_image\" \/>\n<script type=\"application\/ld+json\" class=\"yoast-schema-graph\">{\"@context\":\"https:\\\/\\\/schema.org\",\"@graph\":[{\"@type\":\"WebPage\",\"@id\":\"https:\\\/\\\/shop.bantam.ch\\\/de\\\/produkt\\\/heckfahrradtraeger-atera-genio-pro-black-edition-2-raeder-traglast-60-kg-farbe-schwarz\\\/\",\"url\":\"https:\\\/\\\/shop.bantam.ch\\\/de\\\/produkt\\\/heckfahrradtraeger-atera-genio-pro-black-edition-2-raeder-traglast-60-kg-farbe-schwarz\\\/\",\"name\":\"Heckfahrradtr\u00e4ger Atera Genio Pro Black Edition 2 R\u00e4der, Traglast 60 kg Farbe schwarz - Bantam\",\"isPartOf\":{\"@id\":\"https:\\\/\\\/shop.bantam.ch\\\/de\\\/#website\"},\"primaryImageOfPage\":{\"@id\":\"https:\\\/\\\/shop.bantam.ch\\\/de\\\/produkt\\\/heckfahrradtraeger-atera-genio-pro-black-edition-2-raeder-traglast-60-kg-farbe-schwarz\\\/#primaryimage\"},\"image\":{\"@id\":\"https:\\\/\\\/shop.bantam.ch\\\/de\\\/produkt\\\/heckfahrradtraeger-atera-genio-pro-black-edition-2-raeder-traglast-60-kg-farbe-schwarz\\\/#primaryimage\"},\"thumbnailUrl\":\"https:\\\/\\\/shop.bantam.ch\\\/wp-content\\\/uploads\\\/2024\\\/09\\\/Movera-L-9949266100.jpg\",\"datePublished\":\"2024-05-15T13:31:20+00:00\",\"dateModified\":\"2026-05-02T21:00:56+00:00\",\"breadcrumb\":{\"@id\":\"https:\\\/\\\/shop.bantam.ch\\\/de\\\/produkt\\\/heckfahrradtraeger-atera-genio-pro-black-edition-2-raeder-traglast-60-kg-farbe-schwarz\\\/#breadcrumb\"},\"inLanguage\":\"de\",\"potentialAction\":[{\"@type\":\"ReadAction\",\"target\":[\"https:\\\/\\\/shop.bantam.ch\\\/de\\\/produkt\\\/heckfahrradtraeger-atera-genio-pro-black-edition-2-raeder-traglast-60-kg-farbe-schwarz\\\/\"]}]},{\"@type\":\"ImageObject\",\"inLanguage\":\"de\",\"@id\":\"https:\\\/\\\/shop.bantam.ch\\\/de\\\/produkt\\\/heckfahrradtraeger-atera-genio-pro-black-edition-2-raeder-traglast-60-kg-farbe-schwarz\\\/#primaryimage\",\"url\":\"https:\\\/\\\/shop.bantam.ch\\\/wp-content\\\/uploads\\\/2024\\\/09\\\/Movera-L-9949266100.jpg\",\"contentUrl\":\"https:\\\/\\\/shop.bantam.ch\\\/wp-content\\\/uploads\\\/2024\\\/09\\\/Movera-L-9949266100.jpg\",\"width\":640,\"height\":321},{\"@type\":\"BreadcrumbList\",\"@id\":\"https:\\\/\\\/shop.bantam.ch\\\/de\\\/produkt\\\/heckfahrradtraeger-atera-genio-pro-black-edition-2-raeder-traglast-60-kg-farbe-schwarz\\\/#breadcrumb\",\"itemListElement\":[{\"@type\":\"ListItem\",\"position\":1,\"name\":\"Accueil\",\"item\":\"https:\\\/\\\/shop.bantam.ch\\\/de\\\/\"},{\"@type\":\"ListItem\",\"position\":2,\"name\":\"Shop\",\"item\":\"https:\\\/\\\/shop.bantam.ch\\\/de\\\/shop\\\/\"},{\"@type\":\"ListItem\",\"position\":3,\"name\":\"Heckfahrradtr\u00e4ger Atera Genio Pro Black Edition 2 R\u00e4der, Traglast 60 kg Farbe schwarz\"}]},{\"@type\":\"WebSite\",\"@id\":\"https:\\\/\\\/shop.bantam.ch\\\/de\\\/#website\",\"url\":\"https:\\\/\\\/shop.bantam.ch\\\/de\\\/\",\"name\":\"Bantam\",\"description\":\"\",\"publisher\":{\"@id\":\"https:\\\/\\\/shop.bantam.ch\\\/de\\\/#organization\"},\"inLanguage\":\"de\"},{\"@type\":\"Organization\",\"@id\":\"https:\\\/\\\/shop.bantam.ch\\\/de\\\/#organization\",\"name\":\"Bantam\",\"url\":\"https:\\\/\\\/shop.bantam.ch\\\/de\\\/\",\"logo\":{\"@type\":\"ImageObject\",\"inLanguage\":\"de\",\"@id\":\"https:\\\/\\\/shop.bantam.ch\\\/de\\\/#\\\/schema\\\/logo\\\/image\\\/\",\"url\":\"https:\\\/\\\/shop.bantam.ch\\\/wp-content\\\/uploads\\\/2022\\\/12\\\/bantam-logo.png\",\"contentUrl\":\"https:\\\/\\\/shop.bantam.ch\\\/wp-content\\\/uploads\\\/2022\\\/12\\\/bantam-logo.png\",\"width\":320,\"height\":71,\"caption\":\"Bantam\"},\"image\":{\"@id\":\"https:\\\/\\\/shop.bantam.ch\\\/de\\\/#\\\/schema\\\/logo\\\/image\\\/\"}}]}<\/script>\n<!-- \/ Yoast SEO plugin. -->","yoast_head_json":{"title":"Heckfahrradtr\u00e4ger Atera Genio Pro Black Edition 2 R\u00e4der, Traglast 60 kg Farbe schwarz - Bantam","robots":{"index":"index","follow":"follow","max-snippet":"max-snippet:-1","max-image-preview":"max-image-preview:large","max-video-preview":"max-video-preview:-1"},"canonical":"https:\/\/shop.bantam.ch\/de\/produkt\/heckfahrradtraeger-atera-genio-pro-black-edition-2-raeder-traglast-60-kg-farbe-schwarz\/","og_locale":"de_DE","og_type":"article","og_title":"Heckfahrradtr\u00e4ger Atera Genio Pro Black Edition 2 R\u00e4der, Traglast 60 kg Farbe schwarz - Bantam","og_description":"Komplett faltbarer, erweiterbarer Anh\u00e4ngekupplungs-Fahrradtr\u00e4ger f\u00fcr Fahrr\u00e4der und E-Bikes. &nbsp; Eigenschaften: Plug &amp; Drive Schnellverschluss auf der Anh\u00e4ngerkupplung Genialer Faltmechanismus sch\u00fctzt die R\u00fcckleuchten des Hecktr\u00e4gers 210 mm Radschienenabstand f\u00fcr komfortable Fahrradmontage Weit abklappbar in verschiedenen Stufe f\u00fcr problemlosen Kofferraumzugang Zuladung max. 30 kg pro Schiene Werkzeuglos erweiterbar &#8211; Maximale Gesamtzuladung mit Erweiterungsset 60 kg","og_url":"https:\/\/shop.bantam.ch\/de\/produkt\/heckfahrradtraeger-atera-genio-pro-black-edition-2-raeder-traglast-60-kg-farbe-schwarz\/","og_site_name":"Bantam","article_modified_time":"2026-05-02T21:00:56+00:00","og_image":[{"width":640,"height":321,"url":"https:\/\/shop.bantam.ch\/wp-content\/uploads\/2024\/05\/Movera-L-9949266100.jpg","type":"image\/jpeg"}],"twitter_card":"summary_large_image","schema":{"@context":"https:\/\/schema.org","@graph":[{"@type":"WebPage","@id":"https:\/\/shop.bantam.ch\/de\/produkt\/heckfahrradtraeger-atera-genio-pro-black-edition-2-raeder-traglast-60-kg-farbe-schwarz\/","url":"https:\/\/shop.bantam.ch\/de\/produkt\/heckfahrradtraeger-atera-genio-pro-black-edition-2-raeder-traglast-60-kg-farbe-schwarz\/","name":"Heckfahrradtr\u00e4ger Atera Genio Pro Black Edition 2 R\u00e4der, Traglast 60 kg Farbe schwarz - Bantam","isPartOf":{"@id":"https:\/\/shop.bantam.ch\/de\/#website"},"primaryImageOfPage":{"@id":"https:\/\/shop.bantam.ch\/de\/produkt\/heckfahrradtraeger-atera-genio-pro-black-edition-2-raeder-traglast-60-kg-farbe-schwarz\/#primaryimage"},"image":{"@id":"https:\/\/shop.bantam.ch\/de\/produkt\/heckfahrradtraeger-atera-genio-pro-black-edition-2-raeder-traglast-60-kg-farbe-schwarz\/#primaryimage"},"thumbnailUrl":"https:\/\/shop.bantam.ch\/wp-content\/uploads\/2024\/09\/Movera-L-9949266100.jpg","datePublished":"2024-05-15T13:31:20+00:00","dateModified":"2026-05-02T21:00:56+00:00","breadcrumb":{"@id":"https:\/\/shop.bantam.ch\/de\/produkt\/heckfahrradtraeger-atera-genio-pro-black-edition-2-raeder-traglast-60-kg-farbe-schwarz\/#breadcrumb"},"inLanguage":"de","potentialAction":[{"@type":"ReadAction","target":["https:\/\/shop.bantam.ch\/de\/produkt\/heckfahrradtraeger-atera-genio-pro-black-edition-2-raeder-traglast-60-kg-farbe-schwarz\/"]}]},{"@type":"ImageObject","inLanguage":"de","@id":"https:\/\/shop.bantam.ch\/de\/produkt\/heckfahrradtraeger-atera-genio-pro-black-edition-2-raeder-traglast-60-kg-farbe-schwarz\/#primaryimage","url":"https:\/\/shop.bantam.ch\/wp-content\/uploads\/2024\/09\/Movera-L-9949266100.jpg","contentUrl":"https:\/\/shop.bantam.ch\/wp-content\/uploads\/2024\/09\/Movera-L-9949266100.jpg","width":640,"height":321},{"@type":"BreadcrumbList","@id":"https:\/\/shop.bantam.ch\/de\/produkt\/heckfahrradtraeger-atera-genio-pro-black-edition-2-raeder-traglast-60-kg-farbe-schwarz\/#breadcrumb","itemListElement":[{"@type":"ListItem","position":1,"name":"Accueil","item":"https:\/\/shop.bantam.ch\/de\/"},{"@type":"ListItem","position":2,"name":"Shop","item":"https:\/\/shop.bantam.ch\/de\/shop\/"},{"@type":"ListItem","position":3,"name":"Heckfahrradtr\u00e4ger Atera Genio Pro Black Edition 2 R\u00e4der, Traglast 60 kg Farbe schwarz"}]},{"@type":"WebSite","@id":"https:\/\/shop.bantam.ch\/de\/#website","url":"https:\/\/shop.bantam.ch\/de\/","name":"Bantam","description":"","publisher":{"@id":"https:\/\/shop.bantam.ch\/de\/#organization"},"inLanguage":"de"},{"@type":"Organization","@id":"https:\/\/shop.bantam.ch\/de\/#organization","name":"Bantam","url":"https:\/\/shop.bantam.ch\/de\/","logo":{"@type":"ImageObject","inLanguage":"de","@id":"https:\/\/shop.bantam.ch\/de\/#\/schema\/logo\/image\/","url":"https:\/\/shop.bantam.ch\/wp-content\/uploads\/2022\/12\/bantam-logo.png","contentUrl":"https:\/\/shop.bantam.ch\/wp-content\/uploads\/2022\/12\/bantam-logo.png","width":320,"height":71,"caption":"Bantam"},"image":{"@id":"https:\/\/shop.bantam.ch\/de\/#\/schema\/logo\/image\/"}}]}},"_links":{"self":[{"href":"https:\/\/shop.bantam.ch\/de\/wp-json\/wp\/v2\/product\/195395","targetHints":{"allow":["GET"]}}],"collection":[{"href":"https:\/\/shop.bantam.ch\/de\/wp-json\/wp\/v2\/product"}],"about":[{"href":"https:\/\/shop.bantam.ch\/de\/wp-json\/wp\/v2\/types\/product"}],"wp:featuredmedia":[{"embeddable":true,"href":"https:\/\/shop.bantam.ch\/de\/wp-json\/wp\/v2\/media\/206617"}],"wp:attachment":[{"href":"https:\/\/shop.bantam.ch\/de\/wp-json\/wp\/v2\/media?parent=195395"}],"wp:term":[{"taxonomy":"product_featured_cat","embeddable":true,"href":"https:\/\/shop.bantam.ch\/de\/wp-json\/wp\/v2\/product_featured_cat?post=195395"},{"taxonomy":"product_brand","embeddable":true,"href":"https:\/\/shop.bantam.ch\/de\/wp-json\/wp\/v2\/product_brand?post=195395"},{"taxonomy":"product_cat","embeddable":true,"href":"https:\/\/shop.bantam.ch\/de\/wp-json\/wp\/v2\/product_cat?post=195395"},{"taxonomy":"product_tag","embeddable":true,"href":"https:\/\/shop.bantam.ch\/de\/wp-json\/wp\/v2\/product_tag?post=195395"}],"curies":[{"name":"wp","href":"https:\/\/api.w.org\/{rel}","templated":true}]}}