{"id":165553,"date":"2023-03-29T12:10:24","date_gmt":"2023-03-29T10:10:24","guid":{"rendered":"https:\/\/shop.bantam.ch\/produit\/zusatzluftfeder-fuer-fiat-ducato-x250\/"},"modified":"2026-05-02T00:08:01","modified_gmt":"2026-05-01T22:08:01","slug":"zusatzluftfeder-fuer-fiat-ducato-x250","status":"publish","type":"product","link":"https:\/\/shop.bantam.ch\/de\/produkt\/zusatzluftfeder-fuer-fiat-ducato-x250\/","title":{"rendered":"Zusatzluftfeder f\u00fcr Fiat Ducato X250"},"content":{"rendered":"<p>Zusatzfedern von Goldschmitt werden zwischen Fahrzeugrahmen und Achse montiert und verst\u00e4rken und erg\u00e4nzen die serienm\u00e4\u00dfige Stahlfeder und bringen so wieder viel Komfort und mehr Fahrsicherheit ins Fahrwerk. Die hochwertigen Luftb\u00e4lge gleichen Beladungsdifferenzen aus, verbessern die Fahreigenschaften und sorgen, wenn notwendig,f\u00fcr eine Anhebung des Fahrzeughecks. Die Traglast betr\u00e4gt je nach Ausf\u00fchrung und Balgtyp bis zu 2.500 kg. Sollte die serienm\u00e4\u00dfige Zuladung nicht ausreichen, ist f\u00fcr viele g\u00e4ngige Transportermodelle eine Nutzlasterh\u00f6hung m\u00f6glich. Die hohe Qualit\u00e4t und die langj\u00e4hrige Erfahrung garantieren \u00fcberlegenes Fahrverhalten und deutlich mehr Sicherheit &#8211; auch und vor allem f\u00fcr Reisemobile im Nutzlast-Grenzbereich.<\/p>\n<p>F\u00fcr Fahrzeuge mit hoher Hinterachslast sind die serienm\u00e4\u00dfigen Stahlfedern oft \u00fcberfordert &#8211; das Fahrzeug sinkt auf Dauer ein. Die Zusatzfedern heben das Heck an und sorgen f\u00fcr ausreichend Federweg und flexible Anpassung der Federeigenschaften.<\/p>\n","protected":false},"excerpt":{"rendered":"<p>Zusatzfedern von Goldschmitt werden zwischen Fahrzeugrahmen und Achse montiert und verst\u00e4rken und erg\u00e4nzen die serienm\u00e4\u00dfige Stahlfeder und bringen so wieder viel Komfort und mehr Fahrsicherheit ins Fahrwerk. Die hochwertigen Luftb\u00e4lge gleichen Beladungsdifferenzen aus, verbessern die Fahreigenschaften und sorgen, wenn notwendig,f\u00fcr eine Anhebung des Fahrzeughecks. Die Traglast betr\u00e4gt je nach Ausf\u00fchrung und Balgtyp bis zu 2.500 [&hellip;]<\/p>\n","protected":false},"featured_media":165537,"template":"","meta":{"_acf_changed":false},"product_featured_cat":[],"product_brand":[3271],"product_cat":[4808],"product_tag":[],"class_list":{"0":"post-165553","1":"product","2":"type-product","3":"status-publish","4":"has-post-thumbnail","6":"product_brand-goldschmitt-de","7":"product_cat-luftfederungen","9":"first","10":"instock","11":"taxable","12":"shipping-taxable","13":"purchasable","14":"product-type-variable"},"acf":[],"yoast_head":"<!-- This site is optimized with the Yoast SEO plugin v27.5 - https:\/\/yoast.com\/product\/yoast-seo-wordpress\/ -->\n<title>Zusatzluftfeder f\u00fcr Fiat Ducato X250 - Bantam<\/title>\n<meta name=\"robots\" content=\"index, follow, max-snippet:-1, max-image-preview:large, max-video-preview:-1\" \/>\n<link rel=\"canonical\" href=\"https:\/\/shop.bantam.ch\/de\/produkt\/zusatzluftfeder-fuer-fiat-ducato-x250\/\" \/>\n<meta property=\"og:locale\" content=\"de_DE\" \/>\n<meta property=\"og:type\" content=\"article\" \/>\n<meta property=\"og:title\" content=\"Zusatzluftfeder f\u00fcr Fiat Ducato X250 - Bantam\" \/>\n<meta property=\"og:description\" content=\"Zusatzfedern von Goldschmitt werden zwischen Fahrzeugrahmen und Achse montiert und verst\u00e4rken und erg\u00e4nzen die serienm\u00e4\u00dfige Stahlfeder und bringen so wieder viel Komfort und mehr Fahrsicherheit ins Fahrwerk. Die hochwertigen Luftb\u00e4lge gleichen Beladungsdifferenzen aus, verbessern die Fahreigenschaften und sorgen, wenn notwendig,f\u00fcr eine Anhebung des Fahrzeughecks. Die Traglast betr\u00e4gt je nach Ausf\u00fchrung und Balgtyp bis zu 2.500 [&hellip;]\" \/>\n<meta property=\"og:url\" content=\"https:\/\/shop.bantam.ch\/de\/produkt\/zusatzluftfeder-fuer-fiat-ducato-x250\/\" \/>\n<meta property=\"og:site_name\" content=\"Bantam\" \/>\n<meta property=\"article:modified_time\" content=\"2026-05-01T22:08:01+00:00\" \/>\n<meta property=\"og:image\" content=\"https:\/\/shop.bantam.ch\/wp-content\/uploads\/2023\/03\/9919774-Zusatzluftfeder_fuer_Fiat_Ducat_X250_mit_6_Doppelfaltenbelaege_2-Kreis_Anlage_ab_Baujahr_2006-Standard-01.jpg\" \/>\n\t<meta property=\"og:image:width\" content=\"1000\" \/>\n\t<meta property=\"og:image:height\" content=\"520\" \/>\n\t<meta property=\"og:image:type\" content=\"image\/jpeg\" \/>\n<meta name=\"twitter:card\" content=\"summary_large_image\" \/>\n<meta name=\"twitter:label1\" content=\"Gesch\u00e4tzte Lesezeit\" \/>\n\t<meta name=\"twitter:data1\" content=\"1\u00a0Minute\" \/>\n<script type=\"application\/ld+json\" class=\"yoast-schema-graph\">{\"@context\":\"https:\\\/\\\/schema.org\",\"@graph\":[{\"@type\":\"WebPage\",\"@id\":\"https:\\\/\\\/shop.bantam.ch\\\/de\\\/produkt\\\/zusatzluftfeder-fuer-fiat-ducato-x250\\\/\",\"url\":\"https:\\\/\\\/shop.bantam.ch\\\/de\\\/produkt\\\/zusatzluftfeder-fuer-fiat-ducato-x250\\\/\",\"name\":\"Zusatzluftfeder f\u00fcr Fiat Ducato X250 - Bantam\",\"isPartOf\":{\"@id\":\"https:\\\/\\\/shop.bantam.ch\\\/de\\\/#website\"},\"primaryImageOfPage\":{\"@id\":\"https:\\\/\\\/shop.bantam.ch\\\/de\\\/produkt\\\/zusatzluftfeder-fuer-fiat-ducato-x250\\\/#primaryimage\"},\"image\":{\"@id\":\"https:\\\/\\\/shop.bantam.ch\\\/de\\\/produkt\\\/zusatzluftfeder-fuer-fiat-ducato-x250\\\/#primaryimage\"},\"thumbnailUrl\":\"https:\\\/\\\/shop.bantam.ch\\\/wp-content\\\/uploads\\\/2023\\\/03\\\/9919774-Zusatzluftfeder_fuer_Fiat_Ducat_X250_mit_6_Doppelfaltenbelaege_2-Kreis_Anlage_ab_Baujahr_2006-Standard-01.jpg\",\"datePublished\":\"2023-03-29T10:10:24+00:00\",\"dateModified\":\"2026-05-01T22:08:01+00:00\",\"breadcrumb\":{\"@id\":\"https:\\\/\\\/shop.bantam.ch\\\/de\\\/produkt\\\/zusatzluftfeder-fuer-fiat-ducato-x250\\\/#breadcrumb\"},\"inLanguage\":\"de\",\"potentialAction\":[{\"@type\":\"ReadAction\",\"target\":[\"https:\\\/\\\/shop.bantam.ch\\\/de\\\/produkt\\\/zusatzluftfeder-fuer-fiat-ducato-x250\\\/\"]}]},{\"@type\":\"ImageObject\",\"inLanguage\":\"de\",\"@id\":\"https:\\\/\\\/shop.bantam.ch\\\/de\\\/produkt\\\/zusatzluftfeder-fuer-fiat-ducato-x250\\\/#primaryimage\",\"url\":\"https:\\\/\\\/shop.bantam.ch\\\/wp-content\\\/uploads\\\/2023\\\/03\\\/9919774-Zusatzluftfeder_fuer_Fiat_Ducat_X250_mit_6_Doppelfaltenbelaege_2-Kreis_Anlage_ab_Baujahr_2006-Standard-01.jpg\",\"contentUrl\":\"https:\\\/\\\/shop.bantam.ch\\\/wp-content\\\/uploads\\\/2023\\\/03\\\/9919774-Zusatzluftfeder_fuer_Fiat_Ducat_X250_mit_6_Doppelfaltenbelaege_2-Kreis_Anlage_ab_Baujahr_2006-Standard-01.jpg\",\"width\":1000,\"height\":520},{\"@type\":\"BreadcrumbList\",\"@id\":\"https:\\\/\\\/shop.bantam.ch\\\/de\\\/produkt\\\/zusatzluftfeder-fuer-fiat-ducato-x250\\\/#breadcrumb\",\"itemListElement\":[{\"@type\":\"ListItem\",\"position\":1,\"name\":\"Accueil\",\"item\":\"https:\\\/\\\/shop.bantam.ch\\\/de\\\/\"},{\"@type\":\"ListItem\",\"position\":2,\"name\":\"Shop\",\"item\":\"https:\\\/\\\/shop.bantam.ch\\\/de\\\/shop\\\/\"},{\"@type\":\"ListItem\",\"position\":3,\"name\":\"Zusatzluftfeder f\u00fcr Fiat Ducato X250\"}]},{\"@type\":\"WebSite\",\"@id\":\"https:\\\/\\\/shop.bantam.ch\\\/de\\\/#website\",\"url\":\"https:\\\/\\\/shop.bantam.ch\\\/de\\\/\",\"name\":\"Bantam\",\"description\":\"\",\"publisher\":{\"@id\":\"https:\\\/\\\/shop.bantam.ch\\\/de\\\/#organization\"},\"inLanguage\":\"de\"},{\"@type\":\"Organization\",\"@id\":\"https:\\\/\\\/shop.bantam.ch\\\/de\\\/#organization\",\"name\":\"Bantam\",\"url\":\"https:\\\/\\\/shop.bantam.ch\\\/de\\\/\",\"logo\":{\"@type\":\"ImageObject\",\"inLanguage\":\"de\",\"@id\":\"https:\\\/\\\/shop.bantam.ch\\\/de\\\/#\\\/schema\\\/logo\\\/image\\\/\",\"url\":\"https:\\\/\\\/shop.bantam.ch\\\/wp-content\\\/uploads\\\/2022\\\/12\\\/bantam-logo.png\",\"contentUrl\":\"https:\\\/\\\/shop.bantam.ch\\\/wp-content\\\/uploads\\\/2022\\\/12\\\/bantam-logo.png\",\"width\":320,\"height\":71,\"caption\":\"Bantam\"},\"image\":{\"@id\":\"https:\\\/\\\/shop.bantam.ch\\\/de\\\/#\\\/schema\\\/logo\\\/image\\\/\"}}]}<\/script>\n<!-- \/ Yoast SEO plugin. -->","yoast_head_json":{"title":"Zusatzluftfeder f\u00fcr Fiat Ducato X250 - Bantam","robots":{"index":"index","follow":"follow","max-snippet":"max-snippet:-1","max-image-preview":"max-image-preview:large","max-video-preview":"max-video-preview:-1"},"canonical":"https:\/\/shop.bantam.ch\/de\/produkt\/zusatzluftfeder-fuer-fiat-ducato-x250\/","og_locale":"de_DE","og_type":"article","og_title":"Zusatzluftfeder f\u00fcr Fiat Ducato X250 - Bantam","og_description":"Zusatzfedern von Goldschmitt werden zwischen Fahrzeugrahmen und Achse montiert und verst\u00e4rken und erg\u00e4nzen die serienm\u00e4\u00dfige Stahlfeder und bringen so wieder viel Komfort und mehr Fahrsicherheit ins Fahrwerk. Die hochwertigen Luftb\u00e4lge gleichen Beladungsdifferenzen aus, verbessern die Fahreigenschaften und sorgen, wenn notwendig,f\u00fcr eine Anhebung des Fahrzeughecks. Die Traglast betr\u00e4gt je nach Ausf\u00fchrung und Balgtyp bis zu 2.500 [&hellip;]","og_url":"https:\/\/shop.bantam.ch\/de\/produkt\/zusatzluftfeder-fuer-fiat-ducato-x250\/","og_site_name":"Bantam","article_modified_time":"2026-05-01T22:08:01+00:00","og_image":[{"width":1000,"height":520,"url":"https:\/\/shop.bantam.ch\/wp-content\/uploads\/2023\/03\/9919774-Zusatzluftfeder_fuer_Fiat_Ducat_X250_mit_6_Doppelfaltenbelaege_2-Kreis_Anlage_ab_Baujahr_2006-Standard-01.jpg","type":"image\/jpeg"}],"twitter_card":"summary_large_image","twitter_misc":{"Gesch\u00e4tzte Lesezeit":"1\u00a0Minute"},"schema":{"@context":"https:\/\/schema.org","@graph":[{"@type":"WebPage","@id":"https:\/\/shop.bantam.ch\/de\/produkt\/zusatzluftfeder-fuer-fiat-ducato-x250\/","url":"https:\/\/shop.bantam.ch\/de\/produkt\/zusatzluftfeder-fuer-fiat-ducato-x250\/","name":"Zusatzluftfeder f\u00fcr Fiat Ducato X250 - Bantam","isPartOf":{"@id":"https:\/\/shop.bantam.ch\/de\/#website"},"primaryImageOfPage":{"@id":"https:\/\/shop.bantam.ch\/de\/produkt\/zusatzluftfeder-fuer-fiat-ducato-x250\/#primaryimage"},"image":{"@id":"https:\/\/shop.bantam.ch\/de\/produkt\/zusatzluftfeder-fuer-fiat-ducato-x250\/#primaryimage"},"thumbnailUrl":"https:\/\/shop.bantam.ch\/wp-content\/uploads\/2023\/03\/9919774-Zusatzluftfeder_fuer_Fiat_Ducat_X250_mit_6_Doppelfaltenbelaege_2-Kreis_Anlage_ab_Baujahr_2006-Standard-01.jpg","datePublished":"2023-03-29T10:10:24+00:00","dateModified":"2026-05-01T22:08:01+00:00","breadcrumb":{"@id":"https:\/\/shop.bantam.ch\/de\/produkt\/zusatzluftfeder-fuer-fiat-ducato-x250\/#breadcrumb"},"inLanguage":"de","potentialAction":[{"@type":"ReadAction","target":["https:\/\/shop.bantam.ch\/de\/produkt\/zusatzluftfeder-fuer-fiat-ducato-x250\/"]}]},{"@type":"ImageObject","inLanguage":"de","@id":"https:\/\/shop.bantam.ch\/de\/produkt\/zusatzluftfeder-fuer-fiat-ducato-x250\/#primaryimage","url":"https:\/\/shop.bantam.ch\/wp-content\/uploads\/2023\/03\/9919774-Zusatzluftfeder_fuer_Fiat_Ducat_X250_mit_6_Doppelfaltenbelaege_2-Kreis_Anlage_ab_Baujahr_2006-Standard-01.jpg","contentUrl":"https:\/\/shop.bantam.ch\/wp-content\/uploads\/2023\/03\/9919774-Zusatzluftfeder_fuer_Fiat_Ducat_X250_mit_6_Doppelfaltenbelaege_2-Kreis_Anlage_ab_Baujahr_2006-Standard-01.jpg","width":1000,"height":520},{"@type":"BreadcrumbList","@id":"https:\/\/shop.bantam.ch\/de\/produkt\/zusatzluftfeder-fuer-fiat-ducato-x250\/#breadcrumb","itemListElement":[{"@type":"ListItem","position":1,"name":"Accueil","item":"https:\/\/shop.bantam.ch\/de\/"},{"@type":"ListItem","position":2,"name":"Shop","item":"https:\/\/shop.bantam.ch\/de\/shop\/"},{"@type":"ListItem","position":3,"name":"Zusatzluftfeder f\u00fcr Fiat Ducato X250"}]},{"@type":"WebSite","@id":"https:\/\/shop.bantam.ch\/de\/#website","url":"https:\/\/shop.bantam.ch\/de\/","name":"Bantam","description":"","publisher":{"@id":"https:\/\/shop.bantam.ch\/de\/#organization"},"inLanguage":"de"},{"@type":"Organization","@id":"https:\/\/shop.bantam.ch\/de\/#organization","name":"Bantam","url":"https:\/\/shop.bantam.ch\/de\/","logo":{"@type":"ImageObject","inLanguage":"de","@id":"https:\/\/shop.bantam.ch\/de\/#\/schema\/logo\/image\/","url":"https:\/\/shop.bantam.ch\/wp-content\/uploads\/2022\/12\/bantam-logo.png","contentUrl":"https:\/\/shop.bantam.ch\/wp-content\/uploads\/2022\/12\/bantam-logo.png","width":320,"height":71,"caption":"Bantam"},"image":{"@id":"https:\/\/shop.bantam.ch\/de\/#\/schema\/logo\/image\/"}}]}},"_links":{"self":[{"href":"https:\/\/shop.bantam.ch\/de\/wp-json\/wp\/v2\/product\/165553","targetHints":{"allow":["GET"]}}],"collection":[{"href":"https:\/\/shop.bantam.ch\/de\/wp-json\/wp\/v2\/product"}],"about":[{"href":"https:\/\/shop.bantam.ch\/de\/wp-json\/wp\/v2\/types\/product"}],"wp:featuredmedia":[{"embeddable":true,"href":"https:\/\/shop.bantam.ch\/de\/wp-json\/wp\/v2\/media\/165537"}],"wp:attachment":[{"href":"https:\/\/shop.bantam.ch\/de\/wp-json\/wp\/v2\/media?parent=165553"}],"wp:term":[{"taxonomy":"product_featured_cat","embeddable":true,"href":"https:\/\/shop.bantam.ch\/de\/wp-json\/wp\/v2\/product_featured_cat?post=165553"},{"taxonomy":"product_brand","embeddable":true,"href":"https:\/\/shop.bantam.ch\/de\/wp-json\/wp\/v2\/product_brand?post=165553"},{"taxonomy":"product_cat","embeddable":true,"href":"https:\/\/shop.bantam.ch\/de\/wp-json\/wp\/v2\/product_cat?post=165553"},{"taxonomy":"product_tag","embeddable":true,"href":"https:\/\/shop.bantam.ch\/de\/wp-json\/wp\/v2\/product_tag?post=165553"}],"curies":[{"name":"wp","href":"https:\/\/api.w.org\/{rel}","templated":true}]}}