{"id":121533,"date":"2023-02-28T23:43:44","date_gmt":"2023-02-28T22:43:44","guid":{"rendered":"https:\/\/shop.bantam.ch\/produit\/heckfahrradtraeger-strada-trail-2\/"},"modified":"2026-05-02T21:47:43","modified_gmt":"2026-05-02T19:47:43","slug":"heckfahrradtraeger-strada-trail-2","status":"publish","type":"product","link":"https:\/\/shop.bantam.ch\/de\/produkt\/heckfahrradtraeger-strada-trail-2\/","title":{"rendered":"Heckfahrradtr\u00e4ger Atera Strada Trail 2 2 R\u00e4der, Traglast 60 kg"},"content":{"rendered":"<p>Der neue Strada Trail 2, das perfekte Zusammenspiel von Fahrzeug, Tr\u00e4ger und Bike. Wenn Sie die Lust packt, ist alles bereit.<\/p>\n<p>\u00a0Spursicher &#8211; montageleicht &#8211; erweiterbar. Und zum unverwechselbaren Auftritt tr\u00e4gt der schwarze hochresistente Halteb\u00fcgel bei. Jetzt wird Ihr Leben nicht nur spontaner \u2013 sondern auch die Anreise wird bequemer und sicherer. Denn mit dem Strada Trail 2 setzen Sie bei Ihrem n\u00e4chsten Bike Abenteuer auf einen Fahrradhecktr\u00e4ger in Premium Qualit\u00e4t.<\/p>\n<p>\u00a0Die Benutzerfreundlichkeit und Sicherheit ist in allen Details zu sp\u00fcren. Die hohe Zuladungsm\u00f6glichkeit macht ihn flexibel. Ist der Tr\u00e4ger voll beladen, sichert der Abklappmechanismus den schnellen Zugang zum Kofferraum. Neben seiner hohen Materialg\u00fcte und robusten Stahl-Aluminiumkonstruktion besitzt der Strada Trail 2 ein geringes Eigengewicht.<\/p>\n<p>\u00a0Atera legt gro\u00dfen Wert auf eine langlebige Qualit\u00e4t und nachhaltige Produktion seiner Tr\u00e4ger. Die schwarzen recyclebaren Kunststoffteile kombiniert mit formsch\u00f6nen matt-eloxierten Aluminiumradschienen und gro\u00dffl\u00e4chigen R\u00fcckleuchten in Klarglasoptik verdeutlichen die automotive Design Ausrichtung.<\/p>\n<p><strong>\u00a0Plug-in &amp; drive Schnellverschluss<\/strong><\/p>\n<p>Einfaches Aufsetzen und Justieren auf der Anh\u00e4ngerkupplung. Der kraftvolle Spannhebel zentriert die richtige Position und sorgt f\u00fcr sp\u00fcrbar sicheren Halt.<\/p>\n<p><strong>Montageleicht erweiterbar<\/strong><\/p>\n<p>Der Radtour zu dritt steht nichts im Wege. Die zus\u00e4tzliche Radschiene l\u00e4sst sich schnell und werkzeuglos aufstecken und sichern.<\/p>\n<p><strong>Tr\u00e4gt alles<\/strong><\/p>\n<p>Perfekter Tr\u00e4ger f\u00fcr Fahrr\u00e4der jeder Art \u2013 vom Kinderrad bis zum gewichtigen 29 Zoll E-Bike mit gro\u00dfem Radstand und breiten Kurbeln.<\/p>\n<p>\u00a0<strong>Wheel &amp; Frame Protection<\/strong><\/p>\n<p>Optimierte Radschalen f\u00fcr Reifenquerschnitte bis 4 Zoll. Sie sind flexibel verschiebbar und geben sicheren Halt gegen die enormen Seitenkr\u00e4fte in Kurven. Gummigepolsterte Greifarme halten und sch\u00fctzen den Rahmen.<\/p>\n<p>\u00a0<\/p>\n<ul>\n<li>Frame + Wheel Protection: ja<\/li>\n<li>Greifarme frei positionierbar: ja<\/li>\n<li>Radschalen frei positionierbar: ja<\/li>\n<li>Mechanismus: Klapptechnik<\/li>\n<li>Rahmendurchmesser mm: 25-80<\/li>\n<li>Traglast pro Schiene kg: 30 kg<\/li>\n<li>Abstand Radschienen cm: 23<\/li>\n<\/ul>\n","protected":false},"excerpt":{"rendered":"<p>Der neue Strada Trail 2, das perfekte Zusammenspiel von Fahrzeug, Tr\u00e4ger und Bike. Wenn Sie die Lust packt, ist alles bereit. \u00a0Spursicher &#8211; montageleicht &#8211; erweiterbar. Und zum unverwechselbaren Auftritt tr\u00e4gt der schwarze hochresistente Halteb\u00fcgel bei. Jetzt wird Ihr Leben nicht nur spontaner \u2013 sondern auch die Anreise wird bequemer und sicherer. Denn mit dem [&hellip;]<\/p>\n","protected":false},"featured_media":121529,"template":"","meta":{"_acf_changed":false},"product_featured_cat":[],"product_brand":[3345],"product_cat":[4694],"product_tag":[],"class_list":{"0":"post-121533","1":"product","2":"type-product","3":"status-publish","4":"has-post-thumbnail","6":"product_brand-atera-de","7":"product_cat-kupplungs-fahrradtraeger","9":"first","10":"instock","11":"taxable","12":"shipping-taxable","13":"purchasable","14":"product-type-simple"},"acf":[],"yoast_head":"<!-- This site is optimized with the Yoast SEO plugin v27.5 - https:\/\/yoast.com\/product\/yoast-seo-wordpress\/ -->\n<title>Heckfahrradtr\u00e4ger Atera Strada Trail 2 2 R\u00e4der, Traglast 60 kg - Bantam<\/title>\n<meta name=\"robots\" content=\"index, follow, max-snippet:-1, max-image-preview:large, max-video-preview:-1\" \/>\n<link rel=\"canonical\" href=\"https:\/\/shop.bantam.ch\/de\/produkt\/heckfahrradtraeger-strada-trail-2\/\" \/>\n<meta property=\"og:locale\" content=\"de_DE\" \/>\n<meta property=\"og:type\" content=\"article\" \/>\n<meta property=\"og:title\" content=\"Heckfahrradtr\u00e4ger Atera Strada Trail 2 2 R\u00e4der, Traglast 60 kg - Bantam\" \/>\n<meta property=\"og:description\" content=\"Der neue Strada Trail 2, das perfekte Zusammenspiel von Fahrzeug, Tr\u00e4ger und Bike. Wenn Sie die Lust packt, ist alles bereit. \u00a0Spursicher &#8211; montageleicht &#8211; erweiterbar. Und zum unverwechselbaren Auftritt tr\u00e4gt der schwarze hochresistente Halteb\u00fcgel bei. Jetzt wird Ihr Leben nicht nur spontaner \u2013 sondern auch die Anreise wird bequemer und sicherer. Denn mit dem [&hellip;]\" \/>\n<meta property=\"og:url\" content=\"https:\/\/shop.bantam.ch\/de\/produkt\/heckfahrradtraeger-strada-trail-2\/\" \/>\n<meta property=\"og:site_name\" content=\"Bantam\" \/>\n<meta property=\"article:modified_time\" content=\"2026-05-02T19:47:43+00:00\" \/>\n<meta property=\"og:image\" content=\"https:\/\/shop.bantam.ch\/wp-content\/uploads\/2023\/02\/994462411-scaled.jpg\" \/>\n\t<meta property=\"og:image:width\" content=\"10000\" \/>\n\t<meta property=\"og:image:height\" content=\"5624\" \/>\n\t<meta property=\"og:image:type\" content=\"image\/jpeg\" \/>\n<meta name=\"twitter:card\" content=\"summary_large_image\" \/>\n<meta name=\"twitter:label1\" content=\"Gesch\u00e4tzte Lesezeit\" \/>\n\t<meta name=\"twitter:data1\" content=\"1\u00a0Minute\" \/>\n<script type=\"application\/ld+json\" class=\"yoast-schema-graph\">{\"@context\":\"https:\\\/\\\/schema.org\",\"@graph\":[{\"@type\":\"WebPage\",\"@id\":\"https:\\\/\\\/shop.bantam.ch\\\/de\\\/produkt\\\/heckfahrradtraeger-strada-trail-2\\\/\",\"url\":\"https:\\\/\\\/shop.bantam.ch\\\/de\\\/produkt\\\/heckfahrradtraeger-strada-trail-2\\\/\",\"name\":\"Heckfahrradtr\u00e4ger Atera Strada Trail 2 2 R\u00e4der, Traglast 60 kg - Bantam\",\"isPartOf\":{\"@id\":\"https:\\\/\\\/shop.bantam.ch\\\/de\\\/#website\"},\"primaryImageOfPage\":{\"@id\":\"https:\\\/\\\/shop.bantam.ch\\\/de\\\/produkt\\\/heckfahrradtraeger-strada-trail-2\\\/#primaryimage\"},\"image\":{\"@id\":\"https:\\\/\\\/shop.bantam.ch\\\/de\\\/produkt\\\/heckfahrradtraeger-strada-trail-2\\\/#primaryimage\"},\"thumbnailUrl\":\"https:\\\/\\\/shop.bantam.ch\\\/wp-content\\\/uploads\\\/2023\\\/02\\\/994462411-scaled.jpg\",\"datePublished\":\"2023-02-28T22:43:44+00:00\",\"dateModified\":\"2026-05-02T19:47:43+00:00\",\"breadcrumb\":{\"@id\":\"https:\\\/\\\/shop.bantam.ch\\\/de\\\/produkt\\\/heckfahrradtraeger-strada-trail-2\\\/#breadcrumb\"},\"inLanguage\":\"de\",\"potentialAction\":[{\"@type\":\"ReadAction\",\"target\":[\"https:\\\/\\\/shop.bantam.ch\\\/de\\\/produkt\\\/heckfahrradtraeger-strada-trail-2\\\/\"]}]},{\"@type\":\"ImageObject\",\"inLanguage\":\"de\",\"@id\":\"https:\\\/\\\/shop.bantam.ch\\\/de\\\/produkt\\\/heckfahrradtraeger-strada-trail-2\\\/#primaryimage\",\"url\":\"https:\\\/\\\/shop.bantam.ch\\\/wp-content\\\/uploads\\\/2023\\\/02\\\/994462411-scaled.jpg\",\"contentUrl\":\"https:\\\/\\\/shop.bantam.ch\\\/wp-content\\\/uploads\\\/2023\\\/02\\\/994462411-scaled.jpg\",\"width\":2048,\"height\":1152},{\"@type\":\"BreadcrumbList\",\"@id\":\"https:\\\/\\\/shop.bantam.ch\\\/de\\\/produkt\\\/heckfahrradtraeger-strada-trail-2\\\/#breadcrumb\",\"itemListElement\":[{\"@type\":\"ListItem\",\"position\":1,\"name\":\"Accueil\",\"item\":\"https:\\\/\\\/shop.bantam.ch\\\/de\\\/\"},{\"@type\":\"ListItem\",\"position\":2,\"name\":\"Shop\",\"item\":\"https:\\\/\\\/shop.bantam.ch\\\/de\\\/shop\\\/\"},{\"@type\":\"ListItem\",\"position\":3,\"name\":\"Heckfahrradtr\u00e4ger Atera Strada Trail 2 2 R\u00e4der, Traglast 60 kg\"}]},{\"@type\":\"WebSite\",\"@id\":\"https:\\\/\\\/shop.bantam.ch\\\/de\\\/#website\",\"url\":\"https:\\\/\\\/shop.bantam.ch\\\/de\\\/\",\"name\":\"Bantam\",\"description\":\"\",\"publisher\":{\"@id\":\"https:\\\/\\\/shop.bantam.ch\\\/de\\\/#organization\"},\"inLanguage\":\"de\"},{\"@type\":\"Organization\",\"@id\":\"https:\\\/\\\/shop.bantam.ch\\\/de\\\/#organization\",\"name\":\"Bantam\",\"url\":\"https:\\\/\\\/shop.bantam.ch\\\/de\\\/\",\"logo\":{\"@type\":\"ImageObject\",\"inLanguage\":\"de\",\"@id\":\"https:\\\/\\\/shop.bantam.ch\\\/de\\\/#\\\/schema\\\/logo\\\/image\\\/\",\"url\":\"https:\\\/\\\/shop.bantam.ch\\\/wp-content\\\/uploads\\\/2022\\\/12\\\/bantam-logo.png\",\"contentUrl\":\"https:\\\/\\\/shop.bantam.ch\\\/wp-content\\\/uploads\\\/2022\\\/12\\\/bantam-logo.png\",\"width\":320,\"height\":71,\"caption\":\"Bantam\"},\"image\":{\"@id\":\"https:\\\/\\\/shop.bantam.ch\\\/de\\\/#\\\/schema\\\/logo\\\/image\\\/\"}}]}<\/script>\n<!-- \/ Yoast SEO plugin. -->","yoast_head_json":{"title":"Heckfahrradtr\u00e4ger Atera Strada Trail 2 2 R\u00e4der, Traglast 60 kg - Bantam","robots":{"index":"index","follow":"follow","max-snippet":"max-snippet:-1","max-image-preview":"max-image-preview:large","max-video-preview":"max-video-preview:-1"},"canonical":"https:\/\/shop.bantam.ch\/de\/produkt\/heckfahrradtraeger-strada-trail-2\/","og_locale":"de_DE","og_type":"article","og_title":"Heckfahrradtr\u00e4ger Atera Strada Trail 2 2 R\u00e4der, Traglast 60 kg - Bantam","og_description":"Der neue Strada Trail 2, das perfekte Zusammenspiel von Fahrzeug, Tr\u00e4ger und Bike. Wenn Sie die Lust packt, ist alles bereit. \u00a0Spursicher &#8211; montageleicht &#8211; erweiterbar. Und zum unverwechselbaren Auftritt tr\u00e4gt der schwarze hochresistente Halteb\u00fcgel bei. Jetzt wird Ihr Leben nicht nur spontaner \u2013 sondern auch die Anreise wird bequemer und sicherer. Denn mit dem [&hellip;]","og_url":"https:\/\/shop.bantam.ch\/de\/produkt\/heckfahrradtraeger-strada-trail-2\/","og_site_name":"Bantam","article_modified_time":"2026-05-02T19:47:43+00:00","og_image":[{"width":10000,"height":5624,"url":"https:\/\/shop.bantam.ch\/wp-content\/uploads\/2023\/02\/994462411-scaled.jpg","type":"image\/jpeg"}],"twitter_card":"summary_large_image","twitter_misc":{"Gesch\u00e4tzte Lesezeit":"1\u00a0Minute"},"schema":{"@context":"https:\/\/schema.org","@graph":[{"@type":"WebPage","@id":"https:\/\/shop.bantam.ch\/de\/produkt\/heckfahrradtraeger-strada-trail-2\/","url":"https:\/\/shop.bantam.ch\/de\/produkt\/heckfahrradtraeger-strada-trail-2\/","name":"Heckfahrradtr\u00e4ger Atera Strada Trail 2 2 R\u00e4der, Traglast 60 kg - Bantam","isPartOf":{"@id":"https:\/\/shop.bantam.ch\/de\/#website"},"primaryImageOfPage":{"@id":"https:\/\/shop.bantam.ch\/de\/produkt\/heckfahrradtraeger-strada-trail-2\/#primaryimage"},"image":{"@id":"https:\/\/shop.bantam.ch\/de\/produkt\/heckfahrradtraeger-strada-trail-2\/#primaryimage"},"thumbnailUrl":"https:\/\/shop.bantam.ch\/wp-content\/uploads\/2023\/02\/994462411-scaled.jpg","datePublished":"2023-02-28T22:43:44+00:00","dateModified":"2026-05-02T19:47:43+00:00","breadcrumb":{"@id":"https:\/\/shop.bantam.ch\/de\/produkt\/heckfahrradtraeger-strada-trail-2\/#breadcrumb"},"inLanguage":"de","potentialAction":[{"@type":"ReadAction","target":["https:\/\/shop.bantam.ch\/de\/produkt\/heckfahrradtraeger-strada-trail-2\/"]}]},{"@type":"ImageObject","inLanguage":"de","@id":"https:\/\/shop.bantam.ch\/de\/produkt\/heckfahrradtraeger-strada-trail-2\/#primaryimage","url":"https:\/\/shop.bantam.ch\/wp-content\/uploads\/2023\/02\/994462411-scaled.jpg","contentUrl":"https:\/\/shop.bantam.ch\/wp-content\/uploads\/2023\/02\/994462411-scaled.jpg","width":2048,"height":1152},{"@type":"BreadcrumbList","@id":"https:\/\/shop.bantam.ch\/de\/produkt\/heckfahrradtraeger-strada-trail-2\/#breadcrumb","itemListElement":[{"@type":"ListItem","position":1,"name":"Accueil","item":"https:\/\/shop.bantam.ch\/de\/"},{"@type":"ListItem","position":2,"name":"Shop","item":"https:\/\/shop.bantam.ch\/de\/shop\/"},{"@type":"ListItem","position":3,"name":"Heckfahrradtr\u00e4ger Atera Strada Trail 2 2 R\u00e4der, Traglast 60 kg"}]},{"@type":"WebSite","@id":"https:\/\/shop.bantam.ch\/de\/#website","url":"https:\/\/shop.bantam.ch\/de\/","name":"Bantam","description":"","publisher":{"@id":"https:\/\/shop.bantam.ch\/de\/#organization"},"inLanguage":"de"},{"@type":"Organization","@id":"https:\/\/shop.bantam.ch\/de\/#organization","name":"Bantam","url":"https:\/\/shop.bantam.ch\/de\/","logo":{"@type":"ImageObject","inLanguage":"de","@id":"https:\/\/shop.bantam.ch\/de\/#\/schema\/logo\/image\/","url":"https:\/\/shop.bantam.ch\/wp-content\/uploads\/2022\/12\/bantam-logo.png","contentUrl":"https:\/\/shop.bantam.ch\/wp-content\/uploads\/2022\/12\/bantam-logo.png","width":320,"height":71,"caption":"Bantam"},"image":{"@id":"https:\/\/shop.bantam.ch\/de\/#\/schema\/logo\/image\/"}}]}},"_links":{"self":[{"href":"https:\/\/shop.bantam.ch\/de\/wp-json\/wp\/v2\/product\/121533","targetHints":{"allow":["GET"]}}],"collection":[{"href":"https:\/\/shop.bantam.ch\/de\/wp-json\/wp\/v2\/product"}],"about":[{"href":"https:\/\/shop.bantam.ch\/de\/wp-json\/wp\/v2\/types\/product"}],"wp:featuredmedia":[{"embeddable":true,"href":"https:\/\/shop.bantam.ch\/de\/wp-json\/wp\/v2\/media\/121529"}],"wp:attachment":[{"href":"https:\/\/shop.bantam.ch\/de\/wp-json\/wp\/v2\/media?parent=121533"}],"wp:term":[{"taxonomy":"product_featured_cat","embeddable":true,"href":"https:\/\/shop.bantam.ch\/de\/wp-json\/wp\/v2\/product_featured_cat?post=121533"},{"taxonomy":"product_brand","embeddable":true,"href":"https:\/\/shop.bantam.ch\/de\/wp-json\/wp\/v2\/product_brand?post=121533"},{"taxonomy":"product_cat","embeddable":true,"href":"https:\/\/shop.bantam.ch\/de\/wp-json\/wp\/v2\/product_cat?post=121533"},{"taxonomy":"product_tag","embeddable":true,"href":"https:\/\/shop.bantam.ch\/de\/wp-json\/wp\/v2\/product_tag?post=121533"}],"curies":[{"name":"wp","href":"https:\/\/api.w.org\/{rel}","templated":true}]}}